{"id":13194,"date":"2024-06-04T14:21:10","date_gmt":"2024-06-04T11:21:10","guid":{"rendered":"https:\/\/mobilia.fi\/?post_type=ajde_events&#038;p=13194"},"modified":"2024-07-05T11:04:34","modified_gmt":"2024-07-05T08:04:34","slug":"taidetta-ja-pienoismalleja-mobiliassa-2024","status":"publish","type":"ajde_events","link":"https:\/\/mobilia.fi\/fi\/tapahtuma\/taidetta-ja-pienoismalleja-mobiliassa-2024\/","title":{"rendered":"Taidetta ja pienoismalleja Mobiliassa 2024"},"content":{"rendered":"<p>Taidetta ja pienoismalleja<br \/>\nMobiliassa lauantaina 13.7.2024 klo 10\u201315<br \/>\nOsana <a href=\"https:\/\/www.kangasala.fi\/hyvinvointi-ja-vapaa-aika\/kulttuuri\/kaupunkitapahtumat\/kangasalan-kulttuuriviikko-8-14-7-2024\/\" target=\"_blank\" rel=\"noopener\">Kangasalan kulttuuriviikon ohjelmaa<\/a> Mobiliassa j\u00e4rjestet\u00e4\u00e4n taidetta monipuolisesti k\u00e4sittelev\u00e4 tapahtuma Taidetta ja pienoismalleja. Esill\u00e4 on kuvataiteen lis\u00e4ksi my\u00f6s pienoismallitaiteilijoiden t\u00f6it\u00e4. P\u00e4iv\u00e4n ohjelmaan kuuluu niin ty\u00f6pajoja, taiteilijatapaamisia kuin myyntitapahtumakin. Inspiroiva Cake &amp; Paint -ty\u00f6paja antaa heng\u00e4hdyshetken kaiken kiireen keskell\u00e4 ja her\u00e4ttelee luovuutta. Mobilian runsaasta n\u00e4yttelytarjonnasta l\u00f6ytyy paljon my\u00f6s taidetta esittelevi\u00e4 n\u00e4yttelyit\u00e4: esill\u00e4 on <a href=\"https:\/\/mobilia.fi\/fi\/nayttely\/autotaiteilija-heikki-valve\/\" target=\"_blank\" rel=\"noopener\">Heikki Valveen autopiirroksia<\/a>, autopienoismalleja esittelev\u00e4 <a href=\"https:\/\/mobilia.fi\/fi\/nayttely\/skaala\/\" target=\"_blank\" rel=\"noopener\">Skaala<\/a> sek\u00e4 <a href=\"https:\/\/mobilia.fi\/fi\/nayttely\/jokaiselle\/\" target=\"_blank\" rel=\"noopener\">Jokaiselle<\/a> -n\u00e4yttely, joka yhdist\u00e4\u00e4 mielenkiintoisesti Jopo-polkupy\u00f6r\u00e4n historiaa ja eri taiteilijoiden Joposta tekemi\u00e4 tulkintoja.\u00a0 Kulttuuriviikon aikana n\u00e4ht\u00e4vill\u00e4 my\u00f6s Leena Aalto-Heikkil\u00e4n ja Virpi-Marja Palokallion ihastuttavista akvarellli- ja sekatekniikkateoksista koostuva <a href=\"https:\/\/mobilia.fi\/fi\/tapahtuma\/sivellintarinoita\/\" target=\"_blank\" rel=\"noopener\">Sivellintarinoita<\/a>-taiden\u00e4yttely. Tervetuloa viihtym\u00e4\u00e4n!<\/p>\n<p>Ohjelma:<\/p>\n<p>klo 10\u201315<br \/>\nPienoismallimyyj\u00e4iset<br \/>\nYhteisty\u00f6ss\u00e4 FHRA Tampereen Seutu ry:n pienoismalliharrastajien kanssa Mobilian ulkoalueella j\u00e4rjestet\u00e4\u00e4n per\u00e4konttikirppis-ajatuksella pienoismallien myyntitapahtuma. Myyjien ei tarvitse ilmoittautua ennakkoon, vaan paikalle voi tulla vapaasti klo 9 alkaen varaamaan myyntipaikan.<br \/>\nIlmainen<\/p>\n<p>klo 10\u201312 sek\u00e4 klo 13\u201315<br \/>\nPienoismallity\u00f6paja<br \/>\nFHRA Tampereen Seutu ry:n pienoismalliharrastajien ty\u00f6pajaan p\u00e4\u00e4see jokainen kokeilemaan pienoismallien rakentamista. Onko sinulla kaapissa koottavan pienoismallin avaamaton laatikko? Etk\u00f6 ole ikin\u00e4 p\u00e4\u00e4ssyt hommassa alkuun? Vai oletko aina miettinyt, millaista pienoismallien rakentaminen oikeasti on? Tule aloittamaan oma projekti tai kokeile mallikappaleella. Ty\u00f6paja tarjoaa harrastuksen aloittamiseen tai jatkamiseen neuvoja, vinkkej\u00e4 ja konkreettista apua. Voit tulla my\u00f6s seuraamaan, miten pienoismalli rakentuu harrastajan k\u00e4siss\u00e4.<br \/>\nIk\u00e4suositus: yli 14-vuotiaille (k\u00e4dentaidoista riippuen yli 10-vuotiaille).<br \/>\nIlmainen<\/p>\n<p>klo 10\u201315<br \/>\nPienoismalli &amp; esikuva<br \/>\nMobilian n\u00e4yttelyhallissa on ihmetelt\u00e4v\u00e4n\u00e4 kaksi ajoneuvoa ja niist\u00e4 rakennetut 1:24-pienoismallit. Toinen autoista on Porsche 911 vm. 1984, jonka omistaja Niko Niemi on pienoismalliharrastaja, ja pienoismalli on rakennettu esikuvan mukaisesti. Toinen Chevrolet Bel Air vm. 1956, joka kuuluu Janne J\u00e4msenille. H\u00e4nen vaimonsa tilasi uniikin pienoismallin miehelleen 50-vuotislahjaksi miehen pieteetill\u00e4 entis\u00f6im\u00e4st\u00e4 autosta.<br \/>\nSis\u00e4ltyy museon p\u00e4\u00e4sylipun hintaan.<\/p>\n<p>klo 10\u201315<br \/>\nTaiteilija ty\u00f6ss\u00e4\u00e4n: Heikki Valve<br \/>\nTule seuraamaan, miten taiteilija ty\u00f6st\u00e4\u00e4 teosta valmiiksi. Autotaiteilija Heikki Valve tekee valokuvan tarkkoja tauluja ajoneuvoista. Ty\u00f6v\u00e4lineen\u00e4 ovat v\u00e4rikyn\u00e4t. Taiteilija my\u00f6s kertoo mielell\u00e4\u00e4n tekemisest\u00e4\u00e4n, joten saa tulla jutulle! Heikki Valveen piirroksia on n\u00e4ht\u00e4vill\u00e4 enemm\u00e4nkin Fenno Galleriassa.<br \/>\nSis\u00e4ltyy museon p\u00e4\u00e4sylipun hintaan.<\/p>\n<p>klo 11-14<br \/>\nKimmo Pyykk\u00f6 -taidemuseon pop-up-kuvauspiste<br \/>\nTule istahtamaan valtaistuimelle ja pukeutumaan kuin kuninkaallinen! Kangasalan Pikkuteatterilta lainatut upeat vaatteet ja asusteet sopivat perheen pienimmille. Maksuttomalla kuvauspisteell\u00e4 jokainen voi nauttia omasta hetkest\u00e4\u00e4n valtaapit\u00e4v\u00e4n\u00e4. Nappaa kuva ja jaa somessa @mobiliamuseo @kimmopyykkoartmuseum @kangasalanpikkuteatteri #valtaapit\u00e4vi\u00e4. Kuvauspiste on Kimmo Pyykk\u00f6 -taidemuseon j\u00e4rjest\u00e4m\u00e4 ja liittyy osaksi Valtaapit\u00e4vi\u00e4-n\u00e4yttely\u00e4. Lis\u00e4tiedot n\u00e4yttelyst\u00e4: www.kimmopyykkotaidemuseo.fi<br \/>\nKuvauspiste on ilmainen.<\/p>\n<p>klo 11\u201313<br \/>\nTaiteilija paikalla: Eero Kumanto<br \/>\nSkaala \u2013 autopienoismalli harrastuksena -n\u00e4yttelyn kuraattori, taiteilija Eero Kumanto paikan p\u00e4\u00e4ll\u00e4 kertomassa n\u00e4yttelyst\u00e4 ja pienoismalliharrastuksesta. Tule rohkeasti jutulle!<br \/>\nSis\u00e4ltyy museon p\u00e4\u00e4sylipun hintaan.<\/p>\n<p>klo 11\u201312 sek\u00e4 klo 13\u201314<br \/>\nLasten askartelupaja: paperirulla-auto<br \/>\nP\u00e4\u00e4st\u00e4 oma luovuutesi irralleen ja tule askartelemaan paperirulla-auto tyhj\u00e4st\u00e4 wc-paperirullasta. Auto v\u00e4rj\u00e4t\u00e4\u00e4n oman mielen mukaiseksi ja juuri sellaisilla koristeilla kuin itsest\u00e4 parhaalle tuntuu.<br \/>\nIk\u00e4suositus: yli 5-vuotiaat tai vanhemman ohjauksessa (tarvitaan saksia) nuoremmatkin<br \/>\nIlmainen<\/p>\n<p>klo 13.30\u201315 Cake &amp; Paint<br \/>\nHaluatko hetken heng\u00e4hdystauon kes\u00e4hulinan keskelle?<br \/>\nKaipaatko luovuutta her\u00e4ttelev\u00e4\u00e4 helppoa tekemist\u00e4 tuomaan iloa p\u00e4iv\u00e4\u00e4n?<br \/>\nT\u00e4m\u00e4 pieni luovuusty\u00f6paja on juuri sinua varten!<br \/>\nCake &amp; Paint yhdist\u00e4\u00e4 herkkubuffan ja taidetarvikkeet innostavalla tavalla! Tartu v\u00e4rikyn\u00e4\u00e4n tai siveltimeen ja l\u00e4hde l\u00f6yt\u00f6retkell\u00e4 piirt\u00e4en tai maalaten. Voit luonnostella tai maalata haluamasi asian \u2013 se voi olla vaikka pienenpieni kahvilusikka tai herkullinen kakkupala tai vaikkapa ikkunasta avautuva rantamaisema. Ty\u00f6pajassa ei pureuduta maalauksen teknisiin asioihin, vaan etsit\u00e4\u00e4n hyv\u00e4\u00e4 tunnelmaa, tekemisen iloa ja itselle mieluisaa luovuuden hetke\u00e4. Ty\u00f6paja on suunnattu ihan kaikille, eik\u00e4 sinulla tarvitse olla taiteellista osaamista tai aiempaa kokemusta taiteilusta. Kaikki tarvittava materiaali l\u00f6ytyy paikan p\u00e4\u00e4lt\u00e4 rennolla Leena Aalto-Heikkil\u00e4n alustuksella h\u00f6ystettyn\u00e4, joten riitt\u00e4\u00e4, kun tuot itsesi paikan p\u00e4\u00e4lle!<br \/>\nIlmoittaudu t\u00e4st\u00e4 : <a href=\"https:\/\/vello.fi\/mobilia\/\" target=\"_blank\" rel=\"noopener\">vello.fi\/mobilia<\/a><br \/>\nHinta: 30 \u20ac<\/p>\n","protected":false},"author":6,"featured_media":13199,"menu_order":0,"comment_status":"closed","ping_status":"closed","template":"","meta":{"_acf_changed":false,"inline_featured_image":false},"tags":[],"event_type":[],"event_type_2":[],"class_list":["post-13194","ajde_events","type-ajde_events","status-publish","has-post-thumbnail","hentry"],"acf":[],"_links":{"self":[{"href":"https:\/\/mobilia.fi\/fi\/wp-json\/wp\/v2\/ajde_events\/13194","targetHints":{"allow":["GET"]}}],"collection":[{"href":"https:\/\/mobilia.fi\/fi\/wp-json\/wp\/v2\/ajde_events"}],"about":[{"href":"https:\/\/mobilia.fi\/fi\/wp-json\/wp\/v2\/types\/ajde_events"}],"author":[{"embeddable":true,"href":"https:\/\/mobilia.fi\/fi\/wp-json\/wp\/v2\/users\/6"}],"replies":[{"embeddable":true,"href":"https:\/\/mobilia.fi\/fi\/wp-json\/wp\/v2\/comments?post=13194"}],"version-history":[{"count":12,"href":"https:\/\/mobilia.fi\/fi\/wp-json\/wp\/v2\/ajde_events\/13194\/revisions"}],"predecessor-version":[{"id":13510,"href":"https:\/\/mobilia.fi\/fi\/wp-json\/wp\/v2\/ajde_events\/13194\/revisions\/13510"}],"wp:featuredmedia":[{"embeddable":true,"href":"https:\/\/mobilia.fi\/fi\/wp-json\/wp\/v2\/media\/13199"}],"wp:attachment":[{"href":"https:\/\/mobilia.fi\/fi\/wp-json\/wp\/v2\/media?parent=13194"}],"wp:term":[{"taxonomy":"post_tag","embeddable":true,"href":"https:\/\/mobilia.fi\/fi\/wp-json\/wp\/v2\/tags?post=13194"},{"taxonomy":"event_type","embeddable":true,"href":"https:\/\/mobilia.fi\/fi\/wp-json\/wp\/v2\/event_type?post=13194"},{"taxonomy":"event_type_2","embeddable":true,"href":"https:\/\/mobilia.fi\/fi\/wp-json\/wp\/v2\/event_type_2?post=13194"}],"curies":[{"name":"wp","href":"https:\/\/api.w.org\/{rel}","templated":true}]}}