{"id":17439,"date":"2026-09-02T10:51:40","date_gmt":"2026-09-02T07:51:40","guid":{"rendered":"https:\/\/mobilia.fi\/?post_type=ajde_events&#038;p=17439"},"modified":"2026-09-02T10:51:40","modified_gmt":"2026-09-02T07:51:40","slug":"torstai-ilta-3-9-2026","status":"publish","type":"ajde_events","link":"https:\/\/mobilia.fi\/fi\/tapahtuma\/torstai-ilta-3-9-2026\/","title":{"rendered":"Torstai-illan pitk\u00e4 avoinnaolo 3.9.2026"},"content":{"rendered":"<p>Syyskaudella 2026 Mobiliassa testataan torstai-iltojen pidennettyj\u00e4 avoinnaoloja. Mobilian n\u00e4yttelyt, museokauppa ja kahvila ovat avoinna torstaisin klo 10\u201319. N\u00e4yttelyihin on normaalit p\u00e4\u00e4syliput.<\/p>\n<p>Torstai-iltaisin j\u00e4rjestet\u00e4\u00e4n yleis\u00f6opastuksia klo 17.30. Opastuksille osallistuminen edellyttyy voimassa olevaa museolippua.<\/p>\n<p><strong>Torstaina 3.9. opastus j\u00e4rjestet\u00e4\u00e4n Tarinoita siirtoty\u00f6mailta -n\u00e4yttelyyn<\/strong>, joka on Mobilian alueella oleva ulkomuseo. N\u00e4yttely kertoo teiden rakentamisesta ty\u00f6tt\u00f6myyst\u00f6in\u00e4 ja el\u00e4m\u00e4st\u00e4 parakkikyliss\u00e4. 1950- ja 1960-luvuilla ty\u00f6tt\u00f6myytt\u00e4 hoidettiin ty\u00f6tt\u00f6myyst\u00f6ill\u00e4, joita tarjottiin tienrakentamisen parissa. Teit\u00e4 tarvittiin Etel\u00e4-Suomessa, mutta pahimmat ty\u00f6tt\u00f6myysalueet olivat It\u00e4- ja Pohjois-Suomessa. Niinp\u00e4 ty\u00f6tt\u00f6m\u00e4t p\u00e4\u00e4tettiin siirt\u00e4\u00e4 t\u00f6iden per\u00e4ss\u00e4 ja majoitettiin parakkeihin siirtoty\u00f6mailla. N\u00e4yttely koostuu Savo-Karjalan ja Turun tiemestaripiireist\u00e4 Mobiliaan siirretyist\u00e4 parakeista, joista rakentuu siirtoty\u00f6maita kuvaava kokonaisuus. Esill\u00e4 muun muassa asuinparakki, siirtoty\u00f6maan toimistorakennus, josta ty\u00f6miehet saivat palkkapussinsa raskaiden ty\u00f6viikkojen j\u00e4lkeen, ruokailuvaunu ja liikenteenlaskijan koppi. Tervetuloa kuuntelemaan mielenkiintoisia tarinoita suomalaisen tienpidon historiasta!<\/p>\n<p><strong>Torstai-iltojen opastusten teemat syyskuussa:<\/strong><br \/>\n3.9. Tarinoita siirtoty\u00f6mailta (ei esteet\u00f6n)<br \/>\n10.9. Tarinoita siirtoty\u00f6mailta (ei esteet\u00f6n)<br \/>\n17.9. Retki museon uumeniin (ei esteet\u00f6n, mahdollisuus <a href=\"https:\/\/webshop.trafiikki.fi\/mobilian-muut\/#!\/trafiikki\/yleiso-opastus-retki-museon-uumeniin\" target=\"_blank\" rel=\"noopener\">ennakkovaraukseen<\/a>)<br \/>\n24.9. Retki museon uumeniin (ei esteet\u00f6n, mahdollisuus <a href=\"https:\/\/webshop.trafiikki.fi\/mobilian-muut\/#!\/trafiikki\/yleiso-opastus-retki-museon-uumeniin\" target=\"_blank\" rel=\"noopener\">ennakkovaraukseen<\/a>)<\/p>\n","protected":false},"author":2,"featured_media":1936,"menu_order":0,"comment_status":"closed","ping_status":"closed","template":"","meta":{"_acf_changed":false,"inline_featured_image":false},"tags":[],"event_type":[],"event_type_2":[],"class_list":["post-17439","ajde_events","type-ajde_events","status-publish","has-post-thumbnail","hentry"],"acf":[],"_links":{"self":[{"href":"https:\/\/mobilia.fi\/fi\/wp-json\/wp\/v2\/ajde_events\/17439","targetHints":{"allow":["GET"]}}],"collection":[{"href":"https:\/\/mobilia.fi\/fi\/wp-json\/wp\/v2\/ajde_events"}],"about":[{"href":"https:\/\/mobilia.fi\/fi\/wp-json\/wp\/v2\/types\/ajde_events"}],"author":[{"embeddable":true,"href":"https:\/\/mobilia.fi\/fi\/wp-json\/wp\/v2\/users\/2"}],"replies":[{"embeddable":true,"href":"https:\/\/mobilia.fi\/fi\/wp-json\/wp\/v2\/comments?post=17439"}],"version-history":[{"count":1,"href":"https:\/\/mobilia.fi\/fi\/wp-json\/wp\/v2\/ajde_events\/17439\/revisions"}],"predecessor-version":[{"id":17440,"href":"https:\/\/mobilia.fi\/fi\/wp-json\/wp\/v2\/ajde_events\/17439\/revisions\/17440"}],"wp:featuredmedia":[{"embeddable":true,"href":"https:\/\/mobilia.fi\/fi\/wp-json\/wp\/v2\/media\/1936"}],"wp:attachment":[{"href":"https:\/\/mobilia.fi\/fi\/wp-json\/wp\/v2\/media?parent=17439"}],"wp:term":[{"taxonomy":"post_tag","embeddable":true,"href":"https:\/\/mobilia.fi\/fi\/wp-json\/wp\/v2\/tags?post=17439"},{"taxonomy":"event_type","embeddable":true,"href":"https:\/\/mobilia.fi\/fi\/wp-json\/wp\/v2\/event_type?post=17439"},{"taxonomy":"event_type_2","embeddable":true,"href":"https:\/\/mobilia.fi\/fi\/wp-json\/wp\/v2\/event_type_2?post=17439"}],"curies":[{"name":"wp","href":"https:\/\/api.w.org\/{rel}","templated":true}]}}