{"id":17443,"date":"2026-09-02T11:01:50","date_gmt":"2026-09-02T08:01:50","guid":{"rendered":"https:\/\/mobilia.fi\/?post_type=ajde_events&#038;p=17443"},"modified":"2026-09-02T11:01:50","modified_gmt":"2026-09-02T08:01:50","slug":"torstai-ilta-17-9-2026","status":"publish","type":"ajde_events","link":"https:\/\/mobilia.fi\/fi\/tapahtuma\/torstai-ilta-17-9-2026\/","title":{"rendered":"Torstai-illan pitk\u00e4 avoinnaolo 17.9.2026"},"content":{"rendered":"<p>Syyskaudella 2026 Mobiliassa testataan torstai-iltojen pidennettyj\u00e4 avoinnaoloja. Mobilian n\u00e4yttelyt, museokauppa ja kahvila ovat avoinna torstaisin klo 10\u201319. N\u00e4yttelyihin on normaalit p\u00e4\u00e4syliput.<\/p>\n<p>Torstai-iltaisin j\u00e4rjestet\u00e4\u00e4n yleis\u00f6opastuksia klo 17.30. Opastuksille osallistuminen edellyttyy voimassa olevaa museolippua.<\/p>\n<p><strong>Torstaina 17.9. opastus j\u00e4rjestet\u00e4\u00e4n Mobilian normaalisti yleis\u00f6lt\u00e4 suljettuihin kokoelmatiloihin<\/strong>. Retkell\u00e4 museon uumeniin tutustutaan Mobilian kulissien takaiseen maailmaan ja n\u00e4hd\u00e4\u00e4n, mit\u00e4 kaikkea muuta museo on kuin vain n\u00e4yttelyt. Kokoelmahotellin suuresinehalleissa s\u00e4ilytet\u00e4\u00e4n satoja ajoneuvoja polkupy\u00f6rist\u00e4 tiekoneisiin henkil\u00f6autoklassikoita unohtamatta. Ahtaiden tilojen vuoksi kierrokselle mahtuu korkeintaan 10 henkil\u00f6\u00e4. Huomioithan, ett\u00e4 kokoelmatilamme eiv\u00e4t ole esteett\u00f6m\u00e4t. Halutessasi voit varmistaa paikkasi opastukselle tekem\u00e4ll\u00e4 ilmaisen ennakkovarauksen <a href=\"https:\/\/webshop.trafiikki.fi\/mobilian-muut\/#!\/trafiikki\/yleiso-opastus-retki-museon-uumeniin\" target=\"_blank\" rel=\"noopener\">verkkokaupassamme<\/a>.<\/p>\n<p><strong>Torstai-iltojen opastusten teemat syyskuussa:<\/strong><br \/>\n3.9. Tarinoita siirtoty\u00f6mailta (ei esteet\u00f6n)<br \/>\n10.9. Tarinoita siirtoty\u00f6mailta (ei esteet\u00f6n)<br \/>\n17.9. Retki museon uumeniin (ei esteet\u00f6n, mahdollisuus <a href=\"https:\/\/webshop.trafiikki.fi\/mobilian-muut\/#!\/trafiikki\/yleiso-opastus-retki-museon-uumeniin\" target=\"_blank\" rel=\"noopener\">ennakkovaraukseen<\/a>)<br \/>\n24.9. Retki museon uumeniin (ei esteet\u00f6n, mahdollisuus <a href=\"https:\/\/webshop.trafiikki.fi\/mobilian-muut\/#!\/trafiikki\/yleiso-opastus-retki-museon-uumeniin\" target=\"_blank\" rel=\"noopener\">ennakkovaraukseen<\/a>)<\/p>\n","protected":false},"author":2,"featured_media":16869,"menu_order":0,"comment_status":"closed","ping_status":"closed","template":"","meta":{"_acf_changed":false,"inline_featured_image":false},"tags":[],"event_type":[],"event_type_2":[],"class_list":["post-17443","ajde_events","type-ajde_events","status-publish","has-post-thumbnail","hentry"],"acf":[],"_links":{"self":[{"href":"https:\/\/mobilia.fi\/fi\/wp-json\/wp\/v2\/ajde_events\/17443","targetHints":{"allow":["GET"]}}],"collection":[{"href":"https:\/\/mobilia.fi\/fi\/wp-json\/wp\/v2\/ajde_events"}],"about":[{"href":"https:\/\/mobilia.fi\/fi\/wp-json\/wp\/v2\/types\/ajde_events"}],"author":[{"embeddable":true,"href":"https:\/\/mobilia.fi\/fi\/wp-json\/wp\/v2\/users\/2"}],"replies":[{"embeddable":true,"href":"https:\/\/mobilia.fi\/fi\/wp-json\/wp\/v2\/comments?post=17443"}],"version-history":[{"count":2,"href":"https:\/\/mobilia.fi\/fi\/wp-json\/wp\/v2\/ajde_events\/17443\/revisions"}],"predecessor-version":[{"id":17445,"href":"https:\/\/mobilia.fi\/fi\/wp-json\/wp\/v2\/ajde_events\/17443\/revisions\/17445"}],"wp:featuredmedia":[{"embeddable":true,"href":"https:\/\/mobilia.fi\/fi\/wp-json\/wp\/v2\/media\/16869"}],"wp:attachment":[{"href":"https:\/\/mobilia.fi\/fi\/wp-json\/wp\/v2\/media?parent=17443"}],"wp:term":[{"taxonomy":"post_tag","embeddable":true,"href":"https:\/\/mobilia.fi\/fi\/wp-json\/wp\/v2\/tags?post=17443"},{"taxonomy":"event_type","embeddable":true,"href":"https:\/\/mobilia.fi\/fi\/wp-json\/wp\/v2\/event_type?post=17443"},{"taxonomy":"event_type_2","embeddable":true,"href":"https:\/\/mobilia.fi\/fi\/wp-json\/wp\/v2\/event_type_2?post=17443"}],"curies":[{"name":"wp","href":"https:\/\/api.w.org\/{rel}","templated":true}]}}