{"id":16803,"date":"2026-04-29T09:40:26","date_gmt":"2026-04-29T06:40:26","guid":{"rendered":"https:\/\/mobilia.fi\/?post_type=nayttely&#038;p=16803"},"modified":"2026-04-29T10:12:49","modified_gmt":"2026-04-29T07:12:49","slug":"kadonneetautomuseot","status":"publish","type":"nayttely","link":"https:\/\/mobilia.fi\/fi\/nayttely\/kadonneetautomuseot\/","title":{"rendered":"Kadonneet automuseot"},"content":{"rendered":"\t\t<div data-elementor-type=\"wp-post\" data-elementor-id=\"16803\" class=\"elementor elementor-16803\" data-elementor-post-type=\"nayttely\">\n\t\t\t\t\t\t<section class=\"elementor-section elementor-top-section elementor-element elementor-element-341ba65 elementor-section-height-min-height elementor-section-boxed elementor-section-height-default elementor-section-items-middle\" data-id=\"341ba65\" data-element_type=\"section\" data-e-type=\"section\" data-settings=\"{&quot;background_background&quot;:&quot;classic&quot;}\">\n\t\t\t\t\t\t\t<div class=\"elementor-background-overlay\"><\/div>\n\t\t\t\t\t\t\t<div class=\"elementor-container elementor-column-gap-default\">\n\t\t\t\t\t<div class=\"elementor-column elementor-col-100 elementor-top-column elementor-element elementor-element-9abb9fb\" data-id=\"9abb9fb\" data-element_type=\"column\" data-e-type=\"column\">\n\t\t\t<div class=\"elementor-widget-wrap elementor-element-populated\">\n\t\t\t\t\t\t<div class=\"elementor-element elementor-element-7055cb1 elementor-widget elementor-widget-text-editor\" data-id=\"7055cb1\" data-element_type=\"widget\" data-e-type=\"widget\" data-widget_type=\"text-editor.default\">\n\t\t\t\t<div class=\"elementor-widget-container\">\n\t\t\t\t\t\t\t\t\t<h1>Kadonneet automuseot<\/h1><div>\u00a0<\/div>\t\t\t\t\t\t\t\t<\/div>\n\t\t\t\t<\/div>\n\t\t\t\t\t<\/div>\n\t\t<\/div>\n\t\t\t\t\t<\/div>\n\t\t<\/section>\n\t\t\t\t<section class=\"elementor-section elementor-top-section elementor-element elementor-element-35e4f5e elementor-section-boxed elementor-section-height-default elementor-section-height-default\" data-id=\"35e4f5e\" data-element_type=\"section\" data-e-type=\"section\">\n\t\t\t\t\t\t<div class=\"elementor-container elementor-column-gap-default\">\n\t\t\t\t\t<div class=\"elementor-column elementor-col-100 elementor-top-column elementor-element elementor-element-caf08d7\" data-id=\"caf08d7\" data-element_type=\"column\" data-e-type=\"column\">\n\t\t\t<div class=\"elementor-widget-wrap\">\n\t\t\t\t\t\t\t<\/div>\n\t\t<\/div>\n\t\t\t\t\t<\/div>\n\t\t<\/section>\n\t\t\t\t<section class=\"elementor-section elementor-top-section elementor-element elementor-element-127c395 elementor-section-boxed elementor-section-height-default elementor-section-height-default\" data-id=\"127c395\" data-element_type=\"section\" data-e-type=\"section\">\n\t\t\t\t\t\t<div class=\"elementor-container elementor-column-gap-default\">\n\t\t\t\t\t<div class=\"elementor-column elementor-col-100 elementor-top-column elementor-element elementor-element-a75c95b\" data-id=\"a75c95b\" data-element_type=\"column\" data-e-type=\"column\">\n\t\t\t<div class=\"elementor-widget-wrap elementor-element-populated\">\n\t\t\t\t\t\t<div class=\"elementor-element elementor-element-ac9afd6 elementor-widget elementor-widget-text-editor\" data-id=\"ac9afd6\" data-element_type=\"widget\" data-e-type=\"widget\" data-widget_type=\"text-editor.default\">\n\t\t\t\t<div class=\"elementor-widget-container\">\n\t\t\t\t\t\t\t\t\t<p>Suomessa on kymmeni\u00e4 museoita ja yksityisi\u00e4 kokoelmia, joihin on tallennettu merkitt\u00e4v\u00e4 osa suomalaisen tieliikenteen moottoroitua historiaa. Yleis\u00f6lle avoimia automuseoita on t\u00e4n\u00e4kin kes\u00e4n\u00e4 yleis\u00f6lle avoinna l\u00e4hes parikymment\u00e4. Kaikki automuseot eiv\u00e4t kuitenkaan en\u00e4\u00e4 avaa oviaan yleis\u00f6lle, eik\u00e4 joistakin ole j\u00e4ljell\u00e4 kuin surullisia muistoja ja yksitt\u00e4isi\u00e4 valokuvia.<\/p><p>Automuseoiden neuvottelukunta ry on suomalaisten ajoneuvohistoriallisten erikoismuseoiden yhteisty\u00f6elin, joka vaalii my\u00f6s kadonneiden automuseoiden muistoa. Kadonneet automuseot-sivustolle kootaan n\u00e4kyville mahdollisimman paljon tietoa n\u00e4ist\u00e4 menneist\u00e4 museoista kaikkien hy\u00f6dyksi.<\/p>\t\t\t\t\t\t\t\t<\/div>\n\t\t\t\t<\/div>\n\t\t\t\t\t<\/div>\n\t\t<\/div>\n\t\t\t\t\t<\/div>\n\t\t<\/section>\n\t\t\t\t<section class=\"elementor-section elementor-top-section elementor-element elementor-element-a749e57 elementor-section-boxed elementor-section-height-default elementor-section-height-default\" data-id=\"a749e57\" data-element_type=\"section\" data-e-type=\"section\">\n\t\t\t\t\t\t<div class=\"elementor-container elementor-column-gap-default\">\n\t\t\t\t\t<div class=\"elementor-column elementor-col-100 elementor-top-column elementor-element elementor-element-7ced570\" data-id=\"7ced570\" data-element_type=\"column\" data-e-type=\"column\">\n\t\t\t<div class=\"elementor-widget-wrap elementor-element-populated\">\n\t\t\t\t\t\t<div class=\"elementor-element elementor-element-17de216 elementor-widget elementor-widget-image\" data-id=\"17de216\" data-element_type=\"widget\" data-e-type=\"widget\" data-widget_type=\"image.default\">\n\t\t\t\t<div class=\"elementor-widget-container\">\n\t\t\t\t\t\t\t\t\t\t\t\t\t\t\t<img fetchpriority=\"high\" decoding=\"async\" width=\"2560\" height=\"1133\" src=\"https:\/\/mobilia.fi\/wp-content\/uploads\/2026\/04\/stensbolen-autoja-mercedes-ja-austin-rajattu-scaled.jpg\" class=\"attachment-full size-full wp-image-16820\" alt=\"\" srcset=\"https:\/\/mobilia.fi\/wp-content\/uploads\/2026\/04\/stensbolen-autoja-mercedes-ja-austin-rajattu-scaled.jpg 2560w, https:\/\/mobilia.fi\/wp-content\/uploads\/2026\/04\/stensbolen-autoja-mercedes-ja-austin-rajattu-300x133.jpg 300w, https:\/\/mobilia.fi\/wp-content\/uploads\/2026\/04\/stensbolen-autoja-mercedes-ja-austin-rajattu-1024x453.jpg 1024w, https:\/\/mobilia.fi\/wp-content\/uploads\/2026\/04\/stensbolen-autoja-mercedes-ja-austin-rajattu-768x340.jpg 768w, https:\/\/mobilia.fi\/wp-content\/uploads\/2026\/04\/stensbolen-autoja-mercedes-ja-austin-rajattu-1536x680.jpg 1536w, https:\/\/mobilia.fi\/wp-content\/uploads\/2026\/04\/stensbolen-autoja-mercedes-ja-austin-rajattu-2048x906.jpg 2048w\" sizes=\"(max-width: 2560px) 100vw, 2560px\" \/>\t\t\t\t\t\t\t\t\t\t\t\t\t\t\t<\/div>\n\t\t\t\t<\/div>\n\t\t\t\t\t<\/div>\n\t\t<\/div>\n\t\t\t\t\t<\/div>\n\t\t<\/section>\n\t\t\t\t<section class=\"elementor-section elementor-top-section elementor-element elementor-element-100a01d elementor-section-boxed elementor-section-height-default elementor-section-height-default\" data-id=\"100a01d\" data-element_type=\"section\" data-e-type=\"section\">\n\t\t\t\t\t\t<div class=\"elementor-container elementor-column-gap-default\">\n\t\t\t\t\t<div class=\"elementor-column elementor-col-100 elementor-top-column elementor-element elementor-element-8410c99\" data-id=\"8410c99\" data-element_type=\"column\" data-e-type=\"column\">\n\t\t\t<div class=\"elementor-widget-wrap elementor-element-populated\">\n\t\t\t\t\t\t<div class=\"elementor-element elementor-element-837a70c elementor-widget elementor-widget-text-editor\" data-id=\"837a70c\" data-element_type=\"widget\" data-e-type=\"widget\" data-widget_type=\"text-editor.default\">\n\t\t\t\t<div class=\"elementor-widget-container\">\n\t\t\t\t\t\t\t\t\t<p>Kuva: Stensb\u00f6len automuseon Mercedes sek\u00e4 Austin. Kuvaaja Tommi Aromaa.<\/p>\t\t\t\t\t\t\t\t<\/div>\n\t\t\t\t<\/div>\n\t\t\t\t\t<\/div>\n\t\t<\/div>\n\t\t\t\t\t<\/div>\n\t\t<\/section>\n\t\t\t\t<section class=\"elementor-section elementor-top-section elementor-element elementor-element-e62fe6b elementor-section-boxed elementor-section-height-default elementor-section-height-default\" data-id=\"e62fe6b\" data-element_type=\"section\" data-e-type=\"section\">\n\t\t\t\t\t\t<div class=\"elementor-container elementor-column-gap-default\">\n\t\t\t\t\t<div class=\"elementor-column elementor-col-100 elementor-top-column elementor-element elementor-element-7e0fc93\" data-id=\"7e0fc93\" data-element_type=\"column\" data-e-type=\"column\">\n\t\t\t<div class=\"elementor-widget-wrap\">\n\t\t\t\t\t\t\t<\/div>\n\t\t<\/div>\n\t\t\t\t\t<\/div>\n\t\t<\/section>\n\t\t\t\t<section class=\"elementor-section elementor-top-section elementor-element elementor-element-18d10ce elementor-section-boxed elementor-section-height-default elementor-section-height-default\" data-id=\"18d10ce\" data-element_type=\"section\" data-e-type=\"section\">\n\t\t\t\t\t\t<div class=\"elementor-container elementor-column-gap-default\">\n\t\t\t\t\t<div class=\"elementor-column elementor-col-100 elementor-top-column elementor-element elementor-element-c73592a\" data-id=\"c73592a\" data-element_type=\"column\" data-e-type=\"column\">\n\t\t\t<div class=\"elementor-widget-wrap elementor-element-populated\">\n\t\t\t\t\t\t<div class=\"elementor-element elementor-element-fa8907f elementor-widget elementor-widget-heading\" data-id=\"fa8907f\" data-element_type=\"widget\" data-e-type=\"widget\" data-widget_type=\"heading.default\">\n\t\t\t\t<div class=\"elementor-widget-container\">\n\t\t\t\t\t<h2 class=\"elementor-heading-title elementor-size-default\">Stensb\u00f6len kadonnut automuseo<\/h2>\t\t\t\t<\/div>\n\t\t\t\t<\/div>\n\t\t\t\t\t<\/div>\n\t\t<\/div>\n\t\t\t\t\t<\/div>\n\t\t<\/section>\n\t\t\t\t<section class=\"elementor-section elementor-top-section elementor-element elementor-element-493f7f3 elementor-section-boxed elementor-section-height-default elementor-section-height-default\" data-id=\"493f7f3\" data-element_type=\"section\" data-e-type=\"section\">\n\t\t\t\t\t\t<div class=\"elementor-container elementor-column-gap-default\">\n\t\t\t\t\t<div class=\"elementor-column elementor-col-100 elementor-top-column elementor-element elementor-element-9eaf216\" data-id=\"9eaf216\" data-element_type=\"column\" data-e-type=\"column\">\n\t\t\t<div class=\"elementor-widget-wrap elementor-element-populated\">\n\t\t\t\t\t\t<div class=\"elementor-element elementor-element-0bb283d elementor-widget elementor-widget-text-editor\" data-id=\"0bb283d\" data-element_type=\"widget\" data-e-type=\"widget\" data-widget_type=\"text-editor.default\">\n\t\t\t\t<div class=\"elementor-widget-container\">\n\t\t\t\t\t\t\t\t\t<p>Stensb\u00f6len automuseo oli Porvoon etel\u00e4puolella, Stensb\u00f6len kartanon kivinavetassa 1964 alkaen toiminut automuseo tai -kokoelma. Automuseo oli kartanon pojan, kuvataiteilija Iv\u00e1n Wallensk\u00f6ld-Rotkirchin (s. 1928 ja k. 2010) henkil\u00f6kohtainen projekti, jonka kerrotaan saaneen alkunsa SAHK:n ensimm\u00e4isten vanhojen autojen Helsinki-Porvoo-retkeilyajojen vaikutuksesta. Historiallisista ajoneuvoista ja varsinkin ruotsalaisten vieraiden arvoautoista innostuneen Iv\u00e1nin uskotaan koonneen hyvin nopeasti museokokoelman, jota h\u00e4n t\u00e4ydensi viel\u00e4 1970-luvulla sek\u00e4 autoilla, ett\u00e4 erilaisilla julisteilla ja itse tehdyill\u00e4 \u201dtietotauluilla\u201d.<\/p>\t\t\t\t\t\t\t\t<\/div>\n\t\t\t\t<\/div>\n\t\t\t\t\t<\/div>\n\t\t<\/div>\n\t\t\t\t\t<\/div>\n\t\t<\/section>\n\t\t\t\t<section class=\"elementor-section elementor-top-section elementor-element elementor-element-a75556c elementor-section-boxed elementor-section-height-default elementor-section-height-default\" data-id=\"a75556c\" data-element_type=\"section\" data-e-type=\"section\">\n\t\t\t\t\t\t<div class=\"elementor-container elementor-column-gap-default\">\n\t\t\t\t\t<div class=\"elementor-column elementor-col-100 elementor-top-column elementor-element elementor-element-3214d48\" data-id=\"3214d48\" data-element_type=\"column\" data-e-type=\"column\">\n\t\t\t<div class=\"elementor-widget-wrap\">\n\t\t\t\t\t\t\t<\/div>\n\t\t<\/div>\n\t\t\t\t\t<\/div>\n\t\t<\/section>\n\t\t\t\t<section class=\"elementor-section elementor-top-section elementor-element elementor-element-8f343d3 elementor-section-boxed elementor-section-height-default elementor-section-height-default\" data-id=\"8f343d3\" data-element_type=\"section\" data-e-type=\"section\">\n\t\t\t\t\t\t<div class=\"elementor-container elementor-column-gap-default\">\n\t\t\t\t\t<div class=\"elementor-column elementor-col-50 elementor-top-column elementor-element elementor-element-410ebbc\" data-id=\"410ebbc\" data-element_type=\"column\" data-e-type=\"column\">\n\t\t\t<div class=\"elementor-widget-wrap elementor-element-populated\">\n\t\t\t\t\t\t<div class=\"elementor-element elementor-element-35b67ce elementor-widget elementor-widget-text-editor\" data-id=\"35b67ce\" data-element_type=\"widget\" data-e-type=\"widget\" data-widget_type=\"text-editor.default\">\n\t\t\t\t<div class=\"elementor-widget-container\">\n\t\t\t\t\t\t\t\t\t<p>Stensb\u00f6len automuseossa oli ilmeisesti kaikkiaan alun toistakymment\u00e4 autoa, joista ainakin A-Ford ja mahdollisesti muitakin jatkoi matkaansa muualle.<\/p><p>Autoista vanhin p\u00e4\u00e4 edusti 1920-luvun loppua, kunnes sinne hankittiin T-Ford, jonka kerrottiin olevan 1922-mallinen (vuosimalli saattaa todellisuudessa olla hieman nuorempi). 1938-malliset Mercedes-Benzit ja Adler olivat museoon p\u00e4\u00e4tyess\u00e4\u00e4n vain hiukan yli 25-vuotiaita, mik\u00e4 on kuvaavaa aikakauden autojen elinkaarelle. Ei liene sattumaa, ett\u00e4 sama 25 vuotta valikoitui 1970-luvun lopussa museoajoneuvon ik\u00e4rajaksi.<\/p><p>Museon kartunta vaikuttaa sattumanvaraiselta ja Iv\u00e1n hankki autoja tilaisuuden tullen. My\u00f6s autojen tietoja ja automuseoita ylip\u00e4\u00e4t\u00e4\u00e4n k\u00e4sittelev\u00e4t taulut olivat luonteeltaan intuitiivisia. K\u00e4sin karjatauluihin ja pahvilevyille kirjoitetut tiedot ovat monesti hyvinkin mielikuvituksellisia ja viitteellisi\u00e4.<\/p>\t\t\t\t\t\t\t\t<\/div>\n\t\t\t\t<\/div>\n\t\t\t\t\t<\/div>\n\t\t<\/div>\n\t\t\t\t<div class=\"elementor-column elementor-col-50 elementor-top-column elementor-element elementor-element-fdb7d20\" data-id=\"fdb7d20\" data-element_type=\"column\" data-e-type=\"column\">\n\t\t\t<div class=\"elementor-widget-wrap elementor-element-populated\">\n\t\t\t\t\t\t<div class=\"elementor-element elementor-element-6f0b0ab elementor-widget elementor-widget-image\" data-id=\"6f0b0ab\" data-element_type=\"widget\" data-e-type=\"widget\" data-widget_type=\"image.default\">\n\t\t\t\t<div class=\"elementor-widget-container\">\n\t\t\t\t\t\t\t\t\t\t\t\t<figure class=\"wp-caption\">\n\t\t\t\t\t\t\t\t\t\t<img decoding=\"async\" width=\"800\" height=\"600\" src=\"https:\/\/mobilia.fi\/wp-content\/uploads\/2026\/04\/IMG20240527103240-1024x768.jpg\" class=\"attachment-large size-large wp-image-16788\" alt=\"Stensb\u00f6len automuseon ajoneuvoja\" srcset=\"https:\/\/mobilia.fi\/wp-content\/uploads\/2026\/04\/IMG20240527103240-1024x768.jpg 1024w, https:\/\/mobilia.fi\/wp-content\/uploads\/2026\/04\/IMG20240527103240-300x225.jpg 300w, https:\/\/mobilia.fi\/wp-content\/uploads\/2026\/04\/IMG20240527103240-768x576.jpg 768w, https:\/\/mobilia.fi\/wp-content\/uploads\/2026\/04\/IMG20240527103240-1536x1152.jpg 1536w, https:\/\/mobilia.fi\/wp-content\/uploads\/2026\/04\/IMG20240527103240-2048x1536.jpg 2048w\" sizes=\"(max-width: 800px) 100vw, 800px\" \/>\t\t\t\t\t\t\t\t\t\t\t<figcaption class=\"widget-image-caption wp-caption-text\">Stensb\u00f6len automuseon ajoneuvoja. Kuvaaja Anni Antila. <\/figcaption>\n\t\t\t\t\t\t\t\t\t\t<\/figure>\n\t\t\t\t\t\t\t\t\t<\/div>\n\t\t\t\t<\/div>\n\t\t\t\t\t<\/div>\n\t\t<\/div>\n\t\t\t\t\t<\/div>\n\t\t<\/section>\n\t\t\t\t<section class=\"elementor-section elementor-top-section elementor-element elementor-element-143162a elementor-section-boxed elementor-section-height-default elementor-section-height-default\" data-id=\"143162a\" data-element_type=\"section\" data-e-type=\"section\">\n\t\t\t\t\t\t<div class=\"elementor-container elementor-column-gap-default\">\n\t\t\t\t\t<div class=\"elementor-column elementor-col-50 elementor-top-column elementor-element elementor-element-8a06505\" data-id=\"8a06505\" data-element_type=\"column\" data-e-type=\"column\">\n\t\t\t<div class=\"elementor-widget-wrap elementor-element-populated\">\n\t\t\t\t\t\t<div class=\"elementor-element elementor-element-f6d066b elementor-widget elementor-widget-text-editor\" data-id=\"f6d066b\" data-element_type=\"widget\" data-e-type=\"widget\" data-widget_type=\"text-editor.default\">\n\t\t\t\t<div class=\"elementor-widget-container\">\n\t\t\t\t\t\t\t\t\t<p><span class=\"TextRun SCXW26357354 BCX8\" lang=\"FI-FI\" xml:lang=\"FI-FI\" data-contrast=\"auto\"><span class=\"NormalTextRun SCXW26357354 BCX8\">Museo oli avoinna kutsusta tai sopimuksen mukaan, kuulopuheiden mukaan sen vieraskirjassa oli komea\u00a0<\/span><span class=\"NormalTextRun SCXW26357354 BCX8\">luettelo nimi\u00e4<\/span><span class=\"NormalTextRun SCXW26357354 BCX8\">. T\u00e4t\u00e4\u00a0<\/span><span class=\"NormalTextRun SCXW26357354 BCX8\">puolta Stensb\u00f6len automuseosta on syyt\u00e4 tutkia tarkemmin.\u00a0<\/span><span class=\"NormalTextRun SCXW26357354 BCX8\">Automuseon toiminta alkoi hiipua 1980-luvulla\u00a0<\/span><span class=\"NormalTextRun SpellingErrorV2Themed SCXW26357354 BCX8\">Iv\u00e1nin<\/span><span class=\"NormalTextRun SCXW26357354 BCX8\">\u00a0huomion kiinnittyess\u00e4 yh\u00e4 enemm\u00e4n mm. Porvoon\u00a0<\/span><span class=\"NormalTextRun SCXW26357354 BCX8\">Taitelijaseuran ja n\u00e4yttelytoiminnan luotsaamiseen. Keltaisesta sadetakistaan ja piipustaan tunnettu\u00a0<\/span><span class=\"NormalTextRun SpellingErrorV2Themed SCXW26357354 BCX8\">Iv\u00e1n<\/span><span class=\"NormalTextRun SCXW26357354 BCX8\">\u00a0tunnettiinkin paikallisesti nimell\u00e4 \u201d<\/span><span class=\"NormalTextRun SpellingErrorV2Themed SCXW26357354 BCX8\">Konstn\u00e4r<\/span><span class=\"NormalTextRun SCXW26357354 BCX8\"> \u2013 Taiteilija\u201d.<\/span><\/span><\/p><p><span class=\"TextRun SCXW26357354 BCX8\" lang=\"FI-FI\" xml:lang=\"FI-FI\" data-contrast=\"auto\"><span class=\"NormalTextRun SCXW26357354 BCX8\">Stensb\u00f6len kartano\u00a0<\/span><span class=\"NormalTextRun SCXW26357354 BCX8\">lahjoitettiin<\/span><span class=\"NormalTextRun SCXW26357354 BCX8\">\u00a0Svenska\u00a0<\/span><span class=\"NormalTextRun SpellingErrorV2Themed SCXW26357354 BCX8\">l<\/span><span class=\"NormalTextRun SpellingErrorV2Themed SCXW26357354 BCX8\">itteraturs\u00e4llskapet<\/span><span class=\"NormalTextRun SCXW26357354 BCX8\">\u00a0i Finlandille 1995,\u00a0<\/span><span class=\"NormalTextRun SpellingErrorV2Themed SCXW26357354 BCX8\">Iv<\/span><span class=\"NormalTextRun SpellingErrorV2Themed SCXW26357354 BCX8\">\u00e1nin<\/span><span class=\"NormalTextRun SCXW26357354 BCX8\">\u00a0ja \u00e4itins\u00e4 saadessa asumisoikeuden kartanoon.<\/span><span class=\"NormalTextRun SCXW26357354 BCX8\">\u00a0Autot eiv\u00e4t kuuluneet lahjoituksen irtaimistoon, joten<\/span><span class=\"NormalTextRun SCXW26357354 BCX8\">\u00a0<\/span><span class=\"NormalTextRun SpellingErrorV2Themed SCXW26357354 BCX8\">Iv\u00e1n<\/span><span class=\"NormalTextRun SCXW26357354 BCX8\">\u00a0kuo<\/span><span class=\"NormalTextRun SCXW26357354 BCX8\">ltua 2010 ne siirtyiv\u00e4t <\/span><span class=\"NormalTextRun SpellingErrorV2Themed SCXW26357354 BCX8\">Iv\u00e1nin<\/span><span class=\"NormalTextRun SCXW26357354 BCX8\">\u00a0ainoalle elossa olevalle j\u00e4lkel\u00e4iselle,\u00a0<\/span><span class=\"NormalTextRun SpellingErrorV2Themed SCXW26357354 BCX8\">Viggo<\/span><span class=\"NormalTextRun SCXW26357354 BCX8\">\u00a0<\/span><span class=\"NormalTextRun SpellingErrorV2Themed SpellingErrorHighlight SCXW26357354 BCX8\">Wallensk\u00f6ldille<\/span><span class=\"NormalTextRun SCXW26357354 BCX8\">.\u00a0<\/span><span class=\"NormalTextRun SCXW26357354 BCX8\">Museon toiminta ei nykyisess\u00e4 tilanteessa en\u00e4\u00e4 ollut ajankohtaista ja autoille oli etsitt\u00e4v\u00e4 uusi koti. Monivaiheisen ja haastavan hankkeen lopputuloksena\u00a0<\/span><span class=\"NormalTextRun SCXW26357354 BCX8\">Automuseoiden neuvottelukunta ry:n j\u00e4senmuseoista l\u00f6ytyi halukkaita vastaanottajia, ja samalla avattiin Kadonneet automuseot-<\/span><span class=\"NormalTextRun SCXW26357354 BCX8\">tiedonkeruu t\u00e4m\u00e4n sivuston muodossa.<\/span><\/span><span class=\"EOP Selected SCXW26357354 BCX8\" data-ccp-props=\"{}\">\u00a0<\/span><\/p>\t\t\t\t\t\t\t\t<\/div>\n\t\t\t\t<\/div>\n\t\t\t\t\t<\/div>\n\t\t<\/div>\n\t\t\t\t<div class=\"elementor-column elementor-col-50 elementor-top-column elementor-element elementor-element-4fe2514\" data-id=\"4fe2514\" data-element_type=\"column\" data-e-type=\"column\">\n\t\t\t<div class=\"elementor-widget-wrap elementor-element-populated\">\n\t\t\t\t\t\t<div class=\"elementor-element elementor-element-4575f3f elementor-widget elementor-widget-image\" data-id=\"4575f3f\" data-element_type=\"widget\" data-e-type=\"widget\" data-widget_type=\"image.default\">\n\t\t\t\t<div class=\"elementor-widget-container\">\n\t\t\t\t\t\t\t\t\t\t\t\t<figure class=\"wp-caption\">\n\t\t\t\t\t\t\t\t\t\t<img decoding=\"async\" width=\"800\" height=\"574\" src=\"https:\/\/mobilia.fi\/wp-content\/uploads\/2026\/04\/Tie-Stensbolen-kartanoon.-Museovirasto-Historian-kuvakokoelma-cc-by-4.0-1024x735.jpg\" class=\"attachment-large size-large wp-image-16822\" alt=\"Tie Stensb\u00f6len kartanoon. Museovirasto Historian kuvakokoelma cc by 4.0\" srcset=\"https:\/\/mobilia.fi\/wp-content\/uploads\/2026\/04\/Tie-Stensbolen-kartanoon.-Museovirasto-Historian-kuvakokoelma-cc-by-4.0-1024x735.jpg 1024w, https:\/\/mobilia.fi\/wp-content\/uploads\/2026\/04\/Tie-Stensbolen-kartanoon.-Museovirasto-Historian-kuvakokoelma-cc-by-4.0-300x215.jpg 300w, https:\/\/mobilia.fi\/wp-content\/uploads\/2026\/04\/Tie-Stensbolen-kartanoon.-Museovirasto-Historian-kuvakokoelma-cc-by-4.0-768x552.jpg 768w, https:\/\/mobilia.fi\/wp-content\/uploads\/2026\/04\/Tie-Stensbolen-kartanoon.-Museovirasto-Historian-kuvakokoelma-cc-by-4.0-1536x1103.jpg 1536w, https:\/\/mobilia.fi\/wp-content\/uploads\/2026\/04\/Tie-Stensbolen-kartanoon.-Museovirasto-Historian-kuvakokoelma-cc-by-4.0-2048x1471.jpg 2048w\" sizes=\"(max-width: 800px) 100vw, 800px\" \/>\t\t\t\t\t\t\t\t\t\t\t<figcaption class=\"widget-image-caption wp-caption-text\">Tie Stensb\u00f6len kartanoon. Museovirasto Historian kuvakokoelma cc by 4.0<\/figcaption>\n\t\t\t\t\t\t\t\t\t\t<\/figure>\n\t\t\t\t\t\t\t\t\t<\/div>\n\t\t\t\t<\/div>\n\t\t\t\t\t<\/div>\n\t\t<\/div>\n\t\t\t\t\t<\/div>\n\t\t<\/section>\n\t\t\t\t<section class=\"elementor-section elementor-top-section elementor-element elementor-element-bc45199 elementor-section-boxed elementor-section-height-default elementor-section-height-default\" data-id=\"bc45199\" data-element_type=\"section\" data-e-type=\"section\">\n\t\t\t\t\t\t<div class=\"elementor-container elementor-column-gap-default\">\n\t\t\t\t\t<div class=\"elementor-column elementor-col-50 elementor-top-column elementor-element elementor-element-8c80814\" data-id=\"8c80814\" data-element_type=\"column\" data-e-type=\"column\">\n\t\t\t<div class=\"elementor-widget-wrap elementor-element-populated\">\n\t\t\t\t\t\t<div class=\"elementor-element elementor-element-953b948 elementor-widget elementor-widget-text-editor\" data-id=\"953b948\" data-element_type=\"widget\" data-e-type=\"widget\" data-widget_type=\"text-editor.default\">\n\t\t\t\t<div class=\"elementor-widget-container\">\n\t\t\t\t\t\t\t\t\t<p>\u00a0<\/p><p><span class=\"TextRun SCXW180804197 BCX8\" lang=\"FI-FI\" xml:lang=\"FI-FI\" data-contrast=\"auto\"><span class=\"NormalTextRun SCXW180804197 BCX8\">Seutukunnan sanomalehdiss\u00e4 museota nimitettiin suoraan Suomen ensimm\u00e4iseksi automuseoksi<\/span><span class=\"NormalTextRun SCXW180804197 BCX8\">, mutta asiasta esiintyi my\u00f6s muita n\u00e4kemyksi\u00e4 \u2013 seuraavalla vuosikymmenell\u00e4 H\u00e4meenlinnaan avattu \u201dvirallinen\u201d automuseo on monesti saanut t\u00e4m\u00e4n ensimm\u00e4isen\u00a0<\/span><span class=\"NormalTextRun SCXW180804197 BCX8\">museon kunnian. J\u00e4lkeenp\u00e4in on arvioitu, ett\u00e4 ainakin osaksi Stensb\u00f6len Automuseossa olisi ollut kyse ainakin osittain er\u00e4\u00e4nlaisesta performanssista tai el\u00e4v\u00e4st\u00e4 taideinstallaatiosta.\u00a0<\/span><span class=\"NormalTextRun SCXW180804197 BCX8\">Tai ehk\u00e4 t\u00e4m\u00e4 vain oli\u00a0<\/span><span class=\"NormalTextRun SpellingErrorV2Themed SCXW180804197 BCX8\">Iv\u00e1n<\/span><span class=\"NormalTextRun SCXW180804197 BCX8\">\u00a0<\/span><span class=\"NormalTextRun SpellingErrorV2Themed SCXW180804197 BCX8\">Wallensk\u00f6ld<\/span><span class=\"NormalTextRun SCXW180804197 BCX8\">-Rotkirchin\u00a0<\/span><span class=\"NormalTextRun SCXW180804197 BCX8\">tapa hoitaa automuseota<\/span><span class=\"NormalTextRun SCXW180804197 BCX8\">an<\/span><span class=\"NormalTextRun SCXW180804197 BCX8\">?<\/span><\/span><span class=\"LineBreakBlob BlobObject DragDrop SCXW180804197 BCX8\"><span class=\"SCXW180804197 BCX8\">\u00a0<\/span><br class=\"SCXW180804197 BCX8\" \/><\/span><\/p>\t\t\t\t\t\t\t\t<\/div>\n\t\t\t\t<\/div>\n\t\t\t\t\t<\/div>\n\t\t<\/div>\n\t\t\t\t<div class=\"elementor-column elementor-col-50 elementor-top-column elementor-element elementor-element-c133148\" data-id=\"c133148\" data-element_type=\"column\" data-e-type=\"column\">\n\t\t\t<div class=\"elementor-widget-wrap elementor-element-populated\">\n\t\t\t\t\t\t<div class=\"elementor-element elementor-element-203c971 elementor-widget elementor-widget-image\" data-id=\"203c971\" data-element_type=\"widget\" data-e-type=\"widget\" data-widget_type=\"image.default\">\n\t\t\t\t<div class=\"elementor-widget-container\">\n\t\t\t\t\t\t\t\t\t\t\t\t<figure class=\"wp-caption\">\n\t\t\t\t\t\t\t\t\t\t<img loading=\"lazy\" decoding=\"async\" width=\"800\" height=\"560\" src=\"https:\/\/mobilia.fi\/wp-content\/uploads\/2026\/04\/Risto-Valkeapaan-artikkeli-Uudenmaan-sanomissa-6.10.1977-Ivan-Wallenskold-Rotkirchista-ja-Stensbolesta-1024x717.jpg\" class=\"attachment-large size-large wp-image-16827\" alt=\"Risto Valkeap\u00e4\u00e4n artikkeli Uudenmaan Sanomissa 6.10.1977 Iv\u00e1n Wallensk\u00f6ld-Rotkirchist\u00e4 ja Stensb\u00f6lest\u00e4\" srcset=\"https:\/\/mobilia.fi\/wp-content\/uploads\/2026\/04\/Risto-Valkeapaan-artikkeli-Uudenmaan-sanomissa-6.10.1977-Ivan-Wallenskold-Rotkirchista-ja-Stensbolesta-1024x717.jpg 1024w, https:\/\/mobilia.fi\/wp-content\/uploads\/2026\/04\/Risto-Valkeapaan-artikkeli-Uudenmaan-sanomissa-6.10.1977-Ivan-Wallenskold-Rotkirchista-ja-Stensbolesta-300x210.jpg 300w, https:\/\/mobilia.fi\/wp-content\/uploads\/2026\/04\/Risto-Valkeapaan-artikkeli-Uudenmaan-sanomissa-6.10.1977-Ivan-Wallenskold-Rotkirchista-ja-Stensbolesta-768x538.jpg 768w, https:\/\/mobilia.fi\/wp-content\/uploads\/2026\/04\/Risto-Valkeapaan-artikkeli-Uudenmaan-sanomissa-6.10.1977-Ivan-Wallenskold-Rotkirchista-ja-Stensbolesta-1536x1076.jpg 1536w, https:\/\/mobilia.fi\/wp-content\/uploads\/2026\/04\/Risto-Valkeapaan-artikkeli-Uudenmaan-sanomissa-6.10.1977-Ivan-Wallenskold-Rotkirchista-ja-Stensbolesta-2048x1434.jpg 2048w\" sizes=\"(max-width: 800px) 100vw, 800px\" \/>\t\t\t\t\t\t\t\t\t\t\t<figcaption class=\"widget-image-caption wp-caption-text\">Risto Valkeap\u00e4\u00e4n artikkeli Uudenmaan Sanomissa 6.10.1977 Iv\u00e1n Wallensk\u00f6ld-Rotkirchist\u00e4 ja Stensb\u00f6lest\u00e4<\/figcaption>\n\t\t\t\t\t\t\t\t\t\t<\/figure>\n\t\t\t\t\t\t\t\t\t<\/div>\n\t\t\t\t<\/div>\n\t\t\t\t\t<\/div>\n\t\t<\/div>\n\t\t\t\t\t<\/div>\n\t\t<\/section>\n\t\t\t\t<section class=\"elementor-section elementor-top-section elementor-element elementor-element-ff4268d elementor-section-boxed elementor-section-height-default elementor-section-height-default\" data-id=\"ff4268d\" data-element_type=\"section\" data-e-type=\"section\">\n\t\t\t\t\t\t<div class=\"elementor-container elementor-column-gap-default\">\n\t\t\t\t\t<div class=\"elementor-column elementor-col-100 elementor-top-column elementor-element elementor-element-b576215\" data-id=\"b576215\" data-element_type=\"column\" data-e-type=\"column\">\n\t\t\t<div class=\"elementor-widget-wrap\">\n\t\t\t\t\t\t\t<\/div>\n\t\t<\/div>\n\t\t\t\t\t<\/div>\n\t\t<\/section>\n\t\t\t\t<section class=\"elementor-section elementor-top-section elementor-element elementor-element-10c3cbe elementor-section-boxed elementor-section-height-default elementor-section-height-default\" data-id=\"10c3cbe\" data-element_type=\"section\" data-e-type=\"section\">\n\t\t\t\t\t\t<div class=\"elementor-container elementor-column-gap-default\">\n\t\t\t\t\t<div class=\"elementor-column elementor-col-100 elementor-top-column elementor-element elementor-element-a862d53\" data-id=\"a862d53\" data-element_type=\"column\" data-e-type=\"column\">\n\t\t\t<div class=\"elementor-widget-wrap elementor-element-populated\">\n\t\t\t\t\t\t<div class=\"elementor-element elementor-element-9d7d5cf elementor-widget elementor-widget-heading\" data-id=\"9d7d5cf\" data-element_type=\"widget\" data-e-type=\"widget\" data-widget_type=\"heading.default\">\n\t\t\t\t<div class=\"elementor-widget-container\">\n\t\t\t\t\t<h2 class=\"elementor-heading-title elementor-size-default\"><span data-contrast=\"auto\">Virtuaalikierrokselle Stensb\u00f6len Automuseoon<\/span><span data-ccp-props=\"{}\">&nbsp;<\/span><\/h2>\t\t\t\t<\/div>\n\t\t\t\t<\/div>\n\t\t\t\t\t<\/div>\n\t\t<\/div>\n\t\t\t\t\t<\/div>\n\t\t<\/section>\n\t\t\t\t<section class=\"elementor-section elementor-top-section elementor-element elementor-element-d60d0b4 elementor-section-boxed elementor-section-height-default elementor-section-height-default\" data-id=\"d60d0b4\" data-element_type=\"section\" data-e-type=\"section\">\n\t\t\t\t\t\t<div class=\"elementor-container elementor-column-gap-default\">\n\t\t\t\t\t<div class=\"elementor-column elementor-col-100 elementor-top-column elementor-element elementor-element-c5767bd\" data-id=\"c5767bd\" data-element_type=\"column\" data-e-type=\"column\">\n\t\t\t<div class=\"elementor-widget-wrap elementor-element-populated\">\n\t\t\t\t\t\t<div class=\"elementor-element elementor-element-0cb9533 elementor-widget elementor-widget-text-editor\" data-id=\"0cb9533\" data-element_type=\"widget\" data-e-type=\"widget\" data-widget_type=\"text-editor.default\">\n\t\t\t\t<div class=\"elementor-widget-container\">\n\t\t\t\t\t\t\t\t\t<p>\u00a0<\/p><p><span data-contrast=\"auto\">P\u00e4\u00e4set virtuaaliselle kierrokselle Stensb\u00f6len Automuseoon ja vuoteen 2025, hiukan ennen kuin autot l\u00e4htiv\u00e4t uusiin koteihinsa!\u00a0T\u00e4ss\u00e4 vaiheessa automuseo oli ollut toimettomana\u00a0jo vuosikymmeni\u00e4, mutta p\u00f6lyst\u00e4 ja liasta huolimatta autot olivat turvassa kivinavetan jykevien seinien sis\u00e4ll\u00e4. Virtuaalikierroksen kaiken aineiston omistaa Svenska\u00a0litteraturs\u00e4llskapet\u00a0i Finland\u00a0(SLS).<\/span>\u00a0<\/p><p><span data-contrast=\"auto\">Voit liikkua\u00a0automuseossa vapaasti klikkaamalla kursorin haluamaasi kohtaan. Autoista avautuu lyhyet lis\u00e4tietolaatikot klikkaamalla py\u00f6reit\u00e4 kuvakkeita.\u00a0<\/span><span data-ccp-props=\"{}\">\u00a0<\/span><\/p>\t\t\t\t\t\t\t\t<\/div>\n\t\t\t\t<\/div>\n\t\t\t\t\t<\/div>\n\t\t<\/div>\n\t\t\t\t\t<\/div>\n\t\t<\/section>\n\t\t\t\t<section class=\"elementor-section elementor-top-section elementor-element elementor-element-2025f0d elementor-section-boxed elementor-section-height-default elementor-section-height-default\" data-id=\"2025f0d\" data-element_type=\"section\" data-e-type=\"section\">\n\t\t\t\t\t\t<div class=\"elementor-container elementor-column-gap-default\">\n\t\t\t\t\t<div class=\"elementor-column elementor-col-100 elementor-top-column elementor-element elementor-element-a2bfcf3\" data-id=\"a2bfcf3\" data-element_type=\"column\" data-e-type=\"column\">\n\t\t\t<div class=\"elementor-widget-wrap elementor-element-populated\">\n\t\t\t\t\t\t<div class=\"elementor-element elementor-element-423fe86 elementor-widget elementor-widget-html\" data-id=\"423fe86\" data-element_type=\"widget\" data-e-type=\"widget\" data-widget_type=\"html.default\">\n\t\t\t\t<div class=\"elementor-widget-container\">\n\t\t\t\t\t<iframe width=\"853\" height=\"480\" src=\"https:\/\/my.matterport.com\/show\/?m=8VB1WBiKqHi\" frameborder=\"0\" allowfullscreen allow=\"autoplay; fullscreen; web-share; xr-spatial-tracking;\"><\/iframe>\t\t\t\t<\/div>\n\t\t\t\t<\/div>\n\t\t\t\t\t<\/div>\n\t\t<\/div>\n\t\t\t\t\t<\/div>\n\t\t<\/section>\n\t\t\t\t<section class=\"elementor-section elementor-top-section elementor-element elementor-element-81c487c elementor-section-boxed elementor-section-height-default elementor-section-height-default\" data-id=\"81c487c\" data-element_type=\"section\" data-e-type=\"section\">\n\t\t\t\t\t\t<div class=\"elementor-container elementor-column-gap-default\">\n\t\t\t\t\t<div class=\"elementor-column elementor-col-100 elementor-top-column elementor-element elementor-element-940f3d8\" data-id=\"940f3d8\" data-element_type=\"column\" data-e-type=\"column\">\n\t\t\t<div class=\"elementor-widget-wrap elementor-element-populated\">\n\t\t\t\t\t\t<div class=\"elementor-element elementor-element-18815e2 elementor-widget elementor-widget-text-editor\" data-id=\"18815e2\" data-element_type=\"widget\" data-e-type=\"widget\" data-widget_type=\"text-editor.default\">\n\t\t\t\t<div class=\"elementor-widget-container\">\n\t\t\t\t\t\t\t\t\t<p>P\u00e4\u00e4set virtuaalin\u00e4yttelyyn my\u00f6s t\u00e4st\u00e4 linkist\u00e4:<\/p><p><a href=\"https:\/\/my.matterport.com\/show\/?m=8VB1WBiKqHi\" target=\"_blank\" rel=\"noopener\">Stensb\u00f6le Automuseo virtuaalin\u00e4yttely<\/a><\/p><p>\u00a0<\/p>\t\t\t\t\t\t\t\t<\/div>\n\t\t\t\t<\/div>\n\t\t\t\t\t<\/div>\n\t\t<\/div>\n\t\t\t\t\t<\/div>\n\t\t<\/section>\n\t\t\t\t<section class=\"elementor-section elementor-top-section elementor-element elementor-element-f4baf0f elementor-section-boxed elementor-section-height-default elementor-section-height-default\" data-id=\"f4baf0f\" data-element_type=\"section\" data-e-type=\"section\">\n\t\t\t\t\t\t<div class=\"elementor-container elementor-column-gap-default\">\n\t\t\t\t\t<div class=\"elementor-column elementor-col-100 elementor-top-column elementor-element elementor-element-82cef6f\" data-id=\"82cef6f\" data-element_type=\"column\" data-e-type=\"column\">\n\t\t\t<div class=\"elementor-widget-wrap\">\n\t\t\t\t\t\t\t<\/div>\n\t\t<\/div>\n\t\t\t\t\t<\/div>\n\t\t<\/section>\n\t\t\t\t<\/div>\n\t\t","protected":false},"excerpt":{"rendered":"<p>Kadonneet automuseot \u00a0 Suomessa on kymmeni\u00e4 museoita ja yksityisi\u00e4 kokoelmia, joihin on tallennettu merkitt\u00e4v\u00e4 osa suomalaisen tieliikenteen moottoroitua historiaa. Yleis\u00f6lle avoimia automuseoita on t\u00e4n\u00e4kin kes\u00e4n\u00e4 yleis\u00f6lle avoinna l\u00e4hes parikymment\u00e4. Kaikki automuseot eiv\u00e4t kuitenkaan en\u00e4\u00e4 avaa oviaan yleis\u00f6lle, eik\u00e4 joistakin ole j\u00e4ljell\u00e4 kuin surullisia muistoja ja yksitt\u00e4isi\u00e4 valokuvia. Automuseoiden neuvottelukunta ry on suomalaisten ajoneuvohistoriallisten erikoismuseoiden yhteisty\u00f6elin, [&hellip;]<\/p>\n","protected":false},"featured_media":16818,"parent":0,"menu_order":0,"template":"","nayttely_tax":[16],"class_list":["post-16803","nayttely","type-nayttely","status-publish","has-post-thumbnail","hentry","nayttely_tax-verkko"],"acf":[],"_links":{"self":[{"href":"https:\/\/mobilia.fi\/fi\/wp-json\/wp\/v2\/nayttely\/16803","targetHints":{"allow":["GET"]}}],"collection":[{"href":"https:\/\/mobilia.fi\/fi\/wp-json\/wp\/v2\/nayttely"}],"about":[{"href":"https:\/\/mobilia.fi\/fi\/wp-json\/wp\/v2\/types\/nayttely"}],"version-history":[{"count":30,"href":"https:\/\/mobilia.fi\/fi\/wp-json\/wp\/v2\/nayttely\/16803\/revisions"}],"predecessor-version":[{"id":16842,"href":"https:\/\/mobilia.fi\/fi\/wp-json\/wp\/v2\/nayttely\/16803\/revisions\/16842"}],"wp:featuredmedia":[{"embeddable":true,"href":"https:\/\/mobilia.fi\/fi\/wp-json\/wp\/v2\/media\/16818"}],"wp:attachment":[{"href":"https:\/\/mobilia.fi\/fi\/wp-json\/wp\/v2\/media?parent=16803"}],"wp:term":[{"taxonomy":"nayttely_tax","embeddable":true,"href":"https:\/\/mobilia.fi\/fi\/wp-json\/wp\/v2\/nayttely_tax?post=16803"}],"curies":[{"name":"wp","href":"https:\/\/api.w.org\/{rel}","templated":true}]}}