{"id":10,"date":"2020-03-26T13:21:07","date_gmt":"2020-03-26T11:21:07","guid":{"rendered":"https:\/\/mobilia.fi\/?page_id=10"},"modified":"2026-09-04T12:28:25","modified_gmt":"2026-09-04T09:28:25","slug":"etusivu","status":"publish","type":"page","link":"https:\/\/mobilia.fi\/fi\/","title":{"rendered":"Etusivu"},"content":{"rendered":"\t\t<div data-elementor-type=\"wp-page\" data-elementor-id=\"10\" class=\"elementor elementor-10\" data-elementor-post-type=\"page\">\n\t\t\t\t\t\t<section class=\"elementor-section elementor-top-section elementor-element elementor-element-f794115 elementor-section-full_width elementor-section-height-default elementor-section-height-default\" data-id=\"f794115\" data-element_type=\"section\" data-e-type=\"section\" data-settings=\"{&quot;background_background&quot;:&quot;classic&quot;}\">\n\t\t\t\t\t\t\t<div class=\"elementor-background-overlay\"><\/div>\n\t\t\t\t\t\t\t<div class=\"elementor-container elementor-column-gap-default\">\n\t\t\t\t\t<div class=\"elementor-column elementor-col-100 elementor-top-column elementor-element elementor-element-6114567\" data-id=\"6114567\" data-element_type=\"column\" data-e-type=\"column\">\n\t\t\t<div class=\"elementor-widget-wrap elementor-element-populated\">\n\t\t\t\t\t\t<div class=\"elementor-element elementor-element-026d909 elementor--h-position-center elementor--v-position-middle elementor-arrows-position-inside elementor-pagination-position-inside elementor-widget elementor-widget-slides\" data-id=\"026d909\" data-element_type=\"widget\" data-e-type=\"widget\" data-settings=\"{&quot;autoplay_speed&quot;:7000,&quot;transition&quot;:&quot;fade&quot;,&quot;transition_speed&quot;:1000,&quot;navigation&quot;:&quot;both&quot;,&quot;autoplay&quot;:&quot;yes&quot;,&quot;pause_on_hover&quot;:&quot;yes&quot;,&quot;pause_on_interaction&quot;:&quot;yes&quot;,&quot;infinite&quot;:&quot;yes&quot;}\" data-widget_type=\"slides.default\">\n\t\t\t\t<div class=\"elementor-widget-container\">\n\t\t\t\t\t\t\t\t\t<div class=\"elementor-swiper\">\n\t\t\t\t\t<div class=\"elementor-slides-wrapper elementor-main-swiper swiper\" role=\"region\" aria-roledescription=\"carousel\" aria-label=\"Slides\" dir=\"ltr\" data-animation=\"fadeInUp\">\n\t\t\t\t<div class=\"swiper-wrapper elementor-slides\">\n\t\t\t\t\t\t\t\t\t\t<div class=\"elementor-repeater-item-6e3c639 swiper-slide\" role=\"group\" aria-roledescription=\"slide\"><div class=\"swiper-slide-bg\" role=\"img\" aria-label=\"Saku Koivu ja Timo Jutila valkoisen Cadillacin kyydiss\u00e4, 90-luvun grafiikalla tehdyt tonttulakit p\u00e4\u00e4ss\u00e4.\"><\/div><div class=\"elementor-background-overlay\"><\/div><a class=\"swiper-slide-inner\" href=\"https:\/\/mobilia.fi\/fi\/tapahtuma\/ysarijysari-pikkujoulut\/\"><div class=\"swiper-slide-contents\"><div class=\"elementor-slide-heading\">Ys\u00e4rijys\u00e4ri-pikkujoulut<\/div><div class=\"elementor-slide-description\"> Tule porukalla viett\u00e4m\u00e4\u00e4n nostalgisen hauska ilta t\u00e4ynn\u00e4 ys\u00e4rifiilist\u00e4 27.11. & 28.11!<\/div><div  class=\"elementor-button elementor-slide-button elementor-size-lg\">Lue lis\u00e4\u00e4 ja osta liput<\/div><\/div><\/a><\/div><div class=\"elementor-repeater-item-479161a swiper-slide\" role=\"group\" aria-roledescription=\"slide\"><div class=\"swiper-slide-bg\" role=\"img\" aria-label=\"Ikkunan edess\u00e4 olevalla p\u00f6yd\u00e4ll\u00e4 on p\u00e4iv\u00e4n Aamulehti, partasuti, pesuvateja sek\u00e4 tuhkakuppi. Aika on pys\u00e4htynyt ruudullisten verhojen taakse asuntoparakkiin.\"><\/div><div class=\"elementor-background-overlay\"><\/div><a class=\"swiper-slide-inner\" href=\"https:\/\/mobilia.fi\/fi\/tapahtuma\/torstai-ilta-10-9-2026\/\"><div class=\"swiper-slide-contents\"><div class=\"elementor-slide-heading\">Torstaina museoon klo 19 asti<\/div><div class=\"elementor-slide-description\">Mobilian torstai-iltojen pidennetyt avoinnaolot. Tutustu opastustarjontaamme!<\/div><div  class=\"elementor-button elementor-slide-button elementor-size-lg\">Lue lis\u00e4\u00e4<\/div><\/div><\/a><\/div><div class=\"elementor-repeater-item-b8c49ba swiper-slide\" role=\"group\" aria-roledescription=\"slide\"><div class=\"swiper-slide-bg\" role=\"img\" aria-label=\"N\u00e4yttelyn sis\u00e4\u00e4n k\u00e4ynti, reunass\u00e4 Ys\u00e4rijys\u00e4ri-logo pystysuorassa kankaassa, sen takana kirkkaankeltainen Fiat sek\u00e4 taustalla punainen Corolla poliisi-Maija per\u00e4ss\u00e4\u00e4n katumaisemassa.\"><\/div><div class=\"elementor-background-overlay\"><\/div><a class=\"swiper-slide-inner\" href=\"https:\/\/mobilia.fi\/fi\/nayttely\/ysarijysari\/\"><div class=\"swiper-slide-contents\"><div class=\"elementor-slide-heading\">Ys\u00e4rijys\u00e4ri<\/div><div class=\"elementor-slide-description\">Murroksen ja muutoksen vuosikymmen, n\u00e4yttely t\u00e4ynn\u00e4 muistoja!<\/div><div  class=\"elementor-button elementor-slide-button elementor-size-lg\">Lue lis\u00e4\u00e4<\/div><\/div><\/a><\/div><div class=\"elementor-repeater-item-947d69f swiper-slide\" role=\"group\" aria-roledescription=\"slide\"><div class=\"swiper-slide-bg\" role=\"img\" aria-label=\"Kaksi nuorta naista istuu 90-luvun Sega Rally pelin edess\u00e4 ja pelaavat kilpaa rallipeli\u00e4.\"><\/div><div class=\"elementor-background-overlay\"><\/div><a class=\"swiper-slide-inner\" href=\"https:\/\/mobilia.fi\/fi\/nayttely\/rallimuseo\/\"><div class=\"swiper-slide-contents\"><div class=\"elementor-slide-heading\">Rallimuseo<\/div><div class=\"elementor-slide-description\">Nuotit rallin historiaan!<\/div><div  class=\"elementor-button elementor-slide-button elementor-size-lg\">Lue lis\u00e4\u00e4<\/div><\/div><\/a><\/div>\t\t\t\t<\/div>\n\t\t\t\t\t\t\t\t\t\t\t\t\t\t\t<div class=\"elementor-swiper-button elementor-swiper-button-prev\" role=\"button\" tabindex=\"0\" aria-label=\"Previous slide\">\n\t\t\t\t\t\t\t<i aria-hidden=\"true\" class=\"eicon-chevron-left\"><\/i>\t\t\t\t\t\t<\/div>\n\t\t\t\t\t\t<div class=\"elementor-swiper-button elementor-swiper-button-next\" role=\"button\" tabindex=\"0\" aria-label=\"Next slide\">\n\t\t\t\t\t\t\t<i aria-hidden=\"true\" class=\"eicon-chevron-right\"><\/i>\t\t\t\t\t\t<\/div>\n\t\t\t\t\t\t\t\t\t\t\t\t\t\t\t\t<div class=\"swiper-pagination\"><\/div>\n\t\t\t\t\t\t\t\t\t\t\t\t<\/div>\n\t\t\t\t<\/div>\n\t\t\t\t\t\t\t\t<\/div>\n\t\t\t\t<\/div>\n\t\t\t\t\t<\/div>\n\t\t<\/div>\n\t\t\t\t\t<\/div>\n\t\t<\/section>\n\t\t\t\t<section class=\"elementor-section elementor-top-section elementor-element elementor-element-00502a3 elementor-section-boxed elementor-section-height-default elementor-section-height-default\" data-id=\"00502a3\" data-element_type=\"section\" data-e-type=\"section\">\n\t\t\t\t\t\t<div class=\"elementor-container elementor-column-gap-default\">\n\t\t\t\t\t<div class=\"elementor-column elementor-col-100 elementor-top-column elementor-element elementor-element-c94ca56\" data-id=\"c94ca56\" data-element_type=\"column\" data-e-type=\"column\">\n\t\t\t<div class=\"elementor-widget-wrap elementor-element-populated\">\n\t\t\t\t\t\t<section class=\"elementor-section elementor-inner-section elementor-element elementor-element-fd2dc46 elementor-section-boxed elementor-section-height-default elementor-section-height-default\" data-id=\"fd2dc46\" data-element_type=\"section\" data-e-type=\"section\">\n\t\t\t\t\t\t<div class=\"elementor-container elementor-column-gap-default\">\n\t\t\t\t\t<div class=\"elementor-column elementor-col-50 elementor-inner-column elementor-element elementor-element-ac5dcb3\" data-id=\"ac5dcb3\" data-element_type=\"column\" data-e-type=\"column\">\n\t\t\t<div class=\"elementor-widget-wrap elementor-element-populated\">\n\t\t\t\t\t\t<div class=\"elementor-element elementor-element-72ab2b8 elementor-widget elementor-widget-text-editor\" data-id=\"72ab2b8\" data-element_type=\"widget\" data-e-type=\"widget\" data-widget_type=\"text-editor.default\">\n\t\t\t\t<div class=\"elementor-widget-container\">\n\t\t\t\t\t\t\t\t\t<h2>Tervetuloa Mobiliaan!<\/h2>\t\t\t\t\t\t\t\t<\/div>\n\t\t\t\t<\/div>\n\t\t\t\t<div class=\"elementor-element elementor-element-21f902b elementor-widget elementor-widget-text-editor\" data-id=\"21f902b\" data-element_type=\"widget\" data-e-type=\"widget\" data-widget_type=\"text-editor.default\">\n\t\t\t\t<div class=\"elementor-widget-container\">\n\t\t\t\t\t\t\t\t\t<p><span class=\"custom-sub-header\">Mobilia on auto- ja tieliikenteen valtakunnallinen vastuumuseo. <br \/>Tarjoamme n\u00e4ht\u00e4v\u00e4\u00e4 ja koettavaa l\u00e4pi vuoden koko perheelle. <br \/>Tervetuloa!<\/span><\/p>\t\t\t\t\t\t\t\t<\/div>\n\t\t\t\t<\/div>\n\t\t\t\t\t<\/div>\n\t\t<\/div>\n\t\t\t\t<div class=\"elementor-column elementor-col-50 elementor-inner-column elementor-element elementor-element-ba11f3d\" data-id=\"ba11f3d\" data-element_type=\"column\" data-e-type=\"column\">\n\t\t\t<div class=\"elementor-widget-wrap elementor-element-populated\">\n\t\t\t\t\t\t<div class=\"elementor-element elementor-element-3cb7bf7 elementor-widget elementor-widget-text-editor\" data-id=\"3cb7bf7\" data-element_type=\"widget\" data-e-type=\"widget\" data-widget_type=\"text-editor.default\">\n\t\t\t\t<div class=\"elementor-widget-container\">\n\t\t\t\t\t\t\t\t\t<p>Mobilian el\u00e4myspalveluihin kuuluu pysyv\u00e4t ja vuosittain vaihtuvat n\u00e4yttelyt, museokaupan palvelut, kokous- ja juhlapalvelut, oheisohjelmat sek\u00e4 tapahtumat.<\/p><p>Ymp\u00e4ri vuoden auki oleva Mobilia palvelee vuosittain noin 45 000 vierasta.<\/p><p>Mobilia soveltuu erinomaisesti erilaisten yritysten, yhteis\u00f6jen ja harrastajakerhojen tapahtumapaikaksi.<\/p>\t\t\t\t\t\t\t\t<\/div>\n\t\t\t\t<\/div>\n\t\t\t\t<div class=\"elementor-element elementor-element-d2eab8f elementor-widget elementor-widget-button\" data-id=\"d2eab8f\" data-element_type=\"widget\" data-e-type=\"widget\" data-widget_type=\"button.default\">\n\t\t\t\t<div class=\"elementor-widget-container\">\n\t\t\t\t\t\t\t\t\t<div class=\"elementor-button-wrapper\">\n\t\t\t\t\t<a class=\"elementor-button elementor-button-link elementor-size-md\" href=\"#\">\n\t\t\t\t\t\t<span class=\"elementor-button-content-wrapper\">\n\t\t\t\t\t\t\t\t\t<span class=\"elementor-button-text\">Tutustu tarkemmin<\/span>\n\t\t\t\t\t<\/span>\n\t\t\t\t\t<\/a>\n\t\t\t\t<\/div>\n\t\t\t\t\t\t\t\t<\/div>\n\t\t\t\t<\/div>\n\t\t\t\t\t<\/div>\n\t\t<\/div>\n\t\t\t\t\t<\/div>\n\t\t<\/section>\n\t\t\t\t\t<\/div>\n\t\t<\/div>\n\t\t\t\t\t<\/div>\n\t\t<\/section>\n\t\t\t\t<section class=\"elementor-section elementor-top-section elementor-element elementor-element-faf4f58 elementor-section-boxed elementor-section-height-default elementor-section-height-default\" data-id=\"faf4f58\" data-element_type=\"section\" data-e-type=\"section\">\n\t\t\t\t\t\t<div class=\"elementor-container elementor-column-gap-default\">\n\t\t\t\t\t<div class=\"elementor-column elementor-col-100 elementor-top-column elementor-element elementor-element-6717594\" data-id=\"6717594\" data-element_type=\"column\" data-e-type=\"column\">\n\t\t\t<div class=\"elementor-widget-wrap elementor-element-populated\">\n\t\t\t\t\t\t<section class=\"elementor-section elementor-inner-section elementor-element elementor-element-52b8a8c elementor-section-boxed elementor-section-height-default elementor-section-height-default\" data-id=\"52b8a8c\" data-element_type=\"section\" data-e-type=\"section\">\n\t\t\t\t\t\t<div class=\"elementor-container elementor-column-gap-default\">\n\t\t\t\t\t<div class=\"elementor-column elementor-col-50 elementor-inner-column elementor-element elementor-element-2c7d991\" data-id=\"2c7d991\" data-element_type=\"column\" data-e-type=\"column\">\n\t\t\t<div class=\"elementor-widget-wrap\">\n\t\t\t\t\t\t\t<\/div>\n\t\t<\/div>\n\t\t\t\t<div class=\"elementor-column elementor-col-50 elementor-inner-column elementor-element elementor-element-f6be297\" data-id=\"f6be297\" data-element_type=\"column\" data-e-type=\"column\" data-settings=\"{&quot;background_background&quot;:&quot;classic&quot;}\">\n\t\t\t<div class=\"elementor-widget-wrap elementor-element-populated\">\n\t\t\t\t\t\t<div class=\"elementor-element elementor-element-ea7e886 elementor-widget elementor-widget-heading\" data-id=\"ea7e886\" data-element_type=\"widget\" data-e-type=\"widget\" data-widget_type=\"heading.default\">\n\t\t\t\t<div class=\"elementor-widget-container\">\n\t\t\t\t\t<h3 class=\"elementor-heading-title elementor-size-default\">Tulevat tapahtumat<\/h3>\t\t\t\t<\/div>\n\t\t\t\t<\/div>\n\t\t\t\t\t<\/div>\n\t\t<\/div>\n\t\t\t\t\t<\/div>\n\t\t<\/section>\n\t\t\t\t<section class=\"elementor-section elementor-inner-section elementor-element elementor-element-a4657de elementor-section-height-min-height elementor-reverse-mobile elementor-section-boxed elementor-section-height-default\" data-id=\"a4657de\" data-element_type=\"section\" data-e-type=\"section\">\n\t\t\t\t\t\t<div class=\"elementor-container elementor-column-gap-default\">\n\t\t\t\t\t<div class=\"elementor-column elementor-col-50 elementor-inner-column elementor-element elementor-element-d3228e7\" data-id=\"d3228e7\" data-element_type=\"column\" data-e-type=\"column\" data-settings=\"{&quot;background_background&quot;:&quot;classic&quot;}\">\n\t\t\t<div class=\"elementor-widget-wrap elementor-element-populated\">\n\t\t\t\t\t\t<div class=\"elementor-element elementor-element-36c78b4 elementor-widget elementor-widget-text-editor\" data-id=\"36c78b4\" data-element_type=\"widget\" data-e-type=\"widget\" data-widget_type=\"text-editor.default\">\n\t\t\t\t<div class=\"elementor-widget-container\">\n\t\t\t\t\t\t\t\t\t<p>Avoinna<br \/>2.1.\u201331.5 joka p\u00e4iv\u00e4 klo 10\u201316<br \/>1.6.\u201314.8 joka p\u00e4iv\u00e4 klo 10\u201318<br \/>15.8.\u201318.12 joka p\u00e4iv\u00e4 klo 10\u201316<br \/><span style=\"color: #000000;\"><a style=\"color: #000000;\" href=\"#\">Katso poikkeukset aukioloaikoihin<\/a><\/span><\/p><p>Aikuiset 15 \u20ac <br \/>Lapset 0\u201317 v. 0 \u20ac<br \/>El\u00e4kel\u00e4iset 12 \u20ac<br \/><span style=\"color: #000000;\"><a style=\"color: #000000;\" href=\"#\">Tarkemmat hintatiedot<\/a><\/span><\/p><p>Kustaa Kolmannen tie 75<br \/>36270 KANGASALA<br \/><span style=\"color: #000000;\"><a style=\"color: #000000;\" href=\"#\">Kartta ja saapuminen<\/a><\/span><\/p><p>puh. (03) 3140 4000<br \/>asiakaspalvelu@mobilia.fi<br \/><a href=\"https:\/\/mobilia.fi\/vieraile\/yhteystiedot\/\"><span style=\"color: #000000;\">Henkil\u00f6kunta<\/span><\/a><\/p>\t\t\t\t\t\t\t\t<\/div>\n\t\t\t\t<\/div>\n\t\t\t\t\t<\/div>\n\t\t<\/div>\n\t\t\t\t<div class=\"elementor-column elementor-col-50 elementor-inner-column elementor-element elementor-element-de4fbb5\" data-id=\"de4fbb5\" data-element_type=\"column\" data-e-type=\"column\" data-settings=\"{&quot;background_background&quot;:&quot;classic&quot;}\">\n\t\t\t<div class=\"elementor-widget-wrap elementor-element-populated\">\n\t\t\t\t\t\t<div class=\"elementor-element elementor-element-dd3d9b6 elementor-widget elementor-widget-shortcode\" data-id=\"dd3d9b6\" data-element_type=\"widget\" data-e-type=\"widget\" data-widget_type=\"shortcode.default\">\n\t\t\t\t<div class=\"elementor-widget-container\">\n\t\t\t\t\t\t\t<div class=\"elementor-shortcode\"><!-- EventON Calendar --><div id='evcal_calendar_540' class='list_cal ajde_evcal_calendar sev cev color esty_2 ul etttc_custom ' data-cal=''><div id='evcal_head' class='calendar_header evcal_nosort' ><div class='evo_cal_above evodfx evofx_dr_r marb5 evofx_ww'><button class='cal_head_btn evo-gototoday-btn' style='' data-mo='9' data-yr='2026' data-dy='' aria-label='Go to today'>Current Month<\/button><\/div><div class='evo_cal_above_content'><\/div><div class='evo_header_title '><\/div><\/div><div id='eventon_loadbar_section'><div id='eventon_loadbar'><\/div><\/div><!-- Events List --><div class='evo_events_list_box'><div id='evcal_list' class='eventon_events_list sep_months evcal_list_month'><div class='evcal_month_line' data-d='eml_9_2026' data-su='1788210000'><p>syyskuu<\/p><\/div><div class='sep_month_events ' data-d='eml_9_2026' data-range='1788210000_1790801999'><div id=\"event_17316_0\" class=\"eventon_list_event evo_eventtop scheduled  event clrD event_17316_0\" data-event_id=\"17316\" data-ri=\"0r\" data-time=\"1786431600-1790686800\" data-colr=\"#2a90de\" itemscope itemtype='http:\/\/schema.org\/Event'><div class=\"evo_event_schema\" style=\"display:none\" ><a itemprop='url'  href='https:\/\/mobilia.fi\/fi\/tapahtuma\/amanda-gorgin-ylimys-pohdiskeluja-tunteista-syvista\/'><\/a><meta itemprop='image' content=\"https:\/\/mobilia.fi\/wp-content\/uploads\/2026\/08\/1Amanda-Gorgin-Ylimys-Katse-scaled.jpg\" \/><meta itemprop='startDate' content=\"2026-8-11T10:00+3:00\" \/><meta itemprop='endDate' content=\"2026-9-29T16:00+3:00\" \/><meta itemprop='eventStatus' content=\"https:\/\/schema.org\/EventScheduled\" \/><meta itemprop='eventAttendanceMode'   itemscope itemtype=\"https:\/\/schema.org\/OfflineEventAttendanceMode\"\/><script type=\"application\/ld+json\">{\"@context\": \"http:\/\/schema.org\",\"@type\": \"Event\",\n\t\t\t\t\"@id\": \"event_17316_0\",\n\t\t\t\t\"eventAttendanceMode\":\"https:\/\/schema.org\/OfflineEventAttendanceMode\",\n\t\t\t\t\"eventStatus\":\"https:\/\/schema.org\/EventScheduled\",\n\t\t\t\t\"name\": \"Amanda G\u00f6rgin Ylimys: Pohdiskeluja tunteista syvist\u00e4\",\n\t\t\t\t\"url\": \"https:\/\/mobilia.fi\/fi\/tapahtuma\/amanda-gorgin-ylimys-pohdiskeluja-tunteista-syvista\/\",\n\t\t\t\t\"startDate\": \"2026-8-11T10:00+3:00\",\n\t\t\t\t\"endDate\": \"2026-9-29T16:00+3:00\",\n\t\t\t\t\"image\":\"https:\/\/mobilia.fi\/wp-content\/uploads\/2026\/08\/1Amanda-Gorgin-Ylimys-Katse-scaled.jpg\", \n\t\t\t\t\"description\":\"<p><strong>Elokuu tuo Mobilian kahvilan Minikabinettiin n\u00e4ht\u00e4ville nuoren tamperelaistaiteilijan akryylimaalauksia.<\/strong> Amanda G\u00f6rgin Ylimys on 24-vuotias taiteilija, jonka maalaukset hehkuvat henkisyytt\u00e4 ja sis\u00e4isen maailman rauhaa.<\/p> <p><strong>Pohdiskeluja tunteista syvist\u00e4 -taiden\u00e4yttely on esill\u00e4 Mobilian kahvilan yhteydess\u00e4 olevassa Minikabinetissa 11.8.\u201329.9.2026.<\/strong> N\u00e4yttely on vapaasti yleis\u00f6n tutustuttavissa Mobilian aukioloaikojen puitteissa aina, kun Minikabinetissa ei ole ryhm\u00e4\u00e4.<\/p> <p>Kuva: Amanda G\u00f6rgin Ylimys: Katse, akryylimaalaus<\/p> <p><em>Lis\u00e4tietoja: <\/em><br \/> <em>Elina Toukola, Mobilia<\/em><br \/> <em>puh. 044 033 9823 elina.toukola@mobilia.fi<\/em><\/p> \"}<\/script><\/div>\r\n\t\t\t\t<p class=\"desc_trig_outter\" style=\"\"><a data-gmap_status=\"null\" data-exlk=\"0\" style=\"background-color: #2a90de;\" id=\"evc_178643160017316\" href=\"https:\/\/mobilia.fi\/fi\/tapahtuma\/amanda-gorgin-ylimys-pohdiskeluja-tunteista-syvista\/\" class=\"desc_trig mul_val evcal_list_a\" data-ux_val=\"4\" data-ux_val_mob=\"-\"  ><span class='evoet_in'><span class='evoet_c2 evoet_cx '><span class='evoet_dayblock evcal_cblock ' data-bgcolor='#2a90de' data-smon='elokuu' data-syr='2026' data-bub=''><span class='evo_start  evofxdrc'><em class='day'>ti<\/em><em class='date'>11<\/em><em class='month'>elo<\/em><em class='time'><i t=\"y\">(elo 11)<\/i>10:00<\/em><\/span><span class='evo_end  evofxdrc'><em class='day'>ti<\/em><em class='date'>29<\/em><em class='month'>syys<\/em><em class='time'><i t=\"y\">(syys 29)<\/i>16:00<\/em><\/span><\/span><\/span><span class='evoet_c3 evoet_cx evcal_desc hide_eventtopdata '><span class='evoet_title evcal_desc2 evcal_event_title ' itemprop='name'>Amanda G\u00f6rgin Ylimys: Pohdiskeluja tunteista syvist\u00e4<\/span><\/span><\/span><span class='evoet_data' style='display:none' data-d=\"{&quot;loc.n&quot;:&quot;&quot;,&quot;orgs&quot;:[],&quot;tags&quot;:[]}\" data-bgc=\"#2a90de\" data-bggrad=\"\" ><\/span><\/a><\/p><div class='clear end'><\/div><\/div><div id=\"event_17441_0\" class=\"eventon_list_event evo_eventtop scheduled  event clrD event_17441_0\" data-event_id=\"17441\" data-ri=\"0r\" data-time=\"1789045200-1789056000\" data-colr=\"#2a90de\" itemscope itemtype='http:\/\/schema.org\/Event'><div class=\"evo_event_schema\" style=\"display:none\" ><a itemprop='url'  href='https:\/\/mobilia.fi\/fi\/tapahtuma\/torstai-ilta-10-9-2026\/'><\/a><meta itemprop='image' content=\"https:\/\/mobilia.fi\/wp-content\/uploads\/2020\/09\/asuntoparakki-9_web.jpg\" \/><meta itemprop='startDate' content=\"2026-9-10T16:00+3:00\" \/><meta itemprop='endDate' content=\"2026-9-10T19:00+3:00\" \/><meta itemprop='eventStatus' content=\"https:\/\/schema.org\/EventScheduled\" \/><meta itemprop='eventAttendanceMode'   itemscope itemtype=\"https:\/\/schema.org\/OfflineEventAttendanceMode\"\/><script type=\"application\/ld+json\">{\"@context\": \"http:\/\/schema.org\",\"@type\": \"Event\",\n\t\t\t\t\"@id\": \"event_17441_0\",\n\t\t\t\t\"eventAttendanceMode\":\"https:\/\/schema.org\/OfflineEventAttendanceMode\",\n\t\t\t\t\"eventStatus\":\"https:\/\/schema.org\/EventScheduled\",\n\t\t\t\t\"name\": \"Torstai-illan pitk\u00e4 avoinnaolo 10.9.2026\",\n\t\t\t\t\"url\": \"https:\/\/mobilia.fi\/fi\/tapahtuma\/torstai-ilta-10-9-2026\/\",\n\t\t\t\t\"startDate\": \"2026-9-10T16:00+3:00\",\n\t\t\t\t\"endDate\": \"2026-9-10T19:00+3:00\",\n\t\t\t\t\"image\":\"https:\/\/mobilia.fi\/wp-content\/uploads\/2020\/09\/asuntoparakki-9_web.jpg\", \n\t\t\t\t\"description\":\"<p>Syyskaudella 2026 Mobiliassa testataan torstai-iltojen pidennettyj\u00e4 avoinnaoloja. Mobilian n\u00e4yttelyt, museokauppa ja kahvila ovat avoinna torstaisin klo 10\u201319. N\u00e4yttelyihin on normaalit p\u00e4\u00e4syliput.<\/p> <p>Torstai-iltaisin j\u00e4rjestet\u00e4\u00e4n yleis\u00f6opastuksia klo 17.30. Opastuksille osallistuminen edellyttyy voimassa olevaa museolippua.<\/p> <p><strong>Torstaina 10.9. opastus j\u00e4rjestet\u00e4\u00e4n Tarinoita siirtoty\u00f6mailta -n\u00e4yttelyyn,<\/strong> joka on Mobilian alueella oleva ulkomuseo. N\u00e4yttely kertoo teiden rakentamisesta ty\u00f6tt\u00f6myyst\u00f6in\u00e4 ja el\u00e4m\u00e4st\u00e4 parakkikyliss\u00e4. 1950- ja 1960-luvuilla ty\u00f6tt\u00f6myytt\u00e4 hoidettiin ty\u00f6tt\u00f6myyst\u00f6ill\u00e4, joita tarjottiin tienrakentamisen parissa. Teit\u00e4 tarvittiin Etel\u00e4-Suomessa, mutta pahimmat ty\u00f6tt\u00f6myysalueet olivat It\u00e4- ja Pohjois-Suomessa. Niinp\u00e4 ty\u00f6tt\u00f6m\u00e4t p\u00e4\u00e4tettiin siirt\u00e4\u00e4 t\u00f6iden per\u00e4ss\u00e4 ja majoitettiin parakkeihin siirtoty\u00f6mailla. N\u00e4yttely koostuu Savo-Karjalan ja Turun tiemestaripiireist\u00e4 Mobiliaan siirretyist\u00e4 parakeista, joista rakentuu siirtoty\u00f6maita kuvaava kokonaisuus. Esill\u00e4 muun muassa asuinparakki, siirtoty\u00f6maan toimistorakennus, josta ty\u00f6miehet saivat palkkapussinsa raskaiden ty\u00f6viikkojen j\u00e4lkeen, ruokailuvaunu ja liikenteenlaskijan koppi. Tervetuloa kuuntelemaan mielenkiintoisia tarinoita suomalaisen tienpidon historiasta!<\/p> <p><strong>Torstai-iltojen opastusten teemat syyskuussa:<\/strong><br \/> 3.9. Tarinoita siirtoty\u00f6mailta (ei esteet\u00f6n)<br \/> 10.9. Tarinoita siirtoty\u00f6mailta (ei esteet\u00f6n)<br \/> 17.9. Retki museon uumeniin (ei esteet\u00f6n, mahdollisuus <a href='https:\/\/webshop.trafiikki.fi\/mobilian-muut\/#!\/trafiikki\/yleiso-opastus-retki-museon-uumeniin' target='_blank' rel='noopener'>ennakkovaraukseen<\/a>)<br \/> 24.9. Retki museon uumeniin (ei esteet\u00f6n, mahdollisuus <a href='https:\/\/webshop.trafiikki.fi\/mobilian-muut\/#!\/trafiikki\/yleiso-opastus-retki-museon-uumeniin' target='_blank' rel='noopener'>ennakkovaraukseen<\/a>)<\/p> \"}<\/script><\/div>\r\n\t\t\t\t<p class=\"desc_trig_outter\" style=\"\"><a data-gmap_status=\"null\" data-exlk=\"0\" style=\"background-color: #2a90de;\" id=\"evc_178904520017441\" href=\"https:\/\/mobilia.fi\/fi\/tapahtuma\/torstai-ilta-10-9-2026\/\" class=\"desc_trig sin_val evcal_list_a\" data-ux_val=\"4\" data-ux_val_mob=\"-\"  ><span class='evoet_in'><span class='evoet_c2 evoet_cx '><span class='evoet_dayblock evcal_cblock ' data-bgcolor='#2a90de' data-smon='syyskuu' data-syr='2026' data-bub=''><span class='evo_start  evofxdrc'><em class='day'>to<\/em><em class='date'>10<\/em><em class='month'>syys<\/em><em class='time'>16:00<\/em><\/span><span class='evo_end only_time evofxdrc'><em class='time'>19:00<\/em><\/span><\/span><\/span><span class='evoet_c3 evoet_cx evcal_desc hide_eventtopdata '><span class='evoet_title evcal_desc2 evcal_event_title ' itemprop='name'>Torstai-illan pitk\u00e4 avoinnaolo 10.9.2026<\/span><\/span><\/span><span class='evoet_data' style='display:none' data-d=\"{&quot;loc.n&quot;:&quot;&quot;,&quot;orgs&quot;:[],&quot;tags&quot;:[]}\" data-bgc=\"#2a90de\" data-bggrad=\"\" ><\/span><\/a><\/p><div class='clear end'><\/div><\/div><div id=\"event_17443_0\" class=\"eventon_list_event evo_eventtop scheduled  event clrD event_17443_0\" data-event_id=\"17443\" data-ri=\"0r\" data-time=\"1789650000-1789660800\" data-colr=\"#2a90de\" itemscope itemtype='http:\/\/schema.org\/Event'><div class=\"evo_event_schema\" style=\"display:none\" ><a itemprop='url'  href='https:\/\/mobilia.fi\/fi\/tapahtuma\/torstai-ilta-17-9-2026\/'><\/a><meta itemprop='image' content=\"https:\/\/mobilia.fi\/wp-content\/uploads\/2026\/04\/IMG_3031-scaled.jpg\" \/><meta itemprop='startDate' content=\"2026-9-17T16:00+3:00\" \/><meta itemprop='endDate' content=\"2026-9-17T19:00+3:00\" \/><meta itemprop='eventStatus' content=\"https:\/\/schema.org\/EventScheduled\" \/><meta itemprop='eventAttendanceMode'   itemscope itemtype=\"https:\/\/schema.org\/OfflineEventAttendanceMode\"\/><script type=\"application\/ld+json\">{\"@context\": \"http:\/\/schema.org\",\"@type\": \"Event\",\n\t\t\t\t\"@id\": \"event_17443_0\",\n\t\t\t\t\"eventAttendanceMode\":\"https:\/\/schema.org\/OfflineEventAttendanceMode\",\n\t\t\t\t\"eventStatus\":\"https:\/\/schema.org\/EventScheduled\",\n\t\t\t\t\"name\": \"Torstai-illan pitk\u00e4 avoinnaolo 17.9.2026\",\n\t\t\t\t\"url\": \"https:\/\/mobilia.fi\/fi\/tapahtuma\/torstai-ilta-17-9-2026\/\",\n\t\t\t\t\"startDate\": \"2026-9-17T16:00+3:00\",\n\t\t\t\t\"endDate\": \"2026-9-17T19:00+3:00\",\n\t\t\t\t\"image\":\"https:\/\/mobilia.fi\/wp-content\/uploads\/2026\/04\/IMG_3031-scaled.jpg\", \n\t\t\t\t\"description\":\"<p>Syyskaudella 2026 Mobiliassa testataan torstai-iltojen pidennettyj\u00e4 avoinnaoloja. Mobilian n\u00e4yttelyt, museokauppa ja kahvila ovat avoinna torstaisin klo 10\u201319. N\u00e4yttelyihin on normaalit p\u00e4\u00e4syliput.<\/p> <p>Torstai-iltaisin j\u00e4rjestet\u00e4\u00e4n yleis\u00f6opastuksia klo 17.30. Opastuksille osallistuminen edellyttyy voimassa olevaa museolippua.<\/p> <p><strong>Torstaina 17.9. opastus j\u00e4rjestet\u00e4\u00e4n Mobilian normaalisti yleis\u00f6lt\u00e4 suljettuihin kokoelmatiloihin<\/strong>. Retkell\u00e4 museon uumeniin tutustutaan Mobilian kulissien takaiseen maailmaan ja n\u00e4hd\u00e4\u00e4n, mit\u00e4 kaikkea muuta museo on kuin vain n\u00e4yttelyt. Kokoelmahotellin suuresinehalleissa s\u00e4ilytet\u00e4\u00e4n satoja ajoneuvoja polkupy\u00f6rist\u00e4 tiekoneisiin henkil\u00f6autoklassikoita unohtamatta. Ahtaiden tilojen vuoksi kierrokselle mahtuu korkeintaan 10 henkil\u00f6\u00e4. Huomioithan, ett\u00e4 kokoelmatilamme eiv\u00e4t ole esteett\u00f6m\u00e4t. Halutessasi voit varmistaa paikkasi opastukselle tekem\u00e4ll\u00e4 ilmaisen ennakkovarauksen <a href='https:\/\/webshop.trafiikki.fi\/mobilian-muut\/#!\/trafiikki\/yleiso-opastus-retki-museon-uumeniin' target='_blank' rel='noopener'>verkkokaupassamme<\/a>.<\/p> <p><strong>Torstai-iltojen opastusten teemat syyskuussa:<\/strong><br \/> 3.9. Tarinoita siirtoty\u00f6mailta (ei esteet\u00f6n)<br \/> 10.9. Tarinoita siirtoty\u00f6mailta (ei esteet\u00f6n)<br \/> 17.9. Retki museon uumeniin (ei esteet\u00f6n, mahdollisuus <a href='https:\/\/webshop.trafiikki.fi\/mobilian-muut\/#!\/trafiikki\/yleiso-opastus-retki-museon-uumeniin' target='_blank' rel='noopener'>ennakkovaraukseen<\/a>)<br \/> 24.9. Retki museon uumeniin (ei esteet\u00f6n, mahdollisuus <a href='https:\/\/webshop.trafiikki.fi\/mobilian-muut\/#!\/trafiikki\/yleiso-opastus-retki-museon-uumeniin' target='_blank' rel='noopener'>ennakkovaraukseen<\/a>)<\/p> \"}<\/script><\/div>\r\n\t\t\t\t<p class=\"desc_trig_outter\" style=\"\"><a data-gmap_status=\"null\" data-exlk=\"0\" style=\"background-color: #2a90de;\" id=\"evc_178965000017443\" href=\"https:\/\/mobilia.fi\/fi\/tapahtuma\/torstai-ilta-17-9-2026\/\" class=\"desc_trig sin_val evcal_list_a\" data-ux_val=\"4\" data-ux_val_mob=\"-\"  ><span class='evoet_in'><span class='evoet_c2 evoet_cx '><span class='evoet_dayblock evcal_cblock ' data-bgcolor='#2a90de' data-smon='syyskuu' data-syr='2026' data-bub=''><span class='evo_start  evofxdrc'><em class='day'>to<\/em><em class='date'>17<\/em><em class='month'>syys<\/em><em class='time'>16:00<\/em><\/span><span class='evo_end only_time evofxdrc'><em class='time'>19:00<\/em><\/span><\/span><\/span><span class='evoet_c3 evoet_cx evcal_desc hide_eventtopdata '><span class='evoet_title evcal_desc2 evcal_event_title ' itemprop='name'>Torstai-illan pitk\u00e4 avoinnaolo 17.9.2026<\/span><\/span><\/span><span class='evoet_data' style='display:none' data-d=\"{&quot;loc.n&quot;:&quot;&quot;,&quot;orgs&quot;:[],&quot;tags&quot;:[]}\" data-bgc=\"#2a90de\" data-bggrad=\"\" ><\/span><\/a><\/p><div class='clear end'><\/div><\/div><div id=\"event_17446_0\" class=\"eventon_list_event evo_eventtop scheduled  event clrD event_17446_0\" data-event_id=\"17446\" data-ri=\"0r\" data-time=\"1790254800-1790265600\" data-colr=\"#2a90de\" itemscope itemtype='http:\/\/schema.org\/Event'><div class=\"evo_event_schema\" style=\"display:none\" ><a itemprop='url'  href='https:\/\/mobilia.fi\/fi\/tapahtuma\/torstai-ilta-24-9-2026\/'><\/a><meta itemprop='image' content=\"https:\/\/mobilia.fi\/wp-content\/uploads\/2026\/04\/IMG_3031-scaled.jpg\" \/><meta itemprop='startDate' content=\"2026-9-24T16:00+3:00\" \/><meta itemprop='endDate' content=\"2026-9-24T19:00+3:00\" \/><meta itemprop='eventStatus' content=\"https:\/\/schema.org\/EventScheduled\" \/><meta itemprop='eventAttendanceMode'   itemscope itemtype=\"https:\/\/schema.org\/OfflineEventAttendanceMode\"\/><script type=\"application\/ld+json\">{\"@context\": \"http:\/\/schema.org\",\"@type\": \"Event\",\n\t\t\t\t\"@id\": \"event_17446_0\",\n\t\t\t\t\"eventAttendanceMode\":\"https:\/\/schema.org\/OfflineEventAttendanceMode\",\n\t\t\t\t\"eventStatus\":\"https:\/\/schema.org\/EventScheduled\",\n\t\t\t\t\"name\": \"Torstai-illan pitk\u00e4 avoinnaolo 24.9.2026\",\n\t\t\t\t\"url\": \"https:\/\/mobilia.fi\/fi\/tapahtuma\/torstai-ilta-24-9-2026\/\",\n\t\t\t\t\"startDate\": \"2026-9-24T16:00+3:00\",\n\t\t\t\t\"endDate\": \"2026-9-24T19:00+3:00\",\n\t\t\t\t\"image\":\"https:\/\/mobilia.fi\/wp-content\/uploads\/2026\/04\/IMG_3031-scaled.jpg\", \n\t\t\t\t\"description\":\"<p>Syyskaudella 2026 Mobiliassa testataan torstai-iltojen pidennettyj\u00e4 avoinnaoloja. Mobilian n\u00e4yttelyt, museokauppa ja kahvila ovat avoinna torstaisin klo 10\u201319. N\u00e4yttelyihin on normaalit p\u00e4\u00e4syliput.<\/p> <p>Torstai-iltaisin j\u00e4rjestet\u00e4\u00e4n yleis\u00f6opastuksia klo 17.30. Opastuksille osallistuminen edellyttyy voimassa olevaa museolippua.<\/p> <p><strong>Torstaina 24.9. opastus j\u00e4rjestet\u00e4\u00e4n Mobilian normaalisti yleis\u00f6lt\u00e4 suljettuihin kokoelmatiloihin<\/strong>. Retkell\u00e4 museon uumeniin tutustutaan Mobilian kulissien takaiseen maailmaan ja n\u00e4hd\u00e4\u00e4n, mit\u00e4 kaikkea muuta museo on kuin vain n\u00e4yttelyt. Kokoelmahotellin suuresinehalleissa s\u00e4ilytet\u00e4\u00e4n satoja ajoneuvoja polkupy\u00f6rist\u00e4 tiekoneisiin henkil\u00f6autoklassikoita unohtamatta. Ahtaiden tilojen vuoksi kierrokselle mahtuu korkeintaan 10 henkil\u00f6\u00e4. Huomioithan, ett\u00e4 kokoelmatilamme eiv\u00e4t ole esteett\u00f6m\u00e4t. Halutessasi voit varmistaa paikkasi opastukselle tekem\u00e4ll\u00e4 ilmaisen ennakkovarauksen <a href='https:\/\/webshop.trafiikki.fi\/mobilian-muut\/#!\/trafiikki\/yleiso-opastus-retki-museon-uumeniin' target='_blank' rel='noopener'>verkkokaupassamme<\/a>.<\/p> <p><strong>Torstai-iltojen opastusten teemat syyskuussa:<\/strong><br \/> 3.9. Tarinoita siirtoty\u00f6mailta (ei esteet\u00f6n)<br \/> 10.9. Tarinoita siirtoty\u00f6mailta (ei esteet\u00f6n)<br \/> 17.9. Retki museon uumeniin (ei esteet\u00f6n, mahdollisuus <a href='https:\/\/webshop.trafiikki.fi\/mobilian-muut\/#!\/trafiikki\/yleiso-opastus-retki-museon-uumeniin' target='_blank' rel='noopener'>ennakkovaraukseen<\/a>)<br \/> 24.9. Retki museon uumeniin (ei esteet\u00f6n, mahdollisuus <a href='https:\/\/webshop.trafiikki.fi\/mobilian-muut\/#!\/trafiikki\/yleiso-opastus-retki-museon-uumeniin' target='_blank' rel='noopener'>ennakkovaraukseen<\/a>)<\/p> \"}<\/script><\/div>\r\n\t\t\t\t<p class=\"desc_trig_outter\" style=\"\"><a data-gmap_status=\"null\" data-exlk=\"0\" style=\"background-color: #2a90de;\" id=\"evc_179025480017446\" href=\"https:\/\/mobilia.fi\/fi\/tapahtuma\/torstai-ilta-24-9-2026\/\" class=\"desc_trig sin_val evcal_list_a\" data-ux_val=\"4\" data-ux_val_mob=\"-\"  ><span class='evoet_in'><span class='evoet_c2 evoet_cx '><span class='evoet_dayblock evcal_cblock ' data-bgcolor='#2a90de' data-smon='syyskuu' data-syr='2026' data-bub=''><span class='evo_start  evofxdrc'><em class='day'>to<\/em><em class='date'>24<\/em><em class='month'>syys<\/em><em class='time'>16:00<\/em><\/span><span class='evo_end only_time evofxdrc'><em class='time'>19:00<\/em><\/span><\/span><\/span><span class='evoet_c3 evoet_cx evcal_desc hide_eventtopdata '><span class='evoet_title evcal_desc2 evcal_event_title ' itemprop='name'>Torstai-illan pitk\u00e4 avoinnaolo 24.9.2026<\/span><\/span><\/span><span class='evoet_data' style='display:none' data-d=\"{&quot;loc.n&quot;:&quot;&quot;,&quot;orgs&quot;:[],&quot;tags&quot;:[]}\" data-bgc=\"#2a90de\" data-bggrad=\"\" ><\/span><\/a><\/p><div class='clear end'><\/div><\/div><\/div><div class='evcal_month_line' data-d='eml_10_2026' data-su='1790802000'><p>lokakuu<\/p><\/div><div class='sep_month_events ' data-d='eml_10_2026' data-range='1790802000_1793483999'><div id=\"event_16951_0\" class=\"eventon_list_event evo_eventtop scheduled  event clrD event_16951_0\" data-event_id=\"16951\" data-ri=\"0r\" data-time=\"1790935200-1793289600\" data-colr=\"#2a90de\" itemscope itemtype='http:\/\/schema.org\/Event'><div class=\"evo_event_schema\" style=\"display:none\" ><a itemprop='url'  href='https:\/\/mobilia.fi\/fi\/tapahtuma\/valokuvakollektiivi-tiistai-tiistain-varit\/'><\/a><meta itemprop='image' content=\"https:\/\/mobilia.fi\/wp-content\/uploads\/2026\/05\/Tiistain-varit-2330x1330-Anneli-Siippainen.jpg\" \/><meta itemprop='startDate' content=\"2026-10-2T10:00+3:00\" \/><meta itemprop='endDate' content=\"2026-10-29T16:00+3:00\" \/><meta itemprop='eventStatus' content=\"https:\/\/schema.org\/EventScheduled\" \/><meta itemprop='eventAttendanceMode'   itemscope itemtype=\"https:\/\/schema.org\/OfflineEventAttendanceMode\"\/><script type=\"application\/ld+json\">{\"@context\": \"http:\/\/schema.org\",\"@type\": \"Event\",\n\t\t\t\t\"@id\": \"event_16951_0\",\n\t\t\t\t\"eventAttendanceMode\":\"https:\/\/schema.org\/OfflineEventAttendanceMode\",\n\t\t\t\t\"eventStatus\":\"https:\/\/schema.org\/EventScheduled\",\n\t\t\t\t\"name\": \"Valokuvakollektiivi Tiistai: Tiistain v\u00e4rit\",\n\t\t\t\t\"url\": \"https:\/\/mobilia.fi\/fi\/tapahtuma\/valokuvakollektiivi-tiistai-tiistain-varit\/\",\n\t\t\t\t\"startDate\": \"2026-10-2T10:00+3:00\",\n\t\t\t\t\"endDate\": \"2026-10-29T16:00+3:00\",\n\t\t\t\t\"image\":\"https:\/\/mobilia.fi\/wp-content\/uploads\/2026\/05\/Tiistain-varit-2330x1330-Anneli-Siippainen.jpg\", \n\t\t\t\t\"description\":\"<p>Lokakuussa Mobilian kahvilan Minikabinetissa on n\u00e4ht\u00e4vill\u00e4 Valokuvakollektiivi Tiistain valokuvan\u00e4yttely Tiistain v\u00e4rit.<\/p> <p>Valokuvakollektiivi Tiistai on vapaamuotoinen, pitk\u00e4\u00e4n yhdess\u00e4 kuvanneiden harrastajakuvaajien yhteenliittym\u00e4. Kollektiivin jokaisella kuvaajalla on oma k\u00e4sialansa. Kuvausteht\u00e4v\u00e4t, keskustelut, kuva-analyysit ja n\u00e4yttelyvierailut vahvistavat visuaalista ajatteluamme.<\/p> <p>Mink\u00e4 v\u00e4rinen on tiistai? Tiistain v\u00e4rit -n\u00e4yttelyss\u00e4 esittelemme valokuvan esteettist\u00e4 ja teknist\u00e4 monimuotoisuutta v\u00e4rin kautta. Esill\u00e4 on seuraavien kuvaajien teoksia: Ismo Halivaara, Pertti Jokela, Vesa Juutinen, Juha Lintula, Elina Rauhala-Kari, Anneli Siippainen ja Nena Tirkkonen. Ryhm\u00e4\u00e4 ohjaa Leena Klemel\u00e4.<\/p> <p>Tiistain v\u00e4rit on esill\u00e4 Mobilian kahvilan yhteydess\u00e4 olevassa Minikabinetissa 2.\u201329.10.2026. N\u00e4yttely on vapaasti yleis\u00f6n tutustuttavissa Mobilian aukioloaikojen puitteissa aina, kun Minikabinettia ei ole varattu yksityistilaisuuteen.<\/p> <p>Kuva: Anneli Siippainen<\/p> \"}<\/script><\/div>\r\n\t\t\t\t<p class=\"desc_trig_outter\" style=\"\"><a data-gmap_status=\"null\" data-exlk=\"0\" style=\"background-color: #2a90de;\" id=\"evc_179093520016951\" href=\"https:\/\/mobilia.fi\/fi\/tapahtuma\/valokuvakollektiivi-tiistai-tiistain-varit\/\" class=\"desc_trig mul_val evcal_list_a\" data-ux_val=\"4\" data-ux_val_mob=\"-\"  ><span class='evoet_in'><span class='evoet_c2 evoet_cx '><span class='evoet_dayblock evcal_cblock ' data-bgcolor='#2a90de' data-smon='lokakuu' data-syr='2026' data-bub=''><span class='evo_start  evofxdrc'><em class='day'>pe<\/em><em class='date'>02<\/em><em class='month'>loka<\/em><em class='time'><i t=\"y\">(loka 2)<\/i>10:00<\/em><\/span><span class='evo_end  evofxdrc'><em class='day'>to<\/em><em class='date'>29<\/em><em class='time'><i t=\"y\">(loka 29)<\/i>16:00<\/em><\/span><\/span><\/span><span class='evoet_c3 evoet_cx evcal_desc hide_eventtopdata '><span class='evoet_title evcal_desc2 evcal_event_title ' itemprop='name'>Valokuvakollektiivi Tiistai: Tiistain v\u00e4rit<\/span><\/span><\/span><span class='evoet_data' style='display:none' data-d=\"{&quot;loc.n&quot;:&quot;&quot;,&quot;orgs&quot;:[],&quot;tags&quot;:[]}\" data-bgc=\"#2a90de\" data-bggrad=\"\" ><\/span><\/a><\/p><div class='clear end'><\/div><\/div><div id=\"event_17474_0\" class=\"eventon_list_event evo_eventtop scheduled  event clrD event_17474_0\" data-event_id=\"17474\" data-ri=\"0r\" data-time=\"1791615600-1792328400\" data-colr=\"#2a90de\" itemscope itemtype='http:\/\/schema.org\/Event'><div class=\"evo_event_schema\" style=\"display:none\" ><a itemprop='url'  href='https:\/\/mobilia.fi\/fi\/tapahtuma\/syyslomaviikko-mobiliassa-2026\/'><\/a><meta itemprop='image' content=\"https:\/\/mobilia.fi\/wp-content\/uploads\/2026\/09\/IMG_5024_mini-scaled.jpg\" \/><meta itemprop='startDate' content=\"2026-10-10T10:00+3:00\" \/><meta itemprop='endDate' content=\"2026-10-18T16:00+3:00\" \/><meta itemprop='eventStatus' content=\"https:\/\/schema.org\/EventScheduled\" \/><meta itemprop='eventAttendanceMode'   itemscope itemtype=\"https:\/\/schema.org\/OfflineEventAttendanceMode\"\/><script type=\"application\/ld+json\">{\"@context\": \"http:\/\/schema.org\",\"@type\": \"Event\",\n\t\t\t\t\"@id\": \"event_17474_0\",\n\t\t\t\t\"eventAttendanceMode\":\"https:\/\/schema.org\/OfflineEventAttendanceMode\",\n\t\t\t\t\"eventStatus\":\"https:\/\/schema.org\/EventScheduled\",\n\t\t\t\t\"name\": \"Syyslomaviikko Mobiliassa 2026\",\n\t\t\t\t\"url\": \"https:\/\/mobilia.fi\/fi\/tapahtuma\/syyslomaviikko-mobiliassa-2026\/\",\n\t\t\t\t\"startDate\": \"2026-10-10T10:00+3:00\",\n\t\t\t\t\"endDate\": \"2026-10-18T16:00+3:00\",\n\t\t\t\t\"image\":\"https:\/\/mobilia.fi\/wp-content\/uploads\/2026\/09\/IMG_5024_mini-scaled.jpg\", \n\t\t\t\t\"description\":\"<p><strong>Ys\u00e4rijys\u00e4ri-meininki\u00e4 koululaisten syyslomaviikolla Mobiliassa<\/strong><\/p> <p>Pirkanmaan koululaisten syyslomaviikolla 10.\u201318.10.2026 Auton ja tien museo Mobiliassa Kangasalla on tarjolla ohjelmaa koko perheelle. Viikon teema on 1990-luku Ys\u00e4rijys\u00e4ri-n\u00e4yttelyn inspiroimana.<\/p> <p><strong>Syyslomaviikon ohjelma<\/strong><\/p> <p>JOKA P\u00c4IV\u00c4:<br \/> 10.\u201318.10. <strong>Karvanopat! Bongaa Ys\u00e4rijys\u00e4ri-n\u00e4yttelyst\u00e4<\/strong> monetko karvanopat l\u00f6yd\u00e4t n\u00e4yttelyst\u00e4. T\u00e4ll\u00e4 kertaa kannattaa olla tarkkana, sill\u00e4 kaikki nopat eiv\u00e4t roiku vain autojen peruutuspeileiss\u00e4\u2026 <em>Sis\u00e4ltyy p\u00e4\u00e4sylipun hintaan, lapset p\u00e4\u00e4sev\u00e4t aikuisen seurassa aina Mobiliaan ilmaiseksi!<\/em><\/p> <p>10.\u201318.10. Noppia on tarjolla my\u00f6s Minikabinetissa, jossa p\u00e4\u00e4see pelaamaan kaverin kanssa ajatonta <strong>klassikkopeli\u00e4 Yatzya<\/strong>. Tunnetko sin\u00e4 pelin? <em>Ilmainen<\/em><\/p> <p>LIS\u00c4KSI:<br \/> la 10.10., su 11.10. ja la 17.10. klo 12<strong> perheopastus Ys\u00e4rijys\u00e4ri-n\u00e4yttelyyn<\/strong><br \/> Ys\u00e4rijys\u00e4ri-n\u00e4yttely kertoo, millaista oli el\u00e4\u00e4 1990-luvulla. Samalla monille lapsille saattaa selvit\u00e4, millaisessa maailmassa omat vanhemmat eliv\u00e4t lapsuuttaan. Muutoksen ja murroksen vuosikymmenen tunnelmaan p\u00e4\u00e4st\u00e4\u00e4n aikakauden ajoneuvojen ja ilmi\u00f6iden my\u00f6t\u00e4: tutuiksi tulevat k\u00e4nnyk\u00f6iden yleistyminen, Muumien saapuminen televisioon \u2013 ja mihin ihmeeseen tarvittiinkaan puhelinluetteloa? Kesto n. 20\u201330 min. <em>Sis\u00e4ltyy p\u00e4\u00e4sylipun hintaan, lapset p\u00e4\u00e4sev\u00e4t aikuisen seurassa aina Mobiliaan ilmaiseksi!<\/em><\/p> <p>ma 12.10.; ti 13.10 ja su 18.10.2026 klo 12\u201314 <strong>Retropelihetki: Hugo-peli<\/strong><br \/> Tule testaamaan, millainen pelattava on legendaarinen 1990-luvun Hugo-peli! Hugo-peikko oli yksi 1990-luvun suosituista lasten ohjelmista, joissa n\u00e4pp\u00e4inmallisella lankapuhelimella p\u00e4\u00e4si testaamaan taitojaan Hugon ohjaamisessa. Mobiliassa peli\u00e4 p\u00e4\u00e4see syyslomaviikolla pelaamaan konsolipeliversiona aidolta vanhanajan kuvaputkitelevisiolta. Mahtaako t\u00e4m\u00e4n p\u00e4iv\u00e4n lapsilta onnistua ys\u00e4rinpelin salat? Hugon sanoin: \u201daina ei voi voittaa, ei edes joka kerta\u201d. Pelihetki vanhan tekniikan luomin rajoittein eli toimii niin pitk\u00e4\u00e4n, kun ei hajoa. <em>Sis\u00e4ltyy p\u00e4\u00e4sylipun hintaan, lapset p\u00e4\u00e4sev\u00e4t aikuisen seurassa aina Mobiliaan ilmaiseksi!<\/em><\/p> <p>ke 14.10.; to 15.10. ja pe 16.10.2026 klo 12.30\u201313.30 <strong>Kurkkumopojen kiihdytyskisat<\/strong><br \/> Perheen pienimm\u00e4t p\u00e4\u00e4sev\u00e4t testaamaan omaa vauhtiaan kurkkumopokisassa. Kurkkumopot tai oikeammin Kuuel\u00e4imet Kurkkumaasta ovat tarkoitettu alle 20 kg painoisille lapsille. Palkitsemme p\u00e4iv\u00e4n parhaan kurkkumopotuloksen pienell\u00e4 pikapalkinnoilla ja syysloman parhaan pehmolelulla, jonka tarvittaessa postitamme kotiin. <em>Sis\u00e4ltyy p\u00e4\u00e4sylipun hintaan, lapset p\u00e4\u00e4sev\u00e4t aikuisen seurassa aina Mobiliaan ilmaiseksi!<\/em><\/p> <p><strong>Kahvilan syyslomaetu<\/strong><\/p> <p>Syyslomaviikon ajan 12.\u201318.10.2025 Mobilia ravintola tarjoaa aikuisen seurassa ruokailevien alle 13-vuotiaiden lasten lounaat hintaan 5 \u20ac\/lapsi, lapsille j\u00e4lkk\u00e4riksi j\u00e4\u00e4tel\u00f6tikku!<\/p> <p>Huomaathan, ett\u00e4 syyslomaviikolla 12.\u201318.10.2025 Mobilia ravintolassa on tarjolla lounas joka p\u00e4iv\u00e4 \u2013 my\u00f6s sunnuntaina \u2013 klo 11\u201314!<\/p> <p><strong>Uusi n\u00e4yttely Kokoelmien helmist\u00e4<\/strong><\/p> <p>Lokakuun alussa sopivasti ennen syyslomaviikon alkua, Mobiliassa aukeaa uusi n\u00e4yttely Fenno Gallerian n\u00e4yttelytilaan. Kokoelmien helmet -n\u00e4yttely kertoo ajoneuvoista, jotka ovat p\u00e4\u00e4tyneet Mobilian kokoelmien k\u00e4tk\u00f6ihin osaksi suomalaisen yhteiskunnan suurta tarinaa. Mutta miksi jokin tietty auto p\u00e4\u00e4tyy museokokoelmiin? Onko se harvinainen, taloudellisesti arvokas tai hyv\u00e4ss\u00e4 alkuper\u00e4iskunnossa? Onko sen omistaja erityisen mielenkiintoinen tai k\u00e4ytt\u00f6historia poikkeuksellinen? Kokoelmien helmet -n\u00e4yttely nostaa esille kymmenen ajoneuvoa, jotka on p\u00e4\u00e4tetty s\u00e4ilytt\u00e4\u00e4 osana yhteist\u00e4 historiaamme. Kokoelmien helmet n\u00e4ht\u00e4vill\u00e4 Fenno Galleriassa 5.10.2026\u201329.8.2027.<\/p> <p><em>Mobilia on avoinna joka p\u00e4iv\u00e4 klo 10\u201316, lis\u00e4ksi torstaina pidennetty avoinnaolo klo 19 asti. N\u00e4ht\u00e4vill\u00e4: Ys\u00e4rijys\u00e4ri, Kadonnut automuseo, Painavat kuvat, Kokoelmien helmet, Kertomuksia teist\u00e4, Rallimuseo, Mobilian klassikot. Lapset vanhempien seurassa ilmaiseksi museon puolelle.<\/em><\/p> \"}<\/script><\/div>\r\n\t\t\t\t<p class=\"desc_trig_outter\" style=\"\"><a data-gmap_status=\"null\" data-exlk=\"0\" style=\"background-color: #2a90de;\" id=\"evc_179161560017474\" href=\"https:\/\/mobilia.fi\/fi\/tapahtuma\/syyslomaviikko-mobiliassa-2026\/\" class=\"desc_trig mul_val evcal_list_a\" data-ux_val=\"4\" data-ux_val_mob=\"-\"  ><span class='evoet_in'><span class='evoet_c2 evoet_cx '><span class='evoet_dayblock evcal_cblock ' data-bgcolor='#2a90de' data-smon='lokakuu' data-syr='2026' data-bub=''><span class='evo_start  evofxdrc'><em class='day'>la<\/em><em class='date'>10<\/em><em class='month'>loka<\/em><em class='time'><i t=\"y\">(loka 10)<\/i>10:00<\/em><\/span><span class='evo_end  evofxdrc'><em class='day'>su<\/em><em class='date'>18<\/em><em class='time'><i t=\"y\">(loka 18)<\/i>16:00<\/em><\/span><\/span><\/span><span class='evoet_c3 evoet_cx evcal_desc hide_eventtopdata '><span class='evoet_title evcal_desc2 evcal_event_title ' itemprop='name'>Syyslomaviikko Mobiliassa 2026<\/span><\/span><\/span><span class='evoet_data' style='display:none' data-d=\"{&quot;loc.n&quot;:&quot;&quot;,&quot;orgs&quot;:[],&quot;tags&quot;:[]}\" data-bgc=\"#2a90de\" data-bggrad=\"\" ><\/span><\/a><\/p><div class='clear end'><\/div><\/div><\/div><div class='evcal_month_line' data-d='eml_11_2026' data-su='1793484000'><p>marraskuu<\/p><\/div><div class='sep_month_events ' data-d='eml_11_2026' data-range='1793484000_1796075999'><div id=\"event_17431_0\" class=\"eventon_list_event evo_eventtop scheduled  event clrD event_17431_0\" data-event_id=\"17431\" data-ri=\"0r\" data-time=\"1794135600-1794141000\" data-colr=\"#2a90de\" itemscope itemtype='http:\/\/schema.org\/Event'><div class=\"evo_event_schema\" style=\"display:none\" ><a itemprop='url'  href='https:\/\/mobilia.fi\/fi\/tapahtuma\/isanpaivalounas-2026\/'><\/a><meta itemprop='image' content=\"https:\/\/mobilia.fi\/wp-content\/uploads\/2024\/10\/1000033819-scaled.jpg\" \/><meta itemprop='startDate' content=\"2026-11-8T13:00+3:00\" \/><meta itemprop='endDate' content=\"2026-11-8T14:30+3:00\" \/><meta itemprop='eventStatus' content=\"https:\/\/schema.org\/EventScheduled\" \/><meta itemprop='eventAttendanceMode'   itemscope itemtype=\"https:\/\/schema.org\/OfflineEventAttendanceMode\"\/><script type=\"application\/ld+json\">{\"@context\": \"http:\/\/schema.org\",\"@type\": \"Event\",\n\t\t\t\t\"@id\": \"event_17431_0\",\n\t\t\t\t\"eventAttendanceMode\":\"https:\/\/schema.org\/OfflineEventAttendanceMode\",\n\t\t\t\t\"eventStatus\":\"https:\/\/schema.org\/EventScheduled\",\n\t\t\t\t\"name\": \"Is\u00e4np\u00e4iv\u00e4lounas 2026\",\n\t\t\t\t\"url\": \"https:\/\/mobilia.fi\/fi\/tapahtuma\/isanpaivalounas-2026\/\",\n\t\t\t\t\"startDate\": \"2026-11-8T13:00+3:00\",\n\t\t\t\t\"endDate\": \"2026-11-8T14:30+3:00\",\n\t\t\t\t\"image\":\"https:\/\/mobilia.fi\/wp-content\/uploads\/2024\/10\/1000033819-scaled.jpg\", \n\t\t\t\t\"description\":\"<p><strong>Is\u00e4np\u00e4iv\u00e4n lounas 2026<\/strong><br \/> Kattaus klo 13<br \/> Rucola-vihersalaattia, basilika\u00f6ljy\u00e4 ja confattuja kirsikkatomaatteja VEG, G<br \/> Timjamipaahdettua punajuurta, fetajuustokreemi\u00e4 ja karamellisoituja pekaanip\u00e4hkin\u00f6it\u00e4 L, G<br \/> Kirkasta perunasalaattia, pikkel\u00f6ity\u00e4 fenkolia ja omenaa VEG, G<br \/> Kylm\u00e4savulohitartaria saaristolaisleiv\u00e4ll\u00e4 ja pikkel\u00f6ity\u00e4 punasipulia L<br \/> Paahdettua myskikurpitsaa ja pinjansiemeni\u00e4 L, G<br \/> Marinoituja antipastokasviksia VEG, G<br \/> Caesar-salaattia, parmesaania ja yrttikrutonkeja L<br \/> Lapsille kurkkua, kirsikkatomaatteja, paprikaa ja hedelm\u00e4paloja VEG, G<br \/> Saaristolaisleip\u00e4\u00e4, maalaisleip\u00e4\u00e4 ja vatkattua yrttivoita L<\/p> <p>Ylikyps\u00e4\u00e4 naudan brisketti\u00e4 ja portviinikastiketta L, G<br \/> Paahdettua lohta ja voi-valkoviinikastiketta L, G<br \/> Savustettua tofua chili-korianterikastikkeessa VEG, G<br \/> Rosmariinipaahdettuja perunoita VEG, G<br \/> Karamellisoituja uunijuureksia VEG, G<br \/> Lapsille<br \/> Talon lihapullia ja maalaisranskalaisia L, G<\/p> <p>Uuniomenatiramisu L, G<br \/> Suklaabrownieta ja marinoituja vadelmia L<br \/> Lapsille<br \/> Vaniljaj\u00e4\u00e4tel\u00f6puikko L, G<br \/> Kahvi ja tee<\/p> <p>Menun hinta 44,50 \u20ac<br \/> 1,50 \u20ac \/ per ik\u00e4vuosi 12-vuotiaaseen saakka<\/p> <p>P\u00f6yt\u00e4varaustiedustelut:<br \/> puh. 045 783 47770<br \/> ravintola@mobilia.fi<\/p> <p>&nbsp;<\/p> \"}<\/script><\/div>\r\n\t\t\t\t<p class=\"desc_trig_outter\" style=\"\"><a data-gmap_status=\"null\" data-exlk=\"0\" style=\"background-color: #2a90de;\" id=\"evc_179413560017431\" href=\"https:\/\/mobilia.fi\/fi\/tapahtuma\/isanpaivalounas-2026\/\" class=\"desc_trig sin_val evcal_list_a\" data-ux_val=\"4\" data-ux_val_mob=\"-\"  ><span class='evoet_in'><span class='evoet_c2 evoet_cx '><span class='evoet_dayblock evcal_cblock ' data-bgcolor='#2a90de' data-smon='marraskuu' data-syr='2026' data-bub=''><span class='evo_start  evofxdrc'><em class='day'>su<\/em><em class='date'>08<\/em><em class='month'>marras<\/em><em class='time'>13:00<\/em><\/span><span class='evo_end only_time evofxdrc'><em class='time'>14:30<\/em><\/span><\/span><\/span><span class='evoet_c3 evoet_cx evcal_desc hide_eventtopdata '><span class='evoet_title evcal_desc2 evcal_event_title ' itemprop='name'>Is\u00e4np\u00e4iv\u00e4lounas 2026<\/span><\/span><\/span><span class='evoet_data' style='display:none' data-d=\"{&quot;loc.n&quot;:&quot;&quot;,&quot;orgs&quot;:[],&quot;tags&quot;:[]}\" data-bgc=\"#2a90de\" data-bggrad=\"\" ><\/span><\/a><\/p><div class='clear end'><\/div><\/div><div id=\"event_17086_0\" class=\"eventon_list_event evo_eventtop scheduled  event clrD event_17086_0\" data-event_id=\"17086\" data-ri=\"0r\" data-time=\"1795791600-1795899600\" data-colr=\"#2a90de\" itemscope itemtype='http:\/\/schema.org\/Event'><div class=\"evo_event_schema\" style=\"display:none\" ><a itemprop='url'  href='https:\/\/mobilia.fi\/fi\/tapahtuma\/ysarijysari-pikkujoulut\/'><\/a><meta itemprop='image' content=\"https:\/\/mobilia.fi\/wp-content\/uploads\/2026\/06\/Mobilia_pikkujoulut2026_verkkokauppaan_1100x720px.jpg\" \/><meta itemprop='startDate' content=\"2026-11-27T17:00+3:00\" \/><meta itemprop='endDate' content=\"2026-11-28T23:00+3:00\" \/><meta itemprop='eventStatus' content=\"https:\/\/schema.org\/EventScheduled\" \/><meta itemprop='eventAttendanceMode'   itemscope itemtype=\"https:\/\/schema.org\/OfflineEventAttendanceMode\"\/><script type=\"application\/ld+json\">{\"@context\": \"http:\/\/schema.org\",\"@type\": \"Event\",\n\t\t\t\t\"@id\": \"event_17086_0\",\n\t\t\t\t\"eventAttendanceMode\":\"https:\/\/schema.org\/OfflineEventAttendanceMode\",\n\t\t\t\t\"eventStatus\":\"https:\/\/schema.org\/EventScheduled\",\n\t\t\t\t\"name\": \"Ys\u00e4rijys\u00e4ri-pikkujoulut\",\n\t\t\t\t\"url\": \"https:\/\/mobilia.fi\/fi\/tapahtuma\/ysarijysari-pikkujoulut\/\",\n\t\t\t\t\"startDate\": \"2026-11-27T17:00+3:00\",\n\t\t\t\t\"endDate\": \"2026-11-28T23:00+3:00\",\n\t\t\t\t\"image\":\"https:\/\/mobilia.fi\/wp-content\/uploads\/2026\/06\/Mobilia_pikkujoulut2026_verkkokauppaan_1100x720px.jpg\", \n\t\t\t\t\"description\":\"<p>T\u00e4ydellinen pikkujouluilta ty\u00f6porukoille tai vaikkapa yst\u00e4vien kesken Tampereen seudulla!<\/p> <p><strong>Pikkujoulut Ys\u00e4rijys\u00e4ri-henkeen Mobiliassa<\/strong><br \/> <strong>perjantaina 27.11. &amp; lauantaina 28.11.2026<\/strong><br \/> Paluu 90-luvulle \u2013 tule porukalla viett\u00e4m\u00e4\u00e4n nostalgisen hauska ilta t\u00e4ynn\u00e4 ys\u00e4rifiilist\u00e4! Illan aikana nautitaan maittava illallinen, nauretaan stand upin parissa ja bailataan ys\u00e4ribiisien tahdissa. Retrofiilistely\u00e4 t\u00e4ydent\u00e4v\u00e4t Save Filen retropelit sek\u00e4 mahdollisuus tutustua Mobilian Ys\u00e4rijys\u00e4ri-n\u00e4yttelyyn.<\/p> <p><a href='https:\/\/mobilia.fi\/wp-content\/uploads\/2026\/06\/Mobilia_A3_pikkujoulumainos_2026.pdf' target='_blank' rel='noopener'><img class='alignnone size-medium wp-image-17087' src='https:\/\/mobilia.fi\/wp-content\/uploads\/2026\/06\/Mobilia_pikkujoulumainos_mini-240x300.jpg' alt='Sinis\u00e4vyinen pikkujoulumainos, jossa p\u00e4\u00e4osassa valkoinen Cadillac, jonka kyydiss\u00e4 tuulettavat Saku Koivu ja Timo Jutila. Heid\u00e4n p\u00e4ihins\u00e4 on tehty 90-luvun kuvank\u00e4sittely\u00e4 muistuttavalla tavalla tonttulakit.' width='240' height='300' \/><\/a><\/p> <p>Illan mittaan yleis\u00f6\u00e4 viihdytt\u00e4v\u00e4t:<\/p> <p>Stand up Antti Haapala<br \/> DJ Juissi<br \/> Retropelit by Save File<\/p> <p>Aikataulu:<br \/> klo 17 illallinen<br \/> klo 18 ovet aukeavat &amp; n\u00e4yttely avoinna<br \/> klo 19 showtime<\/p> <p>Hinnat<br \/> Illallinen + ohjelma 85 \u20ac\/hl\u00f6 <a href='https:\/\/webshop.trafiikki.fi\/mobilian-muut\/#!\/trafiikki\/ysarijysari-pikkujoulut-illallinen-2026' target='_blank' rel='noopener'>Osta verkkokaupastamme!<\/a><br \/> Pelkk\u00e4 ohjelma 36 \u20ac\/hl\u00f6 <a href='https:\/\/webshop.trafiikki.fi\/mobilian-muut\/#!\/trafiikki\/ysarijysari-pikkujoulut-2026' target='_blank' rel='noopener'>Osta verkkokaupastamme!<\/a><\/p> <p>Hinnat sis\u00e4lt\u00e4v\u00e4t voimassa olevan alv:n.<\/p> <p>Suuremmat ryhm\u00e4t\/tiedustelut ja varaukset: myynti@mobilia.fi<\/p> \"}<\/script><\/div>\r\n\t\t\t\t<p class=\"desc_trig_outter\" style=\"\"><a data-gmap_status=\"null\" data-exlk=\"0\" style=\"background-color: #2a90de;\" id=\"evc_179579160017086\" href=\"https:\/\/mobilia.fi\/fi\/tapahtuma\/ysarijysari-pikkujoulut\/\" class=\"desc_trig mul_val evcal_list_a\" data-ux_val=\"4\" data-ux_val_mob=\"-\"  ><span class='evoet_in'><span class='evoet_c2 evoet_cx '><span class='evoet_dayblock evcal_cblock ' data-bgcolor='#2a90de' data-smon='marraskuu' data-syr='2026' data-bub=''><span class='evo_start  evofxdrc'><em class='day'>pe<\/em><em class='date'>27<\/em><em class='month'>marras<\/em><em class='time'><i t=\"y\">(marras 27)<\/i>17:00<\/em><\/span><span class='evo_end  evofxdrc'><em class='day'>la<\/em><em class='date'>28<\/em><em class='time'><i t=\"y\">(marras 28)<\/i>23:00<\/em><\/span><\/span><\/span><span class='evoet_c3 evoet_cx evcal_desc hide_eventtopdata '><span class='evoet_title evcal_desc2 evcal_event_title ' itemprop='name'>Ys\u00e4rijys\u00e4ri-pikkujoulut<\/span><\/span><\/span><span class='evoet_data' style='display:none' data-d=\"{&quot;loc.n&quot;:&quot;&quot;,&quot;orgs&quot;:[],&quot;tags&quot;:[]}\" data-bgc=\"#2a90de\" data-bggrad=\"\" ><\/span><\/a><\/p><div class='clear end'><\/div><\/div><\/div><div class='evcal_month_line' data-d='eml_12_2026' data-su='1796076000'><p>joulukuu<\/p><\/div><div class='sep_month_events ' data-d='eml_12_2026' data-range='1796076000_1798754399'><div id=\"event_17486_0\" class=\"eventon_list_event evo_eventtop scheduled  event clrD event_17486_0\" data-event_id=\"17486\" data-ri=\"0r\" data-time=\"1797325200-1797508800\" data-colr=\"#2a90de\" itemscope itemtype='http:\/\/schema.org\/Event'><div class=\"evo_event_schema\" style=\"display:none\" ><a itemprop='url'  href='https:\/\/mobilia.fi\/fi\/tapahtuma\/mobilian-jouluiset-kahvilalounaat-2026\/'><\/a><meta itemprop='image' content=\"https:\/\/mobilia.fi\/wp-content\/uploads\/2025\/09\/20240916_112032-scaled.jpg\" \/><meta itemprop='startDate' content=\"2026-12-15T11:00+3:00\" \/><meta itemprop='endDate' content=\"2026-12-17T14:00+3:00\" \/><meta itemprop='eventStatus' content=\"https:\/\/schema.org\/EventScheduled\" \/><meta itemprop='eventAttendanceMode'   itemscope itemtype=\"https:\/\/schema.org\/OfflineEventAttendanceMode\"\/><script type=\"application\/ld+json\">{\"@context\": \"http:\/\/schema.org\",\"@type\": \"Event\",\n\t\t\t\t\"@id\": \"event_17486_0\",\n\t\t\t\t\"eventAttendanceMode\":\"https:\/\/schema.org\/OfflineEventAttendanceMode\",\n\t\t\t\t\"eventStatus\":\"https:\/\/schema.org\/EventScheduled\",\n\t\t\t\t\"name\": \"Mobilian jouluiset kahvilalounaat 2026\",\n\t\t\t\t\"url\": \"https:\/\/mobilia.fi\/fi\/tapahtuma\/mobilian-jouluiset-kahvilalounaat-2026\/\",\n\t\t\t\t\"startDate\": \"2026-12-15T11:00+3:00\",\n\t\t\t\t\"endDate\": \"2026-12-17T14:00+3:00\",\n\t\t\t\t\"image\":\"https:\/\/mobilia.fi\/wp-content\/uploads\/2025\/09\/20240916_112032-scaled.jpg\", \n\t\t\t\t\"description\":\"<p><strong>Joululounas tiistaista torstaihin 15.\u201317.12.<\/strong><br \/> Katetaan Talonpojan saliin buffa ja varaukset sinne, ilman varausta ruokailu kahvilassa. Ei tavallista lounasta tarjolla n\u00e4in\u00e4 p\u00e4ivin\u00e4. Jos varauksia enemm\u00e4n ja isompia ryhmi\u00e4 niin laitetaan lis\u00e4tilaa aukiolle.<br \/> Joululounas noutop\u00f6yd\u00e4st\u00e4<br \/> Vihersalaattia, p\u00e4\u00e4ryn\u00e4\u00e4, p\u00e4hkin\u00f6it\u00e4 ja puolukkavinaigrettea VEG, G<br \/> Kvinoa-granaattiomenasalaattia VEG, G<br \/> Rosolli paahdetuista juureksista ja punajuurikermaa L, G<br \/> L\u00e4mminsavulohi-perunasalaattia L, G<br \/> Sinappisilli\u00e4 ja katajanmarjasilakoita L, G<br \/> Paahdettua myskikurpitsaa ja pinjansiemeni\u00e4 VEG, G<br \/> Saaristolaisleip\u00e4\u00e4 ja voita L<\/p> <p>Joulukinkkua ja talon sinappia L, G<br \/> Lihapullia ja kermakastiketta L, G<br \/> Mets\u00e4sieniohrapaistos VEG, G<br \/> Peruna-, porkkana- ja lanttulaatikkoa L, G<br \/> Karamellisoituja uunijuureksia ja timjamia VEG, G<br \/> Keitettyj\u00e4 perunoita<\/p> <p>Vaniljapannacotta ja t\u00e4htianiksella maustettuja karpaloita L, G<br \/> Pipareita<br \/> Kahvi ja tee<\/p> <p>Joululounas 21,90 \u20ac\/hl\u00f6<\/p> <p>&nbsp;<\/p> <p>Iltatilaisuuksiin, joihin halutaan jouluruokaa:<\/p> <p><strong>Joulubuffet noutop\u00f6yd\u00e4st\u00e4<\/strong><\/p> <p>Alkuun l\u00e4mmin omenagl\u00f6gi<\/p> <p>Vihersalaattia, p\u00e4\u00e4ryn\u00e4\u00e4, p\u00e4hkin\u00f6it\u00e4 ja puolukkavinaigrettea VEG, G<br \/> Rosolli paahdetuista juureksista ja punajuurikermaa L, G<br \/> L\u00e4mminsavulohi-perunasalaattia L, G<br \/> Sinappisilli\u00e4 ja katajanmarjasilakoita L, G<br \/> Paahdettua myskikurpitsaa ja pinjansiemeni\u00e4 VEG, G<br \/> Saaristolaisleip\u00e4\u00e4 ja voita L<\/p> <p>Joulukinkkua ja talon sinappia L, G<br \/> Lihapullia ja kermakastiketta L, G<br \/> Peruna-, porkkana- ja lanttulaatikkoa L, G<br \/> Karamellisoituja uunijuureksi ja timjamia VEG, G<br \/> Keitettyj\u00e4 perunoita VEG, G<\/p> <p>Vaniljapannacotta ja t\u00e4htianiksella maustettuja karpaloita L, G<br \/> Pipareita L<br \/> Kahvi\/ tee<\/p> <p>Menun hinta 32,50<\/p> <p>Mobilia ravintolan yhteystiedot:<br \/> puh. 045 783 47770<br \/> ravintola@mobilia.fi<\/p> <p>&nbsp;<\/p> \"}<\/script><\/div>\r\n\t\t\t\t<p class=\"desc_trig_outter\" style=\"\"><a data-gmap_status=\"null\" data-exlk=\"0\" style=\"background-color: #2a90de;\" id=\"evc_179732520017486\" href=\"https:\/\/mobilia.fi\/fi\/tapahtuma\/mobilian-jouluiset-kahvilalounaat-2026\/\" class=\"desc_trig mul_val evcal_list_a\" data-ux_val=\"4\" data-ux_val_mob=\"-\"  ><span class='evoet_in'><span class='evoet_c2 evoet_cx '><span class='evoet_dayblock evcal_cblock ' data-bgcolor='#2a90de' data-smon='joulukuu' data-syr='2026' data-bub=''><span class='evo_start  evofxdrc'><em class='day'>ti<\/em><em class='date'>15<\/em><em class='month'>joulu<\/em><em class='time'><i t=\"y\">(joulu 15)<\/i>11:00<\/em><\/span><span class='evo_end  evofxdrc'><em class='day'>to<\/em><em class='date'>17<\/em><em class='time'><i t=\"y\">(joulu 17)<\/i>14:00<\/em><\/span><\/span><\/span><span class='evoet_c3 evoet_cx evcal_desc hide_eventtopdata '><span class='evoet_title evcal_desc2 evcal_event_title ' itemprop='name'>Mobilian jouluiset kahvilalounaat 2026<\/span><\/span><\/span><span class='evoet_data' style='display:none' data-d=\"{&quot;loc.n&quot;:&quot;&quot;,&quot;orgs&quot;:[],&quot;tags&quot;:[]}\" data-bgc=\"#2a90de\" data-bggrad=\"\" ><\/span><\/a><\/p><div class='clear end'><\/div><\/div><\/div>\t\t\t<\/div>\r\n\t\t\t<\/div><!-- evo_events_list_box -->\t\r\n\t\t\t<div class='clear'><\/div>\r\n\t\t\t\t\t \t<div id='evcal_footer' class='evo_bottom' style='display:none'>\r\n\t\t \t\t<div class='evo_cal_data' data-sc=\"{&quot;accord&quot;:&quot;no&quot;,&quot;bottom_nav&quot;:&quot;no&quot;,&quot;cal_id&quot;:&quot;&quot;,&quot;cal_init_nonajax&quot;:&quot;no&quot;,&quot;calendar_type&quot;:&quot;list&quot;,&quot;ep_fields&quot;:&quot;&quot;,&quot;etc_override&quot;:&quot;no&quot;,&quot;evc_open&quot;:&quot;no&quot;,&quot;event_count&quot;:&quot;3\\u2033&quot;,&quot;event_location&quot;:&quot;all&quot;,&quot;event_order&quot;:&quot;ASC&quot;,&quot;event_organizer&quot;:&quot;all&quot;,&quot;event_parts&quot;:&quot;no&quot;,&quot;event_past_future&quot;:&quot;all&quot;,&quot;event_status&quot;:&quot;all&quot;,&quot;event_tag&quot;:&quot;all&quot;,&quot;event_type&quot;:&quot;all&quot;,&quot;event_type_2&quot;:&quot;all&quot;,&quot;event_virtual&quot;:&quot;all&quot;,&quot;eventtop_date_style&quot;:0,&quot;eventtop_style&quot;:&quot;2&quot;,&quot;exp_jumper&quot;:&quot;no&quot;,&quot;exp_so&quot;:&quot;no&quot;,&quot;filter_relationship&quot;:&quot;AND&quot;,&quot;filter_show_set_only&quot;:&quot;no&quot;,&quot;filter_style&quot;:&quot;default&quot;,&quot;filter_type&quot;:&quot;default&quot;,&quot;filters&quot;:&quot;yes&quot;,&quot;fixed_month&quot;:&quot;9&quot;,&quot;fixed_year&quot;:&quot;2026&quot;,&quot;focus_end_date_range&quot;:&quot;1819745999&quot;,&quot;focus_start_date_range&quot;:&quot;1788210000&quot;,&quot;ft_event_priority&quot;:&quot;no&quot;,&quot;hide_arrows&quot;:&quot;no&quot;,&quot;hide_cancels&quot;:&quot;no&quot;,&quot;hide_empty_months&quot;:&quot;yes&quot;,&quot;hide_end_time&quot;:&quot;no&quot;,&quot;hide_et_dn&quot;:&quot;no&quot;,&quot;hide_et_extra&quot;:&quot;no&quot;,&quot;hide_et_tags&quot;:&quot;no&quot;,&quot;hide_et_tl&quot;:&quot;no&quot;,&quot;hide_ft&quot;:&quot;no&quot;,&quot;hide_ft_img&quot;:&quot;no&quot;,&quot;hide_month_headers&quot;:&quot;no&quot;,&quot;hide_mult_occur&quot;:&quot;no&quot;,&quot;hide_past&quot;:&quot;no&quot;,&quot;hide_past_by&quot;:&quot;ee&quot;,&quot;hide_so&quot;:&quot;no&quot;,&quot;ics&quot;:&quot;no&quot;,&quot;jumper&quot;:&quot;no&quot;,&quot;jumper_count&quot;:5,&quot;jumper_offset&quot;:&quot;0&quot;,&quot;lang&quot;:&quot;L1&quot;,&quot;layout_changer&quot;:&quot;no&quot;,&quot;livenow_bar&quot;:&quot;yes&quot;,&quot;mapformat&quot;:&quot;roadmap&quot;,&quot;mapiconurl&quot;:&quot;&quot;,&quot;maps_load&quot;:&quot;yes&quot;,&quot;mapscroll&quot;:&quot;true&quot;,&quot;mapzoom&quot;:&quot;18&quot;,&quot;members_only&quot;:&quot;no&quot;,&quot;ml_priority&quot;:&quot;no&quot;,&quot;ml_toend&quot;:&quot;no&quot;,&quot;month_incre&quot;:0,&quot;number_of_months&quot;:&quot;12&quot;,&quot;only_ft&quot;:&quot;no&quot;,&quot;pec&quot;:&quot;&quot;,&quot;s&quot;:&quot;&quot;,&quot;search&quot;:&quot;&quot;,&quot;search_all&quot;:&quot;no&quot;,&quot;sep_month&quot;:&quot;yes&quot;,&quot;show_et_ft_img&quot;:&quot;no&quot;,&quot;show_limit&quot;:&quot;no&quot;,&quot;show_limit_ajax&quot;:&quot;no&quot;,&quot;show_limit_paged&quot;:1,&quot;show_limit_redir&quot;:&quot;&quot;,&quot;show_repeats&quot;:&quot;no&quot;,&quot;show_search&quot;:&quot;no&quot;,&quot;show_upcoming&quot;:&quot;1&quot;,&quot;show_year&quot;:&quot;no&quot;,&quot;social_share&quot;:&quot;no&quot;,&quot;sort_by&quot;:&quot;sort_date&quot;,&quot;tile_bg&quot;:0,&quot;tile_bg_size&quot;:&quot;full&quot;,&quot;tile_count&quot;:2,&quot;tile_height&quot;:0,&quot;tile_style&quot;:0,&quot;tiles&quot;:&quot;no&quot;,&quot;ux_val&quot;:&quot;4&quot;,&quot;view_switcher&quot;:&quot;no&quot;,&quot;wpml_l1&quot;:&quot;&quot;,&quot;wpml_l2&quot;:&quot;&quot;,&quot;wpml_l3&quot;:&quot;&quot;,&quot;x_ids&quot;:&quot;&quot;,&quot;yl_priority&quot;:&quot;no&quot;,&quot;yl_toend&quot;:&quot;no&quot;,&quot;fixed_day&quot;:&quot;6&quot;,&quot;_cver&quot;:&quot;5.0.13&quot;}\" data-filter_data=\"[]\" data-nav_data=\"{&quot;month_title&quot;:&quot;&lt;p id=&#039;evcal_cur&#039; class=&#039;evo_month_title padr10&#039;&gt; syyskuu, 2026&lt;\\\/p&gt;&quot;,&quot;arrows&quot;:&quot;&lt;p class=&#039;evo_arrows&#039;&gt;\\r\\n\\t\\t\\t\\t\\t&lt;button id=&#039;evcal_prev&#039; class=&#039;evcal_arrows evcal_btn_prev evodfx evofx_jc_c evofx_ai_c&#039; aria-label=&#039;Previous Month&#039;&gt;&lt;i class=&#039;fa fa-chevron-left&#039; aria-hidden=&#039;true&#039;&gt;&lt;\\\/i&gt;&lt;\\\/button&gt;\\r\\n\\t\\t\\t\\t\\t&lt;button id=&#039;evcal_next&#039; class=&#039;evcal_arrows evo_arrow_next evcal_btn_next evodfx evofx_jc_c evofx_ai_c&#039; aria-label=&#039;Next Month&#039;&gt;&lt;i class=&#039;fa fa-chevron-right&#039; aria-hidden=&#039;true&#039;&gt;&lt;\\\/i&gt;&lt;\\\/button&gt;\\r\\n\\t\\t\\t\\t\\t&lt;\\\/p&gt;&quot;}\" data-od=\"{&quot;lang_no_events&quot;:&quot;No Events&quot;,&quot;cal_tz_offset&quot;:180,&quot;cal_tz&quot;:&quot;Europe\\\/Helsinki&quot;}\" ><\/div>\r\n\t\t \t\t<div class='evo_cal_events' data-events=\"\"><\/div>\r\n\t\t \t<\/div>\r\n\t\t\t\t\r\n\t\t\t\r\n\t\t\t\t\t\t<\/div><!-- EventON End -->\r\n\t\t\t<\/div>\n\t\t\t\t\t\t<\/div>\n\t\t\t\t<\/div>\n\t\t\t\t<div class=\"elementor-element elementor-element-9b137bc elementor-absolute elementor-widget elementor-widget-button\" data-id=\"9b137bc\" data-element_type=\"widget\" data-e-type=\"widget\" data-settings=\"{&quot;_position&quot;:&quot;absolute&quot;}\" data-widget_type=\"button.default\">\n\t\t\t\t<div class=\"elementor-widget-container\">\n\t\t\t\t\t\t\t\t\t<div class=\"elementor-button-wrapper\">\n\t\t\t\t\t<a class=\"elementor-button elementor-button-link elementor-size-md\" href=\"https:\/\/mobilia.fi\/vieraile\/tapahtumat\/\">\n\t\t\t\t\t\t<span class=\"elementor-button-content-wrapper\">\n\t\t\t\t\t\t\t\t\t<span class=\"elementor-button-text\">Katso kaikki<\/span>\n\t\t\t\t\t<\/span>\n\t\t\t\t\t<\/a>\n\t\t\t\t<\/div>\n\t\t\t\t\t\t\t\t<\/div>\n\t\t\t\t<\/div>\n\t\t\t\t\t<\/div>\n\t\t<\/div>\n\t\t\t\t\t<\/div>\n\t\t<\/section>\n\t\t\t\t\t<\/div>\n\t\t<\/div>\n\t\t\t\t\t<\/div>\n\t\t<\/section>\n\t\t\t\t<section class=\"elementor-section elementor-top-section elementor-element elementor-element-22dc5bb elementor-section-height-min-height elementor-section-boxed elementor-section-height-default elementor-section-items-middle\" data-id=\"22dc5bb\" data-element_type=\"section\" data-e-type=\"section\" data-settings=\"{&quot;background_background&quot;:&quot;classic&quot;}\">\n\t\t\t\t\t\t\t<div class=\"elementor-background-overlay\"><\/div>\n\t\t\t\t\t\t\t<div class=\"elementor-container elementor-column-gap-default\">\n\t\t\t\t\t<div class=\"elementor-column elementor-col-100 elementor-top-column elementor-element elementor-element-063dc40\" data-id=\"063dc40\" data-element_type=\"column\" data-e-type=\"column\">\n\t\t\t<div class=\"elementor-widget-wrap elementor-element-populated\">\n\t\t\t\t\t\t<section class=\"elementor-section elementor-inner-section elementor-element elementor-element-f3c9b2d elementor-section-boxed elementor-section-height-default elementor-section-height-default\" data-id=\"f3c9b2d\" data-element_type=\"section\" data-e-type=\"section\">\n\t\t\t\t\t\t<div class=\"elementor-container elementor-column-gap-default\">\n\t\t\t\t\t<div class=\"elementor-column elementor-col-100 elementor-inner-column elementor-element elementor-element-63ae923\" data-id=\"63ae923\" data-element_type=\"column\" data-e-type=\"column\">\n\t\t\t<div class=\"elementor-widget-wrap elementor-element-populated\">\n\t\t\t\t\t\t<div class=\"elementor-element elementor-element-caef64c elementor-widget elementor-widget-text-editor\" data-id=\"caef64c\" data-element_type=\"widget\" data-e-type=\"widget\" data-widget_type=\"text-editor.default\">\n\t\t\t\t<div class=\"elementor-widget-container\">\n\t\t\t\t\t\t\t\t\t<h2>Mobilian uutiskirje<\/h2><p><span class=\"custom-sub-header\">Tilaamalla uutiskirjeemme saat tietoa uusista n\u00e4yttelyist\u00e4 ja ajankohtaisista asioista.<\/span><\/p>\t\t\t\t\t\t\t\t<\/div>\n\t\t\t\t<\/div>\n\t\t\t\t<div class=\"elementor-element elementor-element-ec768f1 elementor-button-align-center elementor-widget elementor-widget-form\" data-id=\"ec768f1\" data-element_type=\"widget\" data-e-type=\"widget\" data-settings=\"{&quot;step_next_label&quot;:&quot;Next&quot;,&quot;step_previous_label&quot;:&quot;Previous&quot;,&quot;button_width&quot;:&quot;100&quot;,&quot;step_type&quot;:&quot;number_text&quot;,&quot;step_icon_shape&quot;:&quot;circle&quot;}\" data-widget_type=\"form.default\">\n\t\t\t\t<div class=\"elementor-widget-container\">\n\t\t\t\t\t\t\t<form class=\"elementor-form\" method=\"post\" name=\"Uutiskirje\" aria-label=\"Uutiskirje\">\n\t\t\t<input type=\"hidden\" name=\"post_id\" value=\"10\"\/>\n\t\t\t<input type=\"hidden\" name=\"form_id\" value=\"ec768f1\"\/>\n\t\t\t<input type=\"hidden\" name=\"referer_title\" value=\"Mobilia\" \/>\n\n\t\t\t\t\t\t\t<input type=\"hidden\" name=\"queried_id\" value=\"10\"\/>\n\t\t\t\n\t\t\t<div class=\"elementor-form-fields-wrapper elementor-labels-above\">\n\t\t\t\t\t\t\t\t<div class=\"elementor-field-type-email elementor-field-group elementor-column elementor-field-group-email elementor-col-100 elementor-field-required\">\n\t\t\t\t\t\t\t\t\t\t\t\t<label for=\"form-field-email\" class=\"elementor-field-label\">\n\t\t\t\t\t\t\t\tS\u00e4hk\u00f6posti\t\t\t\t\t\t\t<\/label>\n\t\t\t\t\t\t\t\t\t\t\t\t\t\t<input size=\"1\" type=\"email\" name=\"form_fields[email]\" id=\"form-field-email\" class=\"elementor-field elementor-size-sm  elementor-field-textual\" required=\"required\">\n\t\t\t\t\t\t\t\t\t\t\t<\/div>\n\t\t\t\t\t\t\t\t<div class=\"elementor-field-group elementor-column elementor-field-type-submit elementor-col-100 e-form__buttons\">\n\t\t\t\t\t<button class=\"elementor-button elementor-size-md\" type=\"submit\">\n\t\t\t\t\t\t<span class=\"elementor-button-content-wrapper\">\n\t\t\t\t\t\t\t\t\t\t\t\t\t\t\t\t\t\t\t\t\t\t<span class=\"elementor-button-text\">Tilaa uutiskirje<\/span>\n\t\t\t\t\t\t\t\t\t\t\t\t\t<\/span>\n\t\t\t\t\t<\/button>\n\t\t\t\t<\/div>\n\t\t\t<\/div>\n\t\t<\/form>\n\t\t\t\t\t\t<\/div>\n\t\t\t\t<\/div>\n\t\t\t\t\t<\/div>\n\t\t<\/div>\n\t\t\t\t\t<\/div>\n\t\t<\/section>\n\t\t\t\t\t<\/div>\n\t\t<\/div>\n\t\t\t\t\t<\/div>\n\t\t<\/section>\n\t\t\t\t<section class=\"elementor-section elementor-top-section elementor-element elementor-element-2f94e69 elementor-section-boxed elementor-section-height-default elementor-section-height-default\" data-id=\"2f94e69\" data-element_type=\"section\" data-e-type=\"section\">\n\t\t\t\t\t\t<div class=\"elementor-container elementor-column-gap-default\">\n\t\t\t\t\t<div class=\"elementor-column elementor-col-100 elementor-top-column elementor-element elementor-element-f95de7c\" data-id=\"f95de7c\" data-element_type=\"column\" data-e-type=\"column\">\n\t\t\t<div class=\"elementor-widget-wrap elementor-element-populated\">\n\t\t\t\t\t\t<div class=\"elementor-element elementor-element-ada64e5 elementor-widget elementor-widget-text-editor\" data-id=\"ada64e5\" data-element_type=\"widget\" data-e-type=\"widget\" data-widget_type=\"text-editor.default\">\n\t\t\t\t<div class=\"elementor-widget-container\">\n\t\t\t\t\t\t\t\t\t<h2>Mobilian uutisvirta<\/h2>\t\t\t\t\t\t\t\t<\/div>\n\t\t\t\t<\/div>\n\t\t\t\t<div class=\"elementor-element elementor-element-83dcb8a elementor-widget elementor-widget-shortcode\" data-id=\"83dcb8a\" data-element_type=\"widget\" data-e-type=\"widget\" data-widget_type=\"shortcode.default\">\n\t\t\t\t<div class=\"elementor-widget-container\">\n\t\t\t\t\t\t\t<div class=\"elementor-shortcode\"><link rel='stylesheet' id='ff-dynamic-css1' type='text\/css' href='https:\/\/mobilia.fi\/wp-content\/resources\/flow-flow\/css\/stream-id1.css?ver=1678120375'\/><!-- Flow-Flow \u2014 Social stream plugin for WordPress -->\n<div class=\"ff-stream\" data-plugin=\"flow_flow\" id=\"ff-stream-1\"><span class=\"ff-loader\"><span\n            class=\"ff-square\"><\/span><span class=\"ff-square\"><\/span><span class=\"ff-square ff-last\"><\/span><span\n            class=\"ff-square ff-clear\"><\/span><span class=\"ff-square\"><\/span><span\n            class=\"ff-square ff-last\"><\/span><span class=\"ff-square ff-clear\"><\/span><span\n            class=\"ff-square\"><\/span><span class=\"ff-square ff-last\"><\/span><\/span><\/div>\n<svg aria-hidden=\"true\" style=\"position: absolute; width: 0; height: 0; overflow: hidden;\" version=\"1.1\">\n    <defs>\n        <symbol id=\"ff-icon-heart\" viewBox=\"0 0 48 48\">\n            <path\n                d=\"M34.6 3.1c-4.5 0-7.9 1.8-10.6 5.6-2.7-3.7-6.1-5.5-10.6-5.5C6 3.1 0 9.6 0 17.6c0 7.3 5.4 12 10.6 16.5.6.5 1.3 1.1 1.9 1.7l2.3 2c4.4 3.9 6.6 5.9 7.6 6.5.5.3 1.1.5 1.6.5s1.1-.2 1.6-.5c1-.6 2.8-2.2 7.8-6.8l2-1.8c.7-.6 1.3-1.2 2-1.7C42.7 29.6 48 25 48 17.6c0-8-6-14.5-13.4-14.5z\">\n            <\/path>\n        <\/symbol>\n    <\/defs>\n<\/svg>\n\n\n<script>\n    window.flow_flow_streams = window.flow_flow_streams || [];\n    window.flow_flow_streams.push({\"id\":\"1\",\"hash\":\"1788623739.e72f12f7856c717952d5e612ed321dadda23ea25783bed40c93976681e73c3edbf9a23bfaddb52069df9fc67de1a774d\",\"stream\":{\"name\":\"\",\"cloud\":\"nope\",\"mod\":\"nope\",\"order\":\"compareByTime\",\"posts\":\"30\",\"days\":\"\",\"page-posts\":\"15\",\"cache\":\"yep\",\"cache_lifetime\":\"10\",\"gallery\":\"nope\",\"gallery-type\":\"classic\",\"private\":\"nope\",\"hide-on-desktop\":\"nope\",\"hide-on-mobile\":\"nope\",\"max-res\":\"nope\",\"show-only-media-posts\":\"nope\",\"titles\":\"nope\",\"hidemeta\":\"nope\",\"hidetext\":\"nope\",\"heading\":\"\",\"headingcolor\":\"rgb(59, 61, 64)\",\"subheading\":\"\",\"subheadingcolor\":\"rgb(114, 112, 114)\",\"hhalign\":\"center\",\"bgcolor\":\"rgb(240, 240, 240)\",\"filter\":\"nope\",\"filtercolor\":\"rgb(205, 205, 205)\",\"mobileslider\":\"nope\",\"viewportin\":\"yep\",\"width\":\"260\",\"margin\":\"20\",\"layout\":\"masonry\",\"theme\":\"classic\",\"gc-style\":\"style-1\",\"upic-pos\":\"timestamp\",\"upic-style\":\"round\",\"bradius\":\"15\",\"icon-style\":\"label1\",\"cardcolor\":\"rgb(255, 255, 255)\",\"namecolor\":\"rgb(59, 61, 64)\",\"textcolor\":\"rgb(131, 141, 143)\",\"linkscolor\":\"rgb(94, 159, 202)\",\"restcolor\":\"rgb(132, 118, 129)\",\"shadow\":\"rgba(0, 0, 0, 0.05)\",\"bcolor\":\"rgba(0, 0, 0, 0.75)\",\"talign\":\"left\",\"icons-style\":\"outline\",\"cards-num\":\"3\",\"scrolltop\":\"yep\",\"c-desktop\":\"5\",\"c-laptop\":\"4\",\"c-tablet-l\":\"3\",\"c-tablet-p\":\"2\",\"c-smart-l\":\"2\",\"c-smart-p\":\"1\",\"s-desktop\":\"15\",\"s-laptop\":\"15\",\"s-tablet-l\":\"10\",\"s-tablet-p\":\"10\",\"s-smart-l\":\"15\",\"s-smart-p\":\"15\",\"m-c-desktop\":\"5\",\"m-c-laptop\":\"4\",\"m-c-tablet-l\":\"3\",\"m-c-tablet-p\":\"2\",\"m-c-smart-l\":\"2\",\"m-c-smart-p\":\"1\",\"m-s-desktop\":\"15\",\"m-s-laptop\":\"15\",\"m-s-tablet-l\":\"10\",\"m-s-tablet-p\":\"10\",\"m-s-smart-l\":\"15\",\"m-s-smart-p\":\"15\",\"j-h-desktop\":\"260\",\"j-h-laptop\":\"240\",\"j-h-tablet-l\":\"220\",\"j-h-tablet-p\":\"200\",\"j-h-smart-l\":\"180\",\"j-h-smart-p\":\"160\",\"j-s-desktop\":\"0\",\"j-s-laptop\":\"0\",\"j-s-tablet-l\":\"0\",\"j-s-tablet-p\":\"0\",\"j-s-smart-l\":\"0\",\"j-s-smart-p\":\"0\",\"c-r-desktop\":\"2\",\"c-r-laptop\":\"2\",\"c-r-tablet-l\":\"2\",\"c-r-tablet-p\":\"2\",\"c-r-smart-l\":\"2\",\"c-r-smart-p\":\"2\",\"c-c-desktop\":\"5\",\"c-c-laptop\":\"4\",\"c-c-tablet-l\":\"3\",\"c-c-tablet-p\":\"3\",\"c-c-smart-l\":\"2\",\"c-c-smart-p\":\"2\",\"c-s-desktop\":\"0\",\"c-s-laptop\":\"0\",\"c-s-tablet-l\":\"0\",\"c-s-tablet-p\":\"0\",\"c-s-smart-l\":\"0\",\"c-s-smart-p\":\"0\",\"c-autoplay\":\"\",\"c-arrows-always\":\"yep\",\"c-arrows-mob\":\"nope\",\"c-dots\":\"yep\",\"c-dots-mob\":\"nope\",\"wallwidth\":\"\",\"wallvm\":\"20\",\"wallhm\":\"0\",\"wallcomments\":\"yep\",\"g-ratio-w\":\"1\",\"g-ratio-h\":\"2\",\"g-ratio-img\":\"1\\\/2\",\"g-overlay\":\"nope\",\"m-overlay\":\"nope\",\"css\":\"\",\"template\":[\"image\",\"header\",\"text\",\"meta\"],\"tv\":\"nope\",\"tv-int\":\"5\",\"tv-logo\":\"\",\"tv-bg\":\"\",\"big\":\"nope\",\"id\":\"1\",\"last_changes\":1678120375,\"status\":\"1\",\"feeds\":[{\"id\":\"le35824\",\"errors\":[],\"status\":\"1\",\"enabled\":\"yep\",\"last_update\":\"syys 5 18:55\",\"cache_lifetime\":\"1440\",\"system_enabled\":\"1\",\"boosted\":\"nope\",\"timeline-type\":\"page_timeline\",\"content\":\"208395129326\",\"posts\":\"10\",\"mod\":\"nope\",\"type\":\"facebook\",\"include\":\"\",\"filter-by-words\":\"\",\"page\":\"1\"}],\"preview\":false},\"ads\":false,\"js_opts\":{\"streams\":{},\"open_in_new\":\"nope\",\"filter_all\":\"All\",\"filter_search\":\"Search\",\"expand_text\":\"Expand\",\"collapse_text\":\"Collapse\",\"posted_on\":\"Posted on\",\"followers\":\"Followers\",\"following\":\"Following\",\"posts\":\"Posts\",\"show_more\":\"Show more\",\"date_style\":\"wpStyleDate\",\"dates\":{\"Yesterday\":\"Yesterday\",\"s\":\"s\",\"m\":\"m\",\"h\":\"h\",\"ago\":\"ago\",\"months\":[\"Jan\",\"Feb\",\"March\",\"April\",\"May\",\"June\",\"July\",\"Aug\",\"Sept\",\"Oct\",\"Nov\",\"Dec\"]},\"lightbox_navigate\":\"Navigate with arrow keys\",\"view_on\":\"View on\",\"view_on_site\":\"View on site\",\"view_all\":\"View all\",\"comments\":\"comments\",\"scroll\":\"Scroll for more\",\"no_comments\":\"No comments yet.\",\"check_comments\":\"Check all comments\",\"be_first\":\"Be the first!\",\"loading\":\"Loading\",\"server_time\":1788701754,\"forceHTTPS\":\"nope\",\"isAdmin\":false,\"ajaxurl\":\"https:\\\/\\\/mobilia.fi\\\/wp-admin\\\/admin-ajax.php\",\"isLog\":false,\"plugin_base\":\"https:\\\/\\\/mobilia.fi\\\/wp-content\\\/plugins\\\/flow-flow-social-streams\",\"plugin_ver\":\"5.0.5\",\"domain\":\"mobilia.fi\",\"refresh_nonce\":\"d147e8eef0\",\"engage_nonce\":\"54e5de68fb\",\"token\":\"\"},\"domain\":\"mobilia.fi\",\"plugin_directory\":\"https:\\\/\\\/mobilia.fi\\\/wp-content\\\/plugins\\\/flow-flow-social-streams\",\"plugin_base\":\"https:\\\/\\\/mobilia.fi\\\/wp-content\\\/plugins\\\/flow-flow-social-streams\",\"version\":\"5.0.5\",\"ajaxurl\":\"https:\\\/\\\/mobilia.fi\\\/wp-admin\\\/admin-ajax.php\",\"disableCache\":false,\"page\":\"0\",\"is_preview\":false,\"boosted\":false,\"moderation\":false,\"admin\":false,\"dependencies\":[]});\n<\/script>\n\n<script src=\"https:\/\/mobilia.fi\/wp-content\/plugins\/flow-flow-social-streams\/js\/stream-loader.js?ver=5.0.5\"><\/script>\n<!-- Flow-Flow \u2014 Social streams plugin for WordPress -->\n<\/div>\n\t\t\t\t\t\t<\/div>\n\t\t\t\t<\/div>\n\t\t\t\t\t<\/div>\n\t\t<\/div>\n\t\t\t\t\t<\/div>\n\t\t<\/section>\n\t\t\t\t<\/div>\n\t\t","protected":false},"excerpt":{"rendered":"<p>Ys\u00e4rijys\u00e4ri-pikkujoulut Tule porukalla viett\u00e4m\u00e4\u00e4n nostalgisen hauska ilta t\u00e4ynn\u00e4 ys\u00e4rifiilist\u00e4 27.11. &#038; 28.11!Lue lis\u00e4\u00e4 ja osta liputTorstaina museoon klo 19 astiMobilian torstai-iltojen pidennetyt avoinnaolot. Tutustu opastustarjontaamme!Lue lis\u00e4\u00e4Ys\u00e4rijys\u00e4riMurroksen ja muutoksen vuosikymmen, n\u00e4yttely t\u00e4ynn\u00e4 muistoja!Lue lis\u00e4\u00e4RallimuseoNuotit rallin historiaan!Lue lis\u00e4\u00e4 Tervetuloa Mobiliaan!Mobilia on auto- ja tieliikenteen valtakunnallinen vastuumuseo. Tarjoamme n\u00e4ht\u00e4v\u00e4\u00e4 ja koettavaa l\u00e4pi vuoden koko perheelle. Tervetuloa!Mobilian el\u00e4myspalveluihin kuuluu [&hellip;]<\/p>\n","protected":false},"author":1,"featured_media":0,"parent":0,"menu_order":20,"comment_status":"closed","ping_status":"closed","template":"","meta":{"_acf_changed":false,"inline_featured_image":false,"footnotes":""},"class_list":["post-10","page","type-page","status-publish","hentry"],"acf":[],"_links":{"self":[{"href":"https:\/\/mobilia.fi\/fi\/wp-json\/wp\/v2\/pages\/10","targetHints":{"allow":["GET"]}}],"collection":[{"href":"https:\/\/mobilia.fi\/fi\/wp-json\/wp\/v2\/pages"}],"about":[{"href":"https:\/\/mobilia.fi\/fi\/wp-json\/wp\/v2\/types\/page"}],"author":[{"embeddable":true,"href":"https:\/\/mobilia.fi\/fi\/wp-json\/wp\/v2\/users\/1"}],"replies":[{"embeddable":true,"href":"https:\/\/mobilia.fi\/fi\/wp-json\/wp\/v2\/comments?post=10"}],"version-history":[{"count":156,"href":"https:\/\/mobilia.fi\/fi\/wp-json\/wp\/v2\/pages\/10\/revisions"}],"predecessor-version":[{"id":17473,"href":"https:\/\/mobilia.fi\/fi\/wp-json\/wp\/v2\/pages\/10\/revisions\/17473"}],"wp:attachment":[{"href":"https:\/\/mobilia.fi\/fi\/wp-json\/wp\/v2\/media?parent=10"}],"curies":[{"name":"wp","href":"https:\/\/api.w.org\/{rel}","templated":true}]}}