{"id":2333,"date":"2020-11-24T15:31:19","date_gmt":"2020-11-24T13:31:19","guid":{"rendered":"https:\/\/mobilia.fi\/?page_id=2333"},"modified":"2025-02-24T16:20:33","modified_gmt":"2025-02-24T14:20:33","slug":"esteettomyys","status":"publish","type":"page","link":"https:\/\/mobilia.fi\/fi\/vieraile\/esteettomyys\/","title":{"rendered":"Esteett\u00f6myys ja saavutettavuus"},"content":{"rendered":"\t\t<div data-elementor-type=\"wp-page\" data-elementor-id=\"2333\" class=\"elementor elementor-2333\" data-elementor-post-type=\"page\">\n\t\t\t\t\t\t<section class=\"elementor-section elementor-top-section elementor-element elementor-element-737a105c elementor-section-height-min-height elementor-section-boxed elementor-section-height-default elementor-section-items-middle\" data-id=\"737a105c\" data-element_type=\"section\" data-e-type=\"section\" data-settings=\"{&quot;background_background&quot;:&quot;classic&quot;}\">\n\t\t\t\t\t\t\t<div class=\"elementor-background-overlay\"><\/div>\n\t\t\t\t\t\t\t<div class=\"elementor-container elementor-column-gap-default\">\n\t\t\t\t\t<div class=\"elementor-column elementor-col-100 elementor-top-column elementor-element elementor-element-6aa2469e\" data-id=\"6aa2469e\" data-element_type=\"column\" data-e-type=\"column\">\n\t\t\t<div class=\"elementor-widget-wrap elementor-element-populated\">\n\t\t\t\t\t\t<div class=\"elementor-element elementor-element-42032270 elementor-widget elementor-widget-text-editor\" data-id=\"42032270\" data-element_type=\"widget\" data-e-type=\"widget\" data-widget_type=\"text-editor.default\">\n\t\t\t\t<div class=\"elementor-widget-container\">\n\t\t\t\t\t\t\t\t\t<h1>Esteett\u00f6myys ja saavutettavuus<\/h1>\t\t\t\t\t\t\t\t<\/div>\n\t\t\t\t<\/div>\n\t\t\t\t\t<\/div>\n\t\t<\/div>\n\t\t\t\t\t<\/div>\n\t\t<\/section>\n\t\t\t\t<section class=\"elementor-section elementor-top-section elementor-element elementor-element-ddc7e50 elementor-section-boxed elementor-section-height-default elementor-section-height-default\" data-id=\"ddc7e50\" data-element_type=\"section\" data-e-type=\"section\">\n\t\t\t\t\t\t<div class=\"elementor-container elementor-column-gap-default\">\n\t\t\t\t\t<div class=\"elementor-column elementor-col-100 elementor-top-column elementor-element elementor-element-152313a\" data-id=\"152313a\" data-element_type=\"column\" data-e-type=\"column\">\n\t\t\t<div class=\"elementor-widget-wrap elementor-element-populated\">\n\t\t\t\t\t\t<div class=\"elementor-element elementor-element-b748fde elementor-widget elementor-widget-text-editor\" data-id=\"b748fde\" data-element_type=\"widget\" data-e-type=\"widget\" data-widget_type=\"text-editor.default\">\n\t\t\t\t<div class=\"elementor-widget-container\">\n\t\t\t\t\t\t\t\t\t<h3><span style=\"color: #009cdf;\">Mobilia on vammaiskortti- ja yst\u00e4v\u00e4nkorttikohde<\/span><\/h3><p>Vammaiskortin haltijan kanssa saapuvat henkil\u00f6kohtaiset avustajat ja tulkit p\u00e4\u00e4sev\u00e4t museoon ilmaiseksi. My\u00f6s yst\u00e4v\u00e4nkortti-toimintaan kuuluvien tukiyst\u00e4v\u00e4 p\u00e4\u00e4see museovierailulle mukaan ilmaiseksi.<\/p><h3><span style=\"color: #009cdf;\">Mobilia on vessapassikohde<\/span><\/h3><p>Vessapassin haltija p\u00e4\u00e4see v\u00e4litt\u00f6m\u00e4sti l\u00e4himp\u00e4\u00e4n vessaan. Vessapassi-tarra vessoissamme toimii viestin\u00e4 muille vessank\u00e4ytt\u00e4jille siit\u00e4, ett\u00e4 korttia n\u00e4ytt\u00e4v\u00e4ll\u00e4 henkil\u00f6ll\u00e4 on sairaus, jonka vuoksi h\u00e4nelle on hyv\u00e4 antaa nopeasti p\u00e4\u00e4sy vessaan jonon ohi.<\/p><h3><span style=\"color: #009cdf;\">Opas- ja avustajakoirat<\/span><\/h3><p>Opas- ja avustajakoirat ovat tervetulleita museoon. Mobilian infosta voit pyyt\u00e4\u00e4 koirien vesikulhoa lainaan.<\/p><h3><span style=\"color: #009cdf;\">Saapuminen<\/span><\/h3><p>Mobiliassa on yhteens\u00e4 kaksi invapys\u00e4k\u00f6intipaikkaa. Toinen sijaitsee Keskustalon pys\u00e4k\u00f6intialueella l\u00e4himp\u00e4n\u00e4 sis\u00e4\u00e4nk\u00e4ynti\u00e4 ja toinen Fenno Gallerian pys\u00e4k\u00f6intialueella. Pys\u00e4k\u00f6intipaikat l\u00f6ytyv\u00e4t Autoliiton invapys\u00e4k\u00f6intisovelluksesta.<\/p><p>Keskustalon p\u00e4\u00e4ovelle p\u00e4\u00e4see luiskaa pitkin rakennuksen pys\u00e4k\u00f6intialueen puoleisesta p\u00e4\u00e4dyst\u00e4. Museon p\u00e4\u00e4ovi avautuu painikkeella. Tarvittaessa apua saa Mobilian infosta (puh. 03 31 40 4000).<\/p><h3><span style=\"color: #009cdf;\">S\u00e4ilytystilat ja esteett\u00f6m\u00e4t wc-tilat<\/span><\/h3><p>Naulakoille kuljetaan kahvilan l\u00e4pi. S\u00e4ilytyslokerikkoja on my\u00f6s matalalla.<\/p><p>Naulakkotilan vieress\u00e4 on 1990-luvun ohjeistuksen mukaan varusteltu inva-vessa. S\u00e4hk\u00f6py\u00f6r\u00e4tuoleille se ei sovellu, koska wc-istuimen ymp\u00e4rill\u00e4 ei ole riitt\u00e4v\u00e4sti tilaa. Vessassa on kuitenkin tukikaiteet sek\u00e4 laskettava lavuaari. Keskustalon n\u00e4yttelytilojen puolella Rallimuseon sis\u00e4\u00e4nk\u00e4ynnin l\u00e4heisyydess\u00e4 on nykynormit t\u00e4ytt\u00e4v\u00e4 inva-vessa.<\/p><h3><span style=\"color: #009cdf;\">Liikkuminen Keskustalon n\u00e4yttelytiloissa<\/span><\/h3><p>Keskustalon n\u00e4yttelytilat ovat esteett\u00f6mi\u00e4 liikkumisen suhteen. N\u00e4yttelyt sijaitsevat yhdess\u00e4 tasossa ja liikkumiselle on hyvin tilaa. N\u00e4yttelyn sis\u00e4\u00e4nmenossa on lainattava py\u00f6r\u00e4tuoli. Kosketusn\u00e4yt\u00f6t sijaitsevat korkeudella, johon ylt\u00e4\u00e4 hyvin my\u00f6s py\u00f6r\u00e4tuolista. N\u00e4yttelyyn on sijoitettu lev\u00e4ht\u00e4miseen sopivia tuoleja.<\/p><h3><span style=\"color: #009cdf;\">Liikkuminen Fenno Gallerian n\u00e4yttelytilassa<\/span><\/h3><p>Fenno Galleria sijaitsee eri rakennuksessa noin 400 metrin p\u00e4\u00e4ss\u00e4 Keskustalolta. Suosittelemme siirtym\u00e4\u00e4n v\u00e4limatkan autolla, sill\u00e4 siirtym\u00e4reitti ei ole esteet\u00f6n: matkalla on hiekkapohjainen kevyenliikenteen v\u00e4yl\u00e4 sek\u00e4 jyrkk\u00e4 m\u00e4ki, jonka kohdalla jalankulku on ohjattu portaisiin. Itse n\u00e4yttelytila on liikuntaesteelliselle avustettuna esteet\u00f6n: raskaan ulko-oven avaaminen vaatii avustajan, mutta n\u00e4yttelytila on yhdess\u00e4 tasossa ja tilasta l\u00f6ytyy nykynormeja vastaava inva-wc. Ilman avustajaa liikkeell\u00e4 oleva voi pyyt\u00e4\u00e4 Mobilian infosta oven avaamisapua.<\/p><h3><span style=\"color: #009cdf;\">N\u00e4k\u00f6vammaispalvelut<\/span><\/h3><p>Suosittelemme n\u00e4k\u00f6vammaisten saapuvan museoon avustajan kanssa. Kassalta on saatavilla puuvillak\u00e4sineit\u00e4, joiden kanssa voi tutustua tiettyihin n\u00e4yttelyajoneuvoihin koskettamalla.<\/p><p>Ryhmille on saatavilla kuvailutulkattu opastus ennakkovarauksesta.<\/p><p>Fenno Galleriassa ajoneuvot sijaitsevat lasiseinien takana: heijastava lasipinta saattaa hankaloittaa n\u00e4kemist\u00e4.<\/p><h3><span style=\"color: #009cdf;\">Induktiosilmukka<\/span><\/h3><p>Mobiliassa ei ole induktiosilmukan k\u00e4ytt\u00f6mahdollisuutta.<\/p><h3><span style=\"color: #009cdf;\">Pienten lasten kanssa museovierailulle<\/span><\/h3><p>Lastenhoitotila l\u00f6ytyy kahvilan wc-tilojen yhteydest\u00e4. Kahvilassamme on sy\u00f6tt\u00f6tuoleja, ja voit pyyt\u00e4\u00e4 kahvilahenkil\u00f6kuntaa l\u00e4mmitt\u00e4m\u00e4\u00e4n vauvan ruuan. Ev\u00e4iden sy\u00f6ntipaikkoja ei ole sis\u00e4tiloissa, mutta ulkona leikkipuiston yhteydess\u00e4 olevaa huvimajaa voi hy\u00f6dynt\u00e4\u00e4 ev\u00e4spaikkana.<\/p><p>Keskustalon n\u00e4yttelyiden sis\u00e4\u00e4nk\u00e4ynniss\u00e4 on lainattavat lastenrattaat. Museon\u00e4yttelyiden puolelta l\u00f6ytyy lasten leikkipaikka, jossa on my\u00f6s nojatuolit vaikkapa imett\u00e4mist\u00e4 varten.<\/p><p>Fenno Galleriassa on lainattavat lastenrattaat sek\u00e4 pieni lasten puuhanurkka.<\/p><h3><span style=\"color: #009cdf;\">Verkkosivujen saavutettavuus<\/span><\/h3><p>Olemme sitoutuneet digipalveluiden saavutettavuuden parantamiseen. Mik\u00e4li l\u00f6yd\u00e4t puutteita sivustoltamme, pyyd\u00e4mme l\u00e4hett\u00e4m\u00e4\u00e4n meille asiasta palautetta osoitteeseen asiakaspalvelu@mobilia.fi<\/p>\t\t\t\t\t\t\t\t<\/div>\n\t\t\t\t<\/div>\n\t\t\t\t\t<\/div>\n\t\t<\/div>\n\t\t\t\t\t<\/div>\n\t\t<\/section>\n\t\t\t\t<\/div>\n\t\t","protected":false},"excerpt":{"rendered":"<p>Esteett\u00f6myys ja saavutettavuus Mobilia on vammaiskortti- ja yst\u00e4v\u00e4nkorttikohde Vammaiskortin haltijan kanssa saapuvat henkil\u00f6kohtaiset avustajat ja tulkit p\u00e4\u00e4sev\u00e4t museoon ilmaiseksi. My\u00f6s yst\u00e4v\u00e4nkortti-toimintaan kuuluvien tukiyst\u00e4v\u00e4 p\u00e4\u00e4see museovierailulle mukaan ilmaiseksi. Mobilia on vessapassikohde Vessapassin haltija p\u00e4\u00e4see v\u00e4litt\u00f6m\u00e4sti l\u00e4himp\u00e4\u00e4n vessaan. Vessapassi-tarra vessoissamme toimii viestin\u00e4 muille vessank\u00e4ytt\u00e4jille siit\u00e4, ett\u00e4 korttia n\u00e4ytt\u00e4v\u00e4ll\u00e4 henkil\u00f6ll\u00e4 on sairaus, jonka vuoksi h\u00e4nelle on hyv\u00e4 antaa [&hellip;]<\/p>\n","protected":false},"author":2,"featured_media":2203,"parent":29,"menu_order":11,"comment_status":"closed","ping_status":"closed","template":"","meta":{"_acf_changed":false,"inline_featured_image":false,"footnotes":""},"class_list":["post-2333","page","type-page","status-publish","has-post-thumbnail","hentry"],"acf":[],"_links":{"self":[{"href":"https:\/\/mobilia.fi\/fi\/wp-json\/wp\/v2\/pages\/2333","targetHints":{"allow":["GET"]}}],"collection":[{"href":"https:\/\/mobilia.fi\/fi\/wp-json\/wp\/v2\/pages"}],"about":[{"href":"https:\/\/mobilia.fi\/fi\/wp-json\/wp\/v2\/types\/page"}],"author":[{"embeddable":true,"href":"https:\/\/mobilia.fi\/fi\/wp-json\/wp\/v2\/users\/2"}],"replies":[{"embeddable":true,"href":"https:\/\/mobilia.fi\/fi\/wp-json\/wp\/v2\/comments?post=2333"}],"version-history":[{"count":37,"href":"https:\/\/mobilia.fi\/fi\/wp-json\/wp\/v2\/pages\/2333\/revisions"}],"predecessor-version":[{"id":15035,"href":"https:\/\/mobilia.fi\/fi\/wp-json\/wp\/v2\/pages\/2333\/revisions\/15035"}],"up":[{"embeddable":true,"href":"https:\/\/mobilia.fi\/fi\/wp-json\/wp\/v2\/pages\/29"}],"wp:featuredmedia":[{"embeddable":true,"href":"https:\/\/mobilia.fi\/fi\/wp-json\/wp\/v2\/media\/2203"}],"wp:attachment":[{"href":"https:\/\/mobilia.fi\/fi\/wp-json\/wp\/v2\/media?parent=2333"}],"curies":[{"name":"wp","href":"https:\/\/api.w.org\/{rel}","templated":true}]}}