{"id":4200,"date":"2021-11-19T11:56:04","date_gmt":"2021-11-19T09:56:04","guid":{"rendered":"https:\/\/mobilia.fi\/?page_id=4200"},"modified":"2021-12-03T12:42:13","modified_gmt":"2021-12-03T10:42:13","slug":"joulu-parakkikylassa","status":"publish","type":"page","link":"https:\/\/mobilia.fi\/fi\/joulu-parakkikylassa\/","title":{"rendered":"Joulu parakkikyl\u00e4ss\u00e4"},"content":{"rendered":"\t\t<div data-elementor-type=\"wp-page\" data-elementor-id=\"4200\" class=\"elementor elementor-4200\" data-elementor-post-type=\"page\">\n\t\t\t\t\t\t<section class=\"elementor-section elementor-top-section elementor-element elementor-element-507765e9 elementor-section-height-min-height elementor-section-boxed elementor-section-height-default elementor-section-items-middle\" data-id=\"507765e9\" data-element_type=\"section\" data-e-type=\"section\" data-settings=\"{&quot;background_background&quot;:&quot;classic&quot;}\">\n\t\t\t\t\t\t\t<div class=\"elementor-background-overlay\"><\/div>\n\t\t\t\t\t\t\t<div class=\"elementor-container elementor-column-gap-default\">\n\t\t\t\t\t<div class=\"elementor-column elementor-col-100 elementor-top-column elementor-element elementor-element-67b9b072\" data-id=\"67b9b072\" data-element_type=\"column\" data-e-type=\"column\">\n\t\t\t<div class=\"elementor-widget-wrap elementor-element-populated\">\n\t\t\t\t\t\t<div class=\"elementor-element elementor-element-2a4cb8af elementor-widget elementor-widget-text-editor\" data-id=\"2a4cb8af\" data-element_type=\"widget\" data-e-type=\"widget\" data-widget_type=\"text-editor.default\">\n\t\t\t\t<div class=\"elementor-widget-container\">\n\t\t\t\t\t\t\t\t\t<h1>Joulu kaukana kotoa<\/h1><div>\u00a0<\/div>\t\t\t\t\t\t\t\t<\/div>\n\t\t\t\t<\/div>\n\t\t\t\t\t<\/div>\n\t\t<\/div>\n\t\t\t\t\t<\/div>\n\t\t<\/section>\n\t\t\t\t<section class=\"elementor-section elementor-top-section elementor-element elementor-element-8e70d3a elementor-section-boxed elementor-section-height-default elementor-section-height-default\" data-id=\"8e70d3a\" data-element_type=\"section\" data-e-type=\"section\">\n\t\t\t\t\t\t<div class=\"elementor-container elementor-column-gap-default\">\n\t\t\t\t\t<div class=\"elementor-column elementor-col-100 elementor-top-column elementor-element elementor-element-bea30a1\" data-id=\"bea30a1\" data-element_type=\"column\" data-e-type=\"column\">\n\t\t\t<div class=\"elementor-widget-wrap elementor-element-populated\">\n\t\t\t\t\t\t<div class=\"elementor-element elementor-element-f70c318 elementor-widget elementor-widget-text-editor\" data-id=\"f70c318\" data-element_type=\"widget\" data-e-type=\"widget\" data-widget_type=\"text-editor.default\">\n\t\t\t\t<div class=\"elementor-widget-container\">\n\t\t\t\t\t\t\t\t\t<p>\u00a0<\/p><p><span data-contrast=\"none\">Siirtoty\u00f6maat ja parakkikyl\u00e4t olivat keskeinen osa suomalaista tienrakentamista ja ty\u00f6tt\u00f6myyden hoitoa 1950- ja 1960-luvuilla.\u00a0Ty\u00f6maat saattoivat sijaita useiden satojen kilometrien p\u00e4\u00e4ss\u00e4 kotoa.\u00a0Osa\u00a0miehist\u00e4 vietti joulunkin ty\u00f6maan parakkikyl\u00e4ss\u00e4.\u00a0<\/span><span data-ccp-props=\"{&quot;201341983&quot;:0,&quot;335559739&quot;:160,&quot;335559740&quot;:259}\">\u00a0<\/span><\/p><p><span data-contrast=\"none\">Joulun alla parakit siivottiin perusteellisesti\u00a0ja miehille j\u00e4rjestettiin saunomismahdollisuus.\u00a0Vuodesta 1952 vuoteen 1967 tarjottiin ilmainen jouluateria.\u00a0My\u00f6s radion kunto tarkastettiin ennen joulua.<\/span><span data-ccp-props=\"{&quot;201341983&quot;:0,&quot;335559739&quot;:160,&quot;335559740&quot;:259}\">\u00a0<\/span><\/p><p>\u00a0<\/p>\t\t\t\t\t\t\t\t<\/div>\n\t\t\t\t<\/div>\n\t\t\t\t\t<\/div>\n\t\t<\/div>\n\t\t\t\t\t<\/div>\n\t\t<\/section>\n\t\t\t\t<section class=\"elementor-section elementor-top-section elementor-element elementor-element-d8137aa elementor-section-boxed elementor-section-height-default elementor-section-height-default\" data-id=\"d8137aa\" data-element_type=\"section\" data-e-type=\"section\">\n\t\t\t\t\t\t<div class=\"elementor-container elementor-column-gap-default\">\n\t\t\t\t\t<div class=\"elementor-column elementor-col-50 elementor-top-column elementor-element elementor-element-d856940\" data-id=\"d856940\" data-element_type=\"column\" data-e-type=\"column\">\n\t\t\t<div class=\"elementor-widget-wrap elementor-element-populated\">\n\t\t\t\t\t\t<div class=\"elementor-element elementor-element-b6da693 elementor-widget elementor-widget-image\" data-id=\"b6da693\" data-element_type=\"widget\" data-e-type=\"widget\" data-widget_type=\"image.default\">\n\t\t\t\t<div class=\"elementor-widget-container\">\n\t\t\t\t\t\t\t\t\t\t\t\t\t\t\t\t<a href=\"https:\/\/mobilia.fi\/wp-content\/uploads\/2021\/11\/1.png\" data-elementor-open-lightbox=\"yes\" data-elementor-lightbox-title=\"jouluinen kirje Sulolta\" data-e-action-hash=\"#elementor-action%3Aaction%3Dlightbox%26settings%3DeyJpZCI6NDIxMSwidXJsIjoiaHR0cHM6XC9cL21vYmlsaWEuZmlcL3dwLWNvbnRlbnRcL3VwbG9hZHNcLzIwMjFcLzExXC8xLnBuZyJ9\">\n\t\t\t\t\t\t\t<img fetchpriority=\"high\" decoding=\"async\" width=\"724\" height=\"1024\" src=\"https:\/\/mobilia.fi\/wp-content\/uploads\/2021\/11\/1-724x1024.png\" class=\"attachment-large size-large wp-image-4211\" alt=\"jouluinen kirje Sulolta. Teksti: Hyv\u00e4 kotiv\u00e4ki, Rauhallista joulunaikaa sinne kotiin Paltamoon. Joko Siiri ja Toini ovat joululomalla? Mit\u00e4k\u00f6h\u00e4n miettiv\u00e4t, kun ei veli ole siell\u00e4 antamassa alkuvauhtia kelkkam\u00e4keen? Olin mieliss\u00e4ni kirjeest\u00e4, jonka teilt\u00e4 eilen sain. T\u00e4\u00e4ll\u00e4kin on paljon lunta ja pakkanen paukkuu nurkissa. Asuinparakeissa on pakkasesta johtuen v\u00e4lill\u00e4 kuuma ja v\u00e4lill\u00e4 kylm\u00e4. L\u00e4mmitys ei tahdo toimia oikein aina tasaisesti n\u00e4in kun kaminalla l\u00e4mmitet\u00e4\u00e4n. Lattianrajassa voi varpaita palella ja yl\u00e4punkassa olla hiki.\" srcset=\"https:\/\/mobilia.fi\/wp-content\/uploads\/2021\/11\/1-724x1024.png 724w, https:\/\/mobilia.fi\/wp-content\/uploads\/2021\/11\/1-212x300.png 212w, https:\/\/mobilia.fi\/wp-content\/uploads\/2021\/11\/1-768x1086.png 768w, https:\/\/mobilia.fi\/wp-content\/uploads\/2021\/11\/1-1086x1536.png 1086w, https:\/\/mobilia.fi\/wp-content\/uploads\/2021\/11\/1.png 1414w\" sizes=\"(max-width: 724px) 100vw, 724px\" \/>\t\t\t\t\t\t\t\t<\/a>\n\t\t\t\t\t\t\t\t\t\t\t\t\t\t\t<\/div>\n\t\t\t\t<\/div>\n\t\t\t\t\t<\/div>\n\t\t<\/div>\n\t\t\t\t<div class=\"elementor-column elementor-col-50 elementor-top-column elementor-element elementor-element-f416dfe\" data-id=\"f416dfe\" data-element_type=\"column\" data-e-type=\"column\">\n\t\t\t<div class=\"elementor-widget-wrap elementor-element-populated\">\n\t\t\t\t\t\t<div class=\"elementor-element elementor-element-a23359a elementor-widget elementor-widget-image\" data-id=\"a23359a\" data-element_type=\"widget\" data-e-type=\"widget\" data-widget_type=\"image.default\">\n\t\t\t\t<div class=\"elementor-widget-container\">\n\t\t\t\t\t\t\t\t\t\t\t\t\t\t\t\t<a href=\"https:\/\/mobilia.fi\/wp-content\/uploads\/2021\/11\/2.png\" data-elementor-open-lightbox=\"yes\" data-elementor-lightbox-title=\"jouluinen kirje sulolta 2\" data-e-action-hash=\"#elementor-action%3Aaction%3Dlightbox%26settings%3DeyJpZCI6NDIxNywidXJsIjoiaHR0cHM6XC9cL21vYmlsaWEuZmlcL3dwLWNvbnRlbnRcL3VwbG9hZHNcLzIwMjFcLzExXC8yLnBuZyJ9\">\n\t\t\t\t\t\t\t<img decoding=\"async\" width=\"724\" height=\"1024\" src=\"https:\/\/mobilia.fi\/wp-content\/uploads\/2021\/11\/2-724x1024.png\" class=\"attachment-large size-large wp-image-4217\" alt=\"jouluinen kirje sulolta 2. kirje on kirjoitettu k\u00e4sin kaunokirjoituksella. teksti: Meill\u00e4 on t\u00e4\u00e4ll\u00e4 my\u00f6s tarjolla jouluateria. Ruokalan ovat jo em\u00e4nn\u00e4t koristelleet. On kuusi ja kynttil\u00f6it\u00e4kin. Moni on j\u00e4\u00e4nyt t\u00e4nne jouluksi, sill\u00e4 harvalla on varaa matkustaa kotiin. Meid\u00e4nkin asuinparakissa on useampi mies. Ei ainakaan tarvitse olla yksin. T\u00e4\u00e4ll\u00e4 kaikki on hyvin. Teit\u00e4 t\u00e4\u00e4ll\u00e4 kovin ik\u00e4v\u00f6in mieless\u00e4ni kuvitellen joulun siell\u00e4 kotopuolessa. Toinille ja Siirille terveiset. Voikaa hyvin! Poikanne Sulo\" srcset=\"https:\/\/mobilia.fi\/wp-content\/uploads\/2021\/11\/2-724x1024.png 724w, https:\/\/mobilia.fi\/wp-content\/uploads\/2021\/11\/2-212x300.png 212w, https:\/\/mobilia.fi\/wp-content\/uploads\/2021\/11\/2-768x1086.png 768w, https:\/\/mobilia.fi\/wp-content\/uploads\/2021\/11\/2-1086x1536.png 1086w, https:\/\/mobilia.fi\/wp-content\/uploads\/2021\/11\/2.png 1414w\" sizes=\"(max-width: 724px) 100vw, 724px\" \/>\t\t\t\t\t\t\t\t<\/a>\n\t\t\t\t\t\t\t\t\t\t\t\t\t\t\t<\/div>\n\t\t\t\t<\/div>\n\t\t\t\t\t<\/div>\n\t\t<\/div>\n\t\t\t\t\t<\/div>\n\t\t<\/section>\n\t\t\t\t<section class=\"elementor-section elementor-top-section elementor-element elementor-element-1d25e1b elementor-section-boxed elementor-section-height-default elementor-section-height-default\" data-id=\"1d25e1b\" data-element_type=\"section\" data-e-type=\"section\">\n\t\t\t\t\t\t<div class=\"elementor-container elementor-column-gap-default\">\n\t\t\t\t\t<div class=\"elementor-column elementor-col-100 elementor-top-column elementor-element elementor-element-3f23915\" data-id=\"3f23915\" data-element_type=\"column\" data-e-type=\"column\">\n\t\t\t<div class=\"elementor-widget-wrap elementor-element-populated\">\n\t\t\t\t\t\t\t<\/div>\n\t\t<\/div>\n\t\t\t\t\t<\/div>\n\t\t<\/section>\n\t\t\t\t<section class=\"elementor-section elementor-top-section elementor-element elementor-element-c9d480c elementor-section-boxed elementor-section-height-default elementor-section-height-default\" data-id=\"c9d480c\" data-element_type=\"section\" data-e-type=\"section\">\n\t\t\t\t\t\t<div class=\"elementor-container elementor-column-gap-default\">\n\t\t\t\t\t<div class=\"elementor-column elementor-col-100 elementor-top-column elementor-element elementor-element-0d92816\" data-id=\"0d92816\" data-element_type=\"column\" data-e-type=\"column\">\n\t\t\t<div class=\"elementor-widget-wrap elementor-element-populated\">\n\t\t\t\t\t\t<div class=\"elementor-element elementor-element-54c3448 elementor-widget elementor-widget-image\" data-id=\"54c3448\" data-element_type=\"widget\" data-e-type=\"widget\" data-widget_type=\"image.default\">\n\t\t\t\t<div class=\"elementor-widget-container\">\n\t\t\t\t\t\t\t\t\t\t\t\t<figure class=\"wp-caption\">\n\t\t\t\t\t\t\t\t\t\t<img decoding=\"async\" width=\"800\" height=\"547\" src=\"https:\/\/mobilia.fi\/wp-content\/uploads\/2021\/11\/Kuva-1-1024x700.jpg\" class=\"attachment-large size-large wp-image-4235\" alt=\"Ty\u00f6miehi\u00e4 istumassa parakin rappusilla vuonna 1958\" srcset=\"https:\/\/mobilia.fi\/wp-content\/uploads\/2021\/11\/Kuva-1-1024x700.jpg 1024w, https:\/\/mobilia.fi\/wp-content\/uploads\/2021\/11\/Kuva-1-300x205.jpg 300w, https:\/\/mobilia.fi\/wp-content\/uploads\/2021\/11\/Kuva-1-768x525.jpg 768w, https:\/\/mobilia.fi\/wp-content\/uploads\/2021\/11\/Kuva-1-1536x1050.jpg 1536w, https:\/\/mobilia.fi\/wp-content\/uploads\/2021\/11\/Kuva-1-2048x1401.jpg 2048w\" sizes=\"(max-width: 800px) 100vw, 800px\" \/>\t\t\t\t\t\t\t\t\t\t\t<figcaption class=\"widget-image-caption wp-caption-text\">Ty\u00f6miehi\u00e4 istumassa parakin rappusilla vuonna 1958. \u00a9 Mobilia <\/figcaption>\n\t\t\t\t\t\t\t\t\t\t<\/figure>\n\t\t\t\t\t\t\t\t\t<\/div>\n\t\t\t\t<\/div>\n\t\t\t\t\t<\/div>\n\t\t<\/div>\n\t\t\t\t\t<\/div>\n\t\t<\/section>\n\t\t\t\t<section class=\"elementor-section elementor-top-section elementor-element elementor-element-7cb95de elementor-section-boxed elementor-section-height-default elementor-section-height-default\" data-id=\"7cb95de\" data-element_type=\"section\" data-e-type=\"section\">\n\t\t\t\t\t\t<div class=\"elementor-container elementor-column-gap-default\">\n\t\t\t\t\t<div class=\"elementor-column elementor-col-100 elementor-top-column elementor-element elementor-element-eea0d51\" data-id=\"eea0d51\" data-element_type=\"column\" data-e-type=\"column\">\n\t\t\t<div class=\"elementor-widget-wrap\">\n\t\t\t\t\t\t\t<\/div>\n\t\t<\/div>\n\t\t\t\t\t<\/div>\n\t\t<\/section>\n\t\t\t\t<section class=\"elementor-section elementor-top-section elementor-element elementor-element-eba9b19 elementor-section-boxed elementor-section-height-default elementor-section-height-default\" data-id=\"eba9b19\" data-element_type=\"section\" data-e-type=\"section\">\n\t\t\t\t\t\t<div class=\"elementor-container elementor-column-gap-default\">\n\t\t\t\t\t<div class=\"elementor-column elementor-col-100 elementor-top-column elementor-element elementor-element-99c9d3a\" data-id=\"99c9d3a\" data-element_type=\"column\" data-e-type=\"column\">\n\t\t\t<div class=\"elementor-widget-wrap elementor-element-populated\">\n\t\t\t\t\t\t<div class=\"elementor-element elementor-element-b2ad544 elementor-widget elementor-widget-image\" data-id=\"b2ad544\" data-element_type=\"widget\" data-e-type=\"widget\" data-widget_type=\"image.default\">\n\t\t\t\t<div class=\"elementor-widget-container\">\n\t\t\t\t\t\t\t\t\t\t\t\t<figure class=\"wp-caption\">\n\t\t\t\t\t\t\t\t\t\t<img loading=\"lazy\" decoding=\"async\" width=\"800\" height=\"529\" src=\"https:\/\/mobilia.fi\/wp-content\/uploads\/2021\/11\/Kuva-2-1024x677.jpg\" class=\"attachment-large size-large wp-image-4246\" alt=\"Tarvontien rakentamista talvella 1958. Kankimiehi\u00e4 Laajalahden j\u00e4\u00e4ll\u00e4.\" srcset=\"https:\/\/mobilia.fi\/wp-content\/uploads\/2021\/11\/Kuva-2-1024x677.jpg 1024w, https:\/\/mobilia.fi\/wp-content\/uploads\/2021\/11\/Kuva-2-300x198.jpg 300w, https:\/\/mobilia.fi\/wp-content\/uploads\/2021\/11\/Kuva-2-768x508.jpg 768w, https:\/\/mobilia.fi\/wp-content\/uploads\/2021\/11\/Kuva-2-1536x1016.jpg 1536w, https:\/\/mobilia.fi\/wp-content\/uploads\/2021\/11\/Kuva-2-2048x1355.jpg 2048w\" sizes=\"(max-width: 800px) 100vw, 800px\" \/>\t\t\t\t\t\t\t\t\t\t\t<figcaption class=\"widget-image-caption wp-caption-text\">Tarvontien rakentamista talvella 1958. Kankimiehi\u00e4 Laajalahden j\u00e4\u00e4ll\u00e4. \u00a9 Liisa-Maija Tolonen-Pirhonen \/ I.V.O Pirhonen \u2013 V\u00e4yl\u00e4virasto \u2013 Mobilia <\/figcaption>\n\t\t\t\t\t\t\t\t\t\t<\/figure>\n\t\t\t\t\t\t\t\t\t<\/div>\n\t\t\t\t<\/div>\n\t\t\t\t<div class=\"elementor-element elementor-element-50ce750 elementor-widget elementor-widget-image\" data-id=\"50ce750\" data-element_type=\"widget\" data-e-type=\"widget\" data-widget_type=\"image.default\">\n\t\t\t\t<div class=\"elementor-widget-container\">\n\t\t\t\t\t\t\t\t\t\t\t\t<figure class=\"wp-caption\">\n\t\t\t\t\t\t\t\t\t\t<img loading=\"lazy\" decoding=\"async\" width=\"800\" height=\"574\" src=\"https:\/\/mobilia.fi\/wp-content\/uploads\/2021\/11\/Kuva-3-1024x735.jpg\" class=\"attachment-large size-large wp-image-4254\" alt=\"Melonsaaren tukikohta Keuruulla. Kuvassa n\u00e4kyy asuntoparakkeja, joihin voitiin majoittaa jopa 48 henke\u00e4.\" srcset=\"https:\/\/mobilia.fi\/wp-content\/uploads\/2021\/11\/Kuva-3-1024x735.jpg 1024w, https:\/\/mobilia.fi\/wp-content\/uploads\/2021\/11\/Kuva-3-300x215.jpg 300w, https:\/\/mobilia.fi\/wp-content\/uploads\/2021\/11\/Kuva-3-768x552.jpg 768w, https:\/\/mobilia.fi\/wp-content\/uploads\/2021\/11\/Kuva-3-1536x1103.jpg 1536w, https:\/\/mobilia.fi\/wp-content\/uploads\/2021\/11\/Kuva-3-2048x1471.jpg 2048w\" sizes=\"(max-width: 800px) 100vw, 800px\" \/>\t\t\t\t\t\t\t\t\t\t\t<figcaption class=\"widget-image-caption wp-caption-text\">Melonsaaren tukikohta Keuruulla. Kuvassa n\u00e4kyy asuntoparakkeja, joihin voitiin majoittaa jopa 48 henke\u00e4. Suurille ty\u00f6tt\u00f6myysty\u00f6maille nousi useita t\u00e4llaisia parakkikyli\u00e4. \u00a9 V\u00e4yl\u00e4virasto \u2013 Mobilia <\/figcaption>\n\t\t\t\t\t\t\t\t\t\t<\/figure>\n\t\t\t\t\t\t\t\t\t<\/div>\n\t\t\t\t<\/div>\n\t\t\t\t\t<\/div>\n\t\t<\/div>\n\t\t\t\t\t<\/div>\n\t\t<\/section>\n\t\t\t\t<section class=\"elementor-section elementor-top-section elementor-element elementor-element-233fb6a elementor-section-boxed elementor-section-height-default elementor-section-height-default\" data-id=\"233fb6a\" data-element_type=\"section\" data-e-type=\"section\">\n\t\t\t\t\t\t<div class=\"elementor-container elementor-column-gap-default\">\n\t\t\t\t\t<div class=\"elementor-column elementor-col-100 elementor-top-column elementor-element elementor-element-f723f69\" data-id=\"f723f69\" data-element_type=\"column\" data-e-type=\"column\">\n\t\t\t<div class=\"elementor-widget-wrap elementor-element-populated\">\n\t\t\t\t\t\t<div class=\"elementor-element elementor-element-235dd30 elementor-widget elementor-widget-image\" data-id=\"235dd30\" data-element_type=\"widget\" data-e-type=\"widget\" data-widget_type=\"image.default\">\n\t\t\t\t<div class=\"elementor-widget-container\">\n\t\t\t\t\t\t\t\t\t\t\t\t<figure class=\"wp-caption\">\n\t\t\t\t\t\t\t\t\t\t<img loading=\"lazy\" decoding=\"async\" width=\"800\" height=\"528\" src=\"https:\/\/mobilia.fi\/wp-content\/uploads\/2021\/11\/Kuva-4-1024x676.jpg\" class=\"attachment-large size-large wp-image-4259\" alt=\"T\u00f6ihin l\u00e4hd\u00f6ss\u00e4 Vitasniemen majoitusalueelta maaliskuussa 1955.\" srcset=\"https:\/\/mobilia.fi\/wp-content\/uploads\/2021\/11\/Kuva-4-1024x676.jpg 1024w, https:\/\/mobilia.fi\/wp-content\/uploads\/2021\/11\/Kuva-4-300x198.jpg 300w, https:\/\/mobilia.fi\/wp-content\/uploads\/2021\/11\/Kuva-4-768x507.jpg 768w, https:\/\/mobilia.fi\/wp-content\/uploads\/2021\/11\/Kuva-4-1536x1014.jpg 1536w\" sizes=\"(max-width: 800px) 100vw, 800px\" \/>\t\t\t\t\t\t\t\t\t\t\t<figcaption class=\"widget-image-caption wp-caption-text\">T\u00f6ihin l\u00e4hd\u00f6ss\u00e4 Vitasniemen majoitusalueelta maaliskuussa 1955. Ty\u00f6maakuljetukset olivat oleellinen osa ty\u00f6tt\u00f6myysty\u00f6maita, sill\u00e4 itse ty\u00f6maa saattoi sijaita kaukanakin majoitusalueelta. \u00a9 V\u00e4yl\u00e4virasto \u2013 Mobilia <\/figcaption>\n\t\t\t\t\t\t\t\t\t\t<\/figure>\n\t\t\t\t\t\t\t\t\t<\/div>\n\t\t\t\t<\/div>\n\t\t\t\t\t<\/div>\n\t\t<\/div>\n\t\t\t\t\t<\/div>\n\t\t<\/section>\n\t\t\t\t<section class=\"elementor-section elementor-top-section elementor-element elementor-element-820a03b elementor-section-boxed elementor-section-height-default elementor-section-height-default\" data-id=\"820a03b\" data-element_type=\"section\" data-e-type=\"section\">\n\t\t\t\t\t\t<div class=\"elementor-container elementor-column-gap-default\">\n\t\t\t\t\t<div class=\"elementor-column elementor-col-100 elementor-top-column elementor-element elementor-element-a1bec6c\" data-id=\"a1bec6c\" data-element_type=\"column\" data-e-type=\"column\">\n\t\t\t<div class=\"elementor-widget-wrap elementor-element-populated\">\n\t\t\t\t\t\t\t<\/div>\n\t\t<\/div>\n\t\t\t\t\t<\/div>\n\t\t<\/section>\n\t\t\t\t<section class=\"elementor-section elementor-top-section elementor-element elementor-element-7fc4cb3 elementor-section-boxed elementor-section-height-default elementor-section-height-default\" data-id=\"7fc4cb3\" data-element_type=\"section\" data-e-type=\"section\">\n\t\t\t\t\t\t<div class=\"elementor-container elementor-column-gap-default\">\n\t\t\t\t\t<div class=\"elementor-column elementor-col-100 elementor-top-column elementor-element elementor-element-f737f3d\" data-id=\"f737f3d\" data-element_type=\"column\" data-e-type=\"column\">\n\t\t\t<div class=\"elementor-widget-wrap elementor-element-populated\">\n\t\t\t\t\t\t<div class=\"elementor-element elementor-element-48cb3f8 elementor-widget elementor-widget-text-editor\" data-id=\"48cb3f8\" data-element_type=\"widget\" data-e-type=\"widget\" data-widget_type=\"text-editor.default\">\n\t\t\t\t<div class=\"elementor-widget-container\">\n\t\t\t\t\t\t\t\t\t<p>Lis\u00e4\u00e4 tarinoita siirtoty\u00f6mailta p\u00e4\u00e4set lukemaan <a href=\"https:\/\/mobilia.fi\/nayttely\/tarinoita-siirtotyomailta-360\/\">verkkon\u00e4yttelysivustolta<\/a>.<\/p>\t\t\t\t\t\t\t\t<\/div>\n\t\t\t\t<\/div>\n\t\t\t\t\t<\/div>\n\t\t<\/div>\n\t\t\t\t\t<\/div>\n\t\t<\/section>\n\t\t\t\t<\/div>\n\t\t","protected":false},"excerpt":{"rendered":"<p>Joulu kaukana kotoa \u00a0 \u00a0 Siirtoty\u00f6maat ja parakkikyl\u00e4t olivat keskeinen osa suomalaista tienrakentamista ja ty\u00f6tt\u00f6myyden hoitoa 1950- ja 1960-luvuilla.\u00a0Ty\u00f6maat saattoivat sijaita useiden satojen kilometrien p\u00e4\u00e4ss\u00e4 kotoa.\u00a0Osa\u00a0miehist\u00e4 vietti joulunkin ty\u00f6maan parakkikyl\u00e4ss\u00e4.\u00a0\u00a0 Joulun alla parakit siivottiin perusteellisesti\u00a0ja miehille j\u00e4rjestettiin saunomismahdollisuus.\u00a0Vuodesta 1952 vuoteen 1967 tarjottiin ilmainen jouluateria.\u00a0My\u00f6s radion kunto tarkastettiin ennen joulua.\u00a0 \u00a0 Ty\u00f6miehi\u00e4 istumassa parakin rappusilla vuonna [&hellip;]<\/p>\n","protected":false},"author":3,"featured_media":4134,"parent":0,"menu_order":7,"comment_status":"closed","ping_status":"closed","template":"","meta":{"_acf_changed":false,"inline_featured_image":false,"footnotes":""},"class_list":["post-4200","page","type-page","status-publish","has-post-thumbnail","hentry"],"acf":[],"_links":{"self":[{"href":"https:\/\/mobilia.fi\/fi\/wp-json\/wp\/v2\/pages\/4200","targetHints":{"allow":["GET"]}}],"collection":[{"href":"https:\/\/mobilia.fi\/fi\/wp-json\/wp\/v2\/pages"}],"about":[{"href":"https:\/\/mobilia.fi\/fi\/wp-json\/wp\/v2\/types\/page"}],"author":[{"embeddable":true,"href":"https:\/\/mobilia.fi\/fi\/wp-json\/wp\/v2\/users\/3"}],"replies":[{"embeddable":true,"href":"https:\/\/mobilia.fi\/fi\/wp-json\/wp\/v2\/comments?post=4200"}],"version-history":[{"count":79,"href":"https:\/\/mobilia.fi\/fi\/wp-json\/wp\/v2\/pages\/4200\/revisions"}],"predecessor-version":[{"id":4789,"href":"https:\/\/mobilia.fi\/fi\/wp-json\/wp\/v2\/pages\/4200\/revisions\/4789"}],"wp:featuredmedia":[{"embeddable":true,"href":"https:\/\/mobilia.fi\/fi\/wp-json\/wp\/v2\/media\/4134"}],"wp:attachment":[{"href":"https:\/\/mobilia.fi\/fi\/wp-json\/wp\/v2\/media?parent=4200"}],"curies":[{"name":"wp","href":"https:\/\/api.w.org\/{rel}","templated":true}]}}