{"id":725,"date":"2020-04-02T14:35:56","date_gmt":"2020-04-02T11:35:56","guid":{"rendered":"https:\/\/mobilia.fi\/?page_id=725"},"modified":"2026-09-02T10:36:11","modified_gmt":"2026-09-02T07:36:11","slug":"opastukset","status":"publish","type":"page","link":"https:\/\/mobilia.fi\/fi\/vieraile\/opastukset\/","title":{"rendered":"Opastukset"},"content":{"rendered":"\t\t<div data-elementor-type=\"wp-page\" data-elementor-id=\"725\" class=\"elementor elementor-725\" data-elementor-post-type=\"page\">\n\t\t\t\t\t\t<section class=\"elementor-section elementor-top-section elementor-element elementor-element-8cd8eca elementor-section-height-min-height elementor-section-boxed elementor-section-height-default elementor-section-items-middle\" data-id=\"8cd8eca\" data-element_type=\"section\" data-e-type=\"section\" data-settings=\"{&quot;background_background&quot;:&quot;classic&quot;}\">\n\t\t\t\t\t\t\t<div class=\"elementor-background-overlay\"><\/div>\n\t\t\t\t\t\t\t<div class=\"elementor-container elementor-column-gap-default\">\n\t\t\t\t\t<div class=\"elementor-column elementor-col-100 elementor-top-column elementor-element elementor-element-7d7a96a\" data-id=\"7d7a96a\" data-element_type=\"column\" data-e-type=\"column\">\n\t\t\t<div class=\"elementor-widget-wrap elementor-element-populated\">\n\t\t\t\t\t\t<div class=\"elementor-element elementor-element-ce9c067 elementor-widget elementor-widget-text-editor\" data-id=\"ce9c067\" data-element_type=\"widget\" data-e-type=\"widget\" data-widget_type=\"text-editor.default\">\n\t\t\t\t<div class=\"elementor-widget-container\">\n\t\t\t\t\t\t\t\t\t<h1>Opastukset<\/h1><p>Tarinoita esineiden takaa<\/p>\t\t\t\t\t\t\t\t<\/div>\n\t\t\t\t<\/div>\n\t\t\t\t\t<\/div>\n\t\t<\/div>\n\t\t\t\t\t<\/div>\n\t\t<\/section>\n\t\t\t\t<section class=\"elementor-section elementor-top-section elementor-element elementor-element-3915d047 elementor-section-boxed elementor-section-height-default elementor-section-height-default\" data-id=\"3915d047\" data-element_type=\"section\" data-e-type=\"section\">\n\t\t\t\t\t\t<div class=\"elementor-container elementor-column-gap-default\">\n\t\t\t\t\t<div class=\"elementor-column elementor-col-100 elementor-top-column elementor-element elementor-element-6bc162e0\" data-id=\"6bc162e0\" data-element_type=\"column\" data-e-type=\"column\">\n\t\t\t<div class=\"elementor-widget-wrap elementor-element-populated\">\n\t\t\t\t\t\t<section class=\"elementor-section elementor-inner-section elementor-element elementor-element-6191ed31 elementor-section-boxed elementor-section-height-default elementor-section-height-default\" data-id=\"6191ed31\" data-element_type=\"section\" data-e-type=\"section\">\n\t\t\t\t\t\t<div class=\"elementor-container elementor-column-gap-default\">\n\t\t\t\t\t<div class=\"elementor-column elementor-col-50 elementor-inner-column elementor-element elementor-element-77871d4b\" data-id=\"77871d4b\" data-element_type=\"column\" data-e-type=\"column\">\n\t\t\t<div class=\"elementor-widget-wrap elementor-element-populated\">\n\t\t\t\t\t\t<div class=\"elementor-element elementor-element-45aa1293 elementor-widget elementor-widget-text-editor\" data-id=\"45aa1293\" data-element_type=\"widget\" data-e-type=\"widget\" data-widget_type=\"text-editor.default\">\n\t\t\t\t<div class=\"elementor-widget-container\">\n\t\t\t\t\t\t\t\t\t<p><span class=\"custom-sub-header\" style=\"color: #009cdf;\">Yleis\u00f6opastukset<\/span><\/p><p><strong>Syyskaudella 2026 yleis\u00f6opastuksia j\u00e4rjestet\u00e4\u00e4n torstai-iltoina klo 17.30.<\/strong> Opastuksille osallistuminen edellyttyy voimassa olevaa museolippua. Lippujen hinnat l\u00f6yd\u00e4t <a href=\"https:\/\/mobilia.fi\/fi\/vieraile\/aukioloajat-ja-hinnasto\/\">t\u00e4\u00e4lt\u00e4.<\/a><\/p><p><strong>Torstai-iltojen opastusten teemat vaihtelevat:<\/strong><br \/>3.9. Tarinoita siirtoty\u00f6mailta (ei esteet\u00f6n)<br \/>10.9. Tarinoita siirtoty\u00f6mailta (ei esteet\u00f6n)<br \/>17.9. Retki museon uumeniin (ei esteet\u00f6n, mahdollisuus ennakkovaraukseen)<br \/>24.9. Retki museon uumeniin (ei esteet\u00f6n, mahdollisuus ennakkovaraukseen)<\/p><p>Retkelle museon uumeniin mahtuu vain rajallinen m\u00e4\u00e4r\u00e4 osallistujia, halutessasi voit varmistaa paikkasi ilmaisella ennakkovarauksella verkkokaupassamme:<\/p><p>\u00a0<a href=\"https:\/\/webshop.trafiikki.fi\/mobilian-muut\/#!\/trafiikki\/yleiso-opastus-retki-museon-uumeniin\" target=\"_blank\" rel=\"noopener\">https:\/\/webshop.trafiikki.fi\/mobilian-muut\/#!\/trafiikki\/yleiso-opastus-retki-museon-uumeniin<\/a><\/p>\t\t\t\t\t\t\t\t<\/div>\n\t\t\t\t<\/div>\n\t\t\t\t\t<\/div>\n\t\t<\/div>\n\t\t\t\t<div class=\"elementor-column elementor-col-50 elementor-inner-column elementor-element elementor-element-1d330ba3\" data-id=\"1d330ba3\" data-element_type=\"column\" data-e-type=\"column\">\n\t\t\t<div class=\"elementor-widget-wrap elementor-element-populated\">\n\t\t\t\t\t\t<div class=\"elementor-element elementor-element-37f28f14 elementor-widget elementor-widget-image\" data-id=\"37f28f14\" data-element_type=\"widget\" data-e-type=\"widget\" data-widget_type=\"image.default\">\n\t\t\t\t<div class=\"elementor-widget-container\">\n\t\t\t\t\t\t\t\t\t\t\t\t\t\t\t<img fetchpriority=\"high\" decoding=\"async\" width=\"2560\" height=\"1707\" src=\"https:\/\/mobilia.fi\/wp-content\/uploads\/2026\/04\/IMG_3031-scaled.jpg\" class=\"attachment-full size-full wp-image-16869\" alt=\"\" srcset=\"https:\/\/mobilia.fi\/wp-content\/uploads\/2026\/04\/IMG_3031-scaled.jpg 2560w, https:\/\/mobilia.fi\/wp-content\/uploads\/2026\/04\/IMG_3031-300x200.jpg 300w, https:\/\/mobilia.fi\/wp-content\/uploads\/2026\/04\/IMG_3031-1024x683.jpg 1024w, https:\/\/mobilia.fi\/wp-content\/uploads\/2026\/04\/IMG_3031-768x512.jpg 768w, https:\/\/mobilia.fi\/wp-content\/uploads\/2026\/04\/IMG_3031-1536x1024.jpg 1536w, https:\/\/mobilia.fi\/wp-content\/uploads\/2026\/04\/IMG_3031-2048x1365.jpg 2048w\" sizes=\"(max-width: 2560px) 100vw, 2560px\" \/>\t\t\t\t\t\t\t\t\t\t\t\t\t\t\t<\/div>\n\t\t\t\t<\/div>\n\t\t\t\t\t<\/div>\n\t\t<\/div>\n\t\t\t\t\t<\/div>\n\t\t<\/section>\n\t\t\t\t\t<\/div>\n\t\t<\/div>\n\t\t\t\t\t<\/div>\n\t\t<\/section>\n\t\t\t\t<section class=\"elementor-section elementor-top-section elementor-element elementor-element-27b04f3 elementor-section-boxed elementor-section-height-default elementor-section-height-default\" data-id=\"27b04f3\" data-element_type=\"section\" data-e-type=\"section\">\n\t\t\t\t\t\t<div class=\"elementor-container elementor-column-gap-default\">\n\t\t\t\t\t<div class=\"elementor-column elementor-col-100 elementor-top-column elementor-element elementor-element-a1ecac0\" data-id=\"a1ecac0\" data-element_type=\"column\" data-e-type=\"column\">\n\t\t\t<div class=\"elementor-widget-wrap elementor-element-populated\">\n\t\t\t\t\t\t<section class=\"elementor-section elementor-inner-section elementor-element elementor-element-20a3200 elementor-section-boxed elementor-section-height-default elementor-section-height-default\" data-id=\"20a3200\" data-element_type=\"section\" data-e-type=\"section\">\n\t\t\t\t\t\t<div class=\"elementor-container elementor-column-gap-default\">\n\t\t\t\t\t<div class=\"elementor-column elementor-col-50 elementor-inner-column elementor-element elementor-element-7e6b153\" data-id=\"7e6b153\" data-element_type=\"column\" data-e-type=\"column\">\n\t\t\t<div class=\"elementor-widget-wrap elementor-element-populated\">\n\t\t\t\t\t\t<div class=\"elementor-element elementor-element-21a1ae1 elementor-widget elementor-widget-image\" data-id=\"21a1ae1\" data-element_type=\"widget\" data-e-type=\"widget\" data-widget_type=\"image.default\">\n\t\t\t\t<div class=\"elementor-widget-container\">\n\t\t\t\t\t\t\t\t\t\t\t\t\t\t\t<img decoding=\"async\" width=\"2560\" height=\"1707\" src=\"https:\/\/mobilia.fi\/wp-content\/uploads\/2025\/06\/IMG_4880_mini-scaled.jpg\" class=\"attachment-full size-full wp-image-16586\" alt=\"N\u00e4yttelyn sis\u00e4\u00e4n k\u00e4ynti, reunass\u00e4 Ys\u00e4rijys\u00e4ri-logo pystysuorassa kankaassa, sen takana kirkkaankeltainen Fiat sek\u00e4 taustalla punainen Corolla poliisi-Maija per\u00e4ss\u00e4\u00e4n katumaisemassa.\" srcset=\"https:\/\/mobilia.fi\/wp-content\/uploads\/2025\/06\/IMG_4880_mini-scaled.jpg 2560w, https:\/\/mobilia.fi\/wp-content\/uploads\/2025\/06\/IMG_4880_mini-300x200.jpg 300w, https:\/\/mobilia.fi\/wp-content\/uploads\/2025\/06\/IMG_4880_mini-1024x683.jpg 1024w, https:\/\/mobilia.fi\/wp-content\/uploads\/2025\/06\/IMG_4880_mini-768x512.jpg 768w, https:\/\/mobilia.fi\/wp-content\/uploads\/2025\/06\/IMG_4880_mini-1536x1024.jpg 1536w, https:\/\/mobilia.fi\/wp-content\/uploads\/2025\/06\/IMG_4880_mini-2048x1365.jpg 2048w\" sizes=\"(max-width: 2560px) 100vw, 2560px\" \/>\t\t\t\t\t\t\t\t\t\t\t\t\t\t\t<\/div>\n\t\t\t\t<\/div>\n\t\t\t\t\t<\/div>\n\t\t<\/div>\n\t\t\t\t<div class=\"elementor-column elementor-col-50 elementor-inner-column elementor-element elementor-element-82cbd1d\" data-id=\"82cbd1d\" data-element_type=\"column\" data-e-type=\"column\">\n\t\t\t<div class=\"elementor-widget-wrap elementor-element-populated\">\n\t\t\t\t\t\t<div class=\"elementor-element elementor-element-5b17e7f elementor-widget elementor-widget-text-editor\" data-id=\"5b17e7f\" data-element_type=\"widget\" data-e-type=\"widget\" data-widget_type=\"text-editor.default\">\n\t\t\t\t<div class=\"elementor-widget-container\">\n\t\t\t\t\t\t\t\t\t<p><span class=\"custom-sub-header\" style=\"color: #009cdf;\">Ryhm\u00e4opastus Ys\u00e4rijys\u00e4ri -n\u00e4yttelyyn<\/span><\/p><p>Ys\u00e4rijys\u00e4ri-n\u00e4yttely kertoo, millaista oli el\u00e4\u00e4 1990-luvulla. Samalla lapsille selvi\u00e4\u00e4, millaisessa maailmassa omat vanhemmat eliv\u00e4t lapsuuttaan. Muutoksen ja murroksen vuosikymmenen tunnelmaan p\u00e4\u00e4st\u00e4\u00e4n aikakauden ajoneuvojen ja ilmi\u00f6iden my\u00f6t\u00e4: n\u00e4yttelyss\u00e4 tutustutaan muun muassa moottoriteiden rakentumiseen, niihin liittyviin ymp\u00e4rist\u00f6arvoihin, puhelimien kehitykseen ja lamakauteen kirpputoreineen.<\/p><p>Hinta 65 \u20ac, kesto noin 30 minuuttia. <br \/>Opastus saatavilla 19.3.\u201319.12.2026.<\/p>\t\t\t\t\t\t\t\t<\/div>\n\t\t\t\t<\/div>\n\t\t\t\t\t<\/div>\n\t\t<\/div>\n\t\t\t\t\t<\/div>\n\t\t<\/section>\n\t\t\t\t<section class=\"elementor-section elementor-inner-section elementor-element elementor-element-80e6498 elementor-section-boxed elementor-section-height-default elementor-section-height-default\" data-id=\"80e6498\" data-element_type=\"section\" data-e-type=\"section\">\n\t\t\t\t\t\t<div class=\"elementor-container elementor-column-gap-default\">\n\t\t\t\t\t<div class=\"elementor-column elementor-col-50 elementor-inner-column elementor-element elementor-element-5a956d3\" data-id=\"5a956d3\" data-element_type=\"column\" data-e-type=\"column\">\n\t\t\t<div class=\"elementor-widget-wrap elementor-element-populated\">\n\t\t\t\t\t\t<div class=\"elementor-element elementor-element-8a63475 elementor-widget elementor-widget-text-editor\" data-id=\"8a63475\" data-element_type=\"widget\" data-e-type=\"widget\" data-widget_type=\"text-editor.default\">\n\t\t\t\t<div class=\"elementor-widget-container\">\n\t\t\t\t\t\t\t\t\t<p><span class=\"custom-sub-header\" style=\"color: #009cdf;\">Ryhm\u00e4opastus Rallimuseoon<\/span><\/p><p>Opastuksella tutustutaan rallinhistoriaan ja kansainv\u00e4liseen Rally Hall of Fameen.<\/p><p>Hinta 65 \u20ac, kesto noin 30 minuuttia.<\/p>\t\t\t\t\t\t\t\t<\/div>\n\t\t\t\t<\/div>\n\t\t\t\t\t<\/div>\n\t\t<\/div>\n\t\t\t\t<div class=\"elementor-column elementor-col-50 elementor-inner-column elementor-element elementor-element-d758da1\" data-id=\"d758da1\" data-element_type=\"column\" data-e-type=\"column\">\n\t\t\t<div class=\"elementor-widget-wrap elementor-element-populated\">\n\t\t\t\t\t\t<div class=\"elementor-element elementor-element-99d37cc elementor-widget elementor-widget-image\" data-id=\"99d37cc\" data-element_type=\"widget\" data-e-type=\"widget\" data-widget_type=\"image.default\">\n\t\t\t\t<div class=\"elementor-widget-container\">\n\t\t\t\t\t\t\t\t\t\t\t\t\t\t\t<img decoding=\"async\" width=\"640\" height=\"427\" src=\"https:\/\/mobilia.fi\/wp-content\/uploads\/2020\/03\/4_web.jpg\" class=\"attachment-full size-full wp-image-1743\" alt=\"Kansainv\u00e4liseen Hall of Fameen nimettyjen rallit\u00e4htien taulut Rallimuseon sein\u00e4ll\u00e4. Lis\u00e4ksi osasta nimetyist\u00e4 n\u00e4ytteill\u00e4 ajohaalareita tai ralliautoja.\" srcset=\"https:\/\/mobilia.fi\/wp-content\/uploads\/2020\/03\/4_web.jpg 640w, https:\/\/mobilia.fi\/wp-content\/uploads\/2020\/03\/4_web-300x200.jpg 300w\" sizes=\"(max-width: 640px) 100vw, 640px\" \/>\t\t\t\t\t\t\t\t\t\t\t\t\t\t\t<\/div>\n\t\t\t\t<\/div>\n\t\t\t\t\t<\/div>\n\t\t<\/div>\n\t\t\t\t\t<\/div>\n\t\t<\/section>\n\t\t\t\t\t<\/div>\n\t\t<\/div>\n\t\t\t\t\t<\/div>\n\t\t<\/section>\n\t\t\t\t<section class=\"elementor-section elementor-top-section elementor-element elementor-element-faa1559 elementor-section-boxed elementor-section-height-default elementor-section-height-default\" data-id=\"faa1559\" data-element_type=\"section\" data-e-type=\"section\">\n\t\t\t\t\t\t<div class=\"elementor-container elementor-column-gap-default\">\n\t\t\t\t\t<div class=\"elementor-column elementor-col-100 elementor-top-column elementor-element elementor-element-5eb5c31\" data-id=\"5eb5c31\" data-element_type=\"column\" data-e-type=\"column\">\n\t\t\t<div class=\"elementor-widget-wrap elementor-element-populated\">\n\t\t\t\t\t\t<section class=\"elementor-section elementor-inner-section elementor-element elementor-element-14e9d3b elementor-section-boxed elementor-section-height-default elementor-section-height-default\" data-id=\"14e9d3b\" data-element_type=\"section\" data-e-type=\"section\">\n\t\t\t\t\t\t<div class=\"elementor-container elementor-column-gap-default\">\n\t\t\t\t\t<div class=\"elementor-column elementor-col-50 elementor-inner-column elementor-element elementor-element-7159556\" data-id=\"7159556\" data-element_type=\"column\" data-e-type=\"column\">\n\t\t\t<div class=\"elementor-widget-wrap elementor-element-populated\">\n\t\t\t\t\t\t<div class=\"elementor-element elementor-element-535515e elementor-widget elementor-widget-text-editor\" data-id=\"535515e\" data-element_type=\"widget\" data-e-type=\"widget\" data-widget_type=\"text-editor.default\">\n\t\t\t\t<div class=\"elementor-widget-container\">\n\t\t\t\t\t\t\t\t\t<p><span class=\"custom-sub-header\" style=\"color: #009cdf;\">Retki museon uumeniin<\/span><\/p><p>Retkell\u00e4 museon uumeniin tutustutaan Mobilian kulissien takaiseen maailmaan ja n\u00e4hd\u00e4\u00e4n, mit\u00e4 kaikkea muuta museo on kuin vain n\u00e4yttelyt. Kokoelmahotellin suuresinehalleissa s\u00e4ilytet\u00e4\u00e4n satoja ajoneuvoja polkupy\u00f6rist\u00e4 tiekoneisiin henkil\u00f6autoklassikoita unohtamatta.<\/p><p>Ahtaiden tilojen vuoksi kierrokselle mahtuu korkeintaan 15 henkil\u00f6\u00e4. Huomioithan, ett\u00e4 kokoelmatilamme eiv\u00e4t ole esteett\u00f6m\u00e4t.\u00a0<\/p><p>Hinta 150 \u20ac (sunnuntaisin 250 \u20ac), kesto noin tunnin.<\/p>\t\t\t\t\t\t\t\t<\/div>\n\t\t\t\t<\/div>\n\t\t\t\t\t<\/div>\n\t\t<\/div>\n\t\t\t\t<div class=\"elementor-column elementor-col-50 elementor-inner-column elementor-element elementor-element-41f1c04\" data-id=\"41f1c04\" data-element_type=\"column\" data-e-type=\"column\">\n\t\t\t<div class=\"elementor-widget-wrap elementor-element-populated\">\n\t\t\t\t\t\t<div class=\"elementor-element elementor-element-1329a2d elementor-widget elementor-widget-image\" data-id=\"1329a2d\" data-element_type=\"widget\" data-e-type=\"widget\" data-widget_type=\"image.default\">\n\t\t\t\t<div class=\"elementor-widget-container\">\n\t\t\t\t\t\t\t\t\t\t\t\t\t\t\t<img loading=\"lazy\" decoding=\"async\" width=\"620\" height=\"365\" src=\"https:\/\/mobilia.fi\/wp-content\/uploads\/2020\/04\/kokoelmakierros1.jpg\" class=\"attachment-full size-full wp-image-728\" alt=\"Kokoelmien helmi\u00e4\" srcset=\"https:\/\/mobilia.fi\/wp-content\/uploads\/2020\/04\/kokoelmakierros1.jpg 620w, https:\/\/mobilia.fi\/wp-content\/uploads\/2020\/04\/kokoelmakierros1-300x177.jpg 300w\" sizes=\"(max-width: 620px) 100vw, 620px\" \/>\t\t\t\t\t\t\t\t\t\t\t\t\t\t\t<\/div>\n\t\t\t\t<\/div>\n\t\t\t\t\t<\/div>\n\t\t<\/div>\n\t\t\t\t\t<\/div>\n\t\t<\/section>\n\t\t\t\t\t<\/div>\n\t\t<\/div>\n\t\t\t\t\t<\/div>\n\t\t<\/section>\n\t\t\t\t<section class=\"elementor-section elementor-top-section elementor-element elementor-element-cc8a7c3 elementor-section-boxed elementor-section-height-default elementor-section-height-default\" data-id=\"cc8a7c3\" data-element_type=\"section\" data-e-type=\"section\">\n\t\t\t\t\t\t<div class=\"elementor-container elementor-column-gap-default\">\n\t\t\t\t\t<div class=\"elementor-column elementor-col-100 elementor-top-column elementor-element elementor-element-14a5da6\" data-id=\"14a5da6\" data-element_type=\"column\" data-e-type=\"column\">\n\t\t\t<div class=\"elementor-widget-wrap elementor-element-populated\">\n\t\t\t\t\t\t<section class=\"elementor-section elementor-inner-section elementor-element elementor-element-721c6cf elementor-section-boxed elementor-section-height-default elementor-section-height-default\" data-id=\"721c6cf\" data-element_type=\"section\" data-e-type=\"section\">\n\t\t\t\t\t\t<div class=\"elementor-container elementor-column-gap-default\">\n\t\t\t\t\t<div class=\"elementor-column elementor-col-50 elementor-inner-column elementor-element elementor-element-251f488\" data-id=\"251f488\" data-element_type=\"column\" data-e-type=\"column\">\n\t\t\t<div class=\"elementor-widget-wrap elementor-element-populated\">\n\t\t\t\t\t\t<div class=\"elementor-element elementor-element-9bd131a elementor-widget elementor-widget-image\" data-id=\"9bd131a\" data-element_type=\"widget\" data-e-type=\"widget\" data-widget_type=\"image.default\">\n\t\t\t\t<div class=\"elementor-widget-container\">\n\t\t\t\t\t\t\t\t\t\t\t\t\t\t\t<img loading=\"lazy\" decoding=\"async\" width=\"640\" height=\"427\" src=\"https:\/\/mobilia.fi\/wp-content\/uploads\/2020\/09\/asuntoparakki-9_web.jpg\" class=\"attachment-full size-full wp-image-1283\" alt=\"Ahtaassa asuinparakissa on toisessa p\u00e4\u00e4dyss\u00e4 kaksi metallista kerross\u00e4nky\u00e4, komero ja p\u00f6yt\u00e4 ikkunana edess\u00e4.\" srcset=\"https:\/\/mobilia.fi\/wp-content\/uploads\/2020\/09\/asuntoparakki-9_web.jpg 640w, https:\/\/mobilia.fi\/wp-content\/uploads\/2020\/09\/asuntoparakki-9_web-300x200.jpg 300w\" sizes=\"(max-width: 640px) 100vw, 640px\" \/>\t\t\t\t\t\t\t\t\t\t\t\t\t\t\t<\/div>\n\t\t\t\t<\/div>\n\t\t\t\t\t<\/div>\n\t\t<\/div>\n\t\t\t\t<div class=\"elementor-column elementor-col-50 elementor-inner-column elementor-element elementor-element-caccd06\" data-id=\"caccd06\" data-element_type=\"column\" data-e-type=\"column\">\n\t\t\t<div class=\"elementor-widget-wrap elementor-element-populated\">\n\t\t\t\t\t\t<div class=\"elementor-element elementor-element-30701df elementor-widget elementor-widget-text-editor\" data-id=\"30701df\" data-element_type=\"widget\" data-e-type=\"widget\" data-widget_type=\"text-editor.default\">\n\t\t\t\t<div class=\"elementor-widget-container\">\n\t\t\t\t\t\t\t\t\t<p><span class=\"custom-sub-header\" style=\"color: #009cdf;\">Tarinoita siirtoty\u00f6mailta<br \/><\/span><\/p><p>1950-luvun huonoina ty\u00f6tt\u00f6myysvuosina teit\u00e4 rakennettiin ty\u00f6tt\u00f6myyst\u00f6in\u00e4. Teit\u00e4 tarvittiin Etel\u00e4-Suomessa, mutta pahimmat ty\u00f6tt\u00f6myysalueet olivat It\u00e4- ja Pohjois-Suomessa. Niinp\u00e4 ty\u00f6tt\u00f6m\u00e4t p\u00e4\u00e4tettiin siirt\u00e4\u00e4 t\u00f6iden per\u00e4ss\u00e4 ja majoitettiin parakkeihin siirtoty\u00f6mailla.<\/p><p>Mobilian Siirtoty\u00f6maiden tarinoita -ulkon\u00e4yttelyss\u00e4 on esill\u00e4 muun muassa asuinparakki, siirtoty\u00f6maan toimistorakennus, josta ty\u00f6miehet saivat palkkapussinsa raskaiden ty\u00f6viikkojen j\u00e4lkeen, ruokailuvaunu ja liikenteenlaskijan koppi.<\/p><p>Ahtaiden tilojen vuoksi kierrokselle mahtuu korkeintaan 15 hl\u00f6.<\/p><p>Huomioithan, ett\u00e4 ty\u00f6maaparakkien vuoksi opastuskierros ei ole esteet\u00f6n.<\/p><p>Hinta 150 \u20ac (viikonloppuisin 250 \u20ac), kesto noin tunnin.<\/p><p>Erityist\u00e4: Ryhm\u00e4lle voidaan j\u00e4rjest\u00e4\u00e4 kahvitus siirtoty\u00f6maarakennusten aidossa tunnelmassa!<\/p>\t\t\t\t\t\t\t\t<\/div>\n\t\t\t\t<\/div>\n\t\t\t\t\t<\/div>\n\t\t<\/div>\n\t\t\t\t\t<\/div>\n\t\t<\/section>\n\t\t\t\t\t<\/div>\n\t\t<\/div>\n\t\t\t\t\t<\/div>\n\t\t<\/section>\n\t\t\t\t<section class=\"elementor-section elementor-top-section elementor-element elementor-element-45f6e02 elementor-section-boxed elementor-section-height-default elementor-section-height-default\" data-id=\"45f6e02\" data-element_type=\"section\" data-e-type=\"section\">\n\t\t\t\t\t\t<div class=\"elementor-container elementor-column-gap-default\">\n\t\t\t\t\t<div class=\"elementor-column elementor-col-100 elementor-top-column elementor-element elementor-element-7f0a950\" data-id=\"7f0a950\" data-element_type=\"column\" data-e-type=\"column\">\n\t\t\t<div class=\"elementor-widget-wrap elementor-element-populated\">\n\t\t\t\t\t\t<div class=\"elementor-element elementor-element-25d50ed elementor-widget elementor-widget-text-editor\" data-id=\"25d50ed\" data-element_type=\"widget\" data-e-type=\"widget\" data-widget_type=\"text-editor.default\">\n\t\t\t\t<div class=\"elementor-widget-container\">\n\t\t\t\t\t\t\t\t\t<p><em>Opastusmaksun lis\u00e4ksi veloitamme ryhm\u00e4hintaiset p\u00e4\u00e4syliput (aikuiset 13 \u20ac\/hl\u00f6, el\u00e4kel\u00e4iset 11 \u20ac\/hl\u00f6, ty\u00f6tt\u00f6m\u00e4t 7 \u20ac\/hl\u00f6). My\u00f6s Museokortti k\u00e4y p\u00e4\u00e4sylippuna!<\/em><\/p><div class=\"clearfix\">\u00a0<\/div>\t\t\t\t\t\t\t\t<\/div>\n\t\t\t\t<\/div>\n\t\t\t\t\t<\/div>\n\t\t<\/div>\n\t\t\t\t\t<\/div>\n\t\t<\/section>\n\t\t\t\t<section class=\"elementor-section elementor-top-section elementor-element elementor-element-9ad67ea elementor-section-boxed elementor-section-height-default elementor-section-height-default\" data-id=\"9ad67ea\" data-element_type=\"section\" data-e-type=\"section\">\n\t\t\t\t\t\t<div class=\"elementor-container elementor-column-gap-default\">\n\t\t\t\t\t<div class=\"elementor-column elementor-col-100 elementor-top-column elementor-element elementor-element-de308f7\" data-id=\"de308f7\" data-element_type=\"column\" data-e-type=\"column\">\n\t\t\t<div class=\"elementor-widget-wrap elementor-element-populated\">\n\t\t\t\t\t\t<div class=\"elementor-element elementor-element-7879066 elementor-widget elementor-widget-text-editor\" data-id=\"7879066\" data-element_type=\"widget\" data-e-type=\"widget\" data-widget_type=\"text-editor.default\">\n\t\t\t\t<div class=\"elementor-widget-container\">\n\t\t\t\t\t\t\t\t\t<h3><span style=\"color: #009cdf;\">Tiedustelut ja varaukset<\/span><\/h3><p>Mobilian asiakaspalvelu puh. (03) 3140 4000<br \/><a class=\"spamspan\" href=\"mailto:asiakaspalvelu@mobilia.fi\">asiakaspalvelu@mobilia.fi<\/a><\/p>\t\t\t\t\t\t\t\t<\/div>\n\t\t\t\t<\/div>\n\t\t\t\t\t<\/div>\n\t\t<\/div>\n\t\t\t\t\t<\/div>\n\t\t<\/section>\n\t\t\t\t<section class=\"elementor-section elementor-top-section elementor-element elementor-element-2eef20f elementor-section-boxed elementor-section-height-default elementor-section-height-default\" data-id=\"2eef20f\" data-element_type=\"section\" data-e-type=\"section\">\n\t\t\t\t\t\t<div class=\"elementor-container elementor-column-gap-default\">\n\t\t\t\t\t<div class=\"elementor-column elementor-col-100 elementor-top-column elementor-element elementor-element-0aadbb6\" data-id=\"0aadbb6\" data-element_type=\"column\" data-e-type=\"column\">\n\t\t\t<div class=\"elementor-widget-wrap elementor-element-populated\">\n\t\t\t\t\t\t<section class=\"elementor-section elementor-inner-section elementor-element elementor-element-5c6796b elementor-section-boxed elementor-section-height-default elementor-section-height-default\" data-id=\"5c6796b\" data-element_type=\"section\" data-e-type=\"section\">\n\t\t\t\t\t\t<div class=\"elementor-container elementor-column-gap-default\">\n\t\t\t\t\t<div class=\"elementor-column elementor-col-50 elementor-inner-column elementor-element elementor-element-1530c2d\" data-id=\"1530c2d\" data-element_type=\"column\" data-e-type=\"column\">\n\t\t\t<div class=\"elementor-widget-wrap elementor-element-populated\">\n\t\t\t\t\t\t<div class=\"elementor-element elementor-element-53d97b7 elementor-widget elementor-widget-text-editor\" data-id=\"53d97b7\" data-element_type=\"widget\" data-e-type=\"widget\" data-widget_type=\"text-editor.default\">\n\t\t\t\t<div class=\"elementor-widget-container\">\n\t\t\t\t\t\t\t\t\t<p><span class=\"custom-sub-header\" style=\"color: #009cdf;\">Mobiiliopastukset<\/span><\/p><div id=\"region-page-top\" class=\"region region-page-top\"><div class=\"region-inner region-page-top-inner\"><div id=\"toolbar\" class=\"toolbar overlay-displace-top clearfix toolbar-processed\"><div class=\"content clearfix\">Sein\u00e4t\u00f6n museo on Suomen Museoliiton tuottama valtakunnallinen palvelu, jonka avulla museoiden tuottamiin sis\u00e4lt\u00f6ihin voi tutustua helposti vaikkapa kotisohvalta k\u00e4sin.<\/div><\/div><\/div><\/div><div id=\"page\" class=\"page clearfix\">\u00a0<\/div><section id=\"section-content\" class=\"section section-content\"><div id=\"zone-content-wrapper\" class=\"zone-wrapper zone-content-wrapper clearfix\"><div id=\"zone-content\" class=\"zone zone-content clearfix container-12\"><div id=\"region-content\" class=\"grid-8 push-4 region region-content\"><div class=\"region-inner region-content-inner\"><div id=\"block-system-main\" class=\"block block-system block-main block-system-main even block-without-title\"><div class=\"block-inner clearfix\"><div class=\"content clearfix\"><article id=\"node-kuvagalleria-276\" class=\"node node-kuvagalleria node-published node-not-promoted node-not-sticky author-petrak odd clearfix\"><div class=\"content clearfix\"><div class=\"field field-name-body field-type-text-with-summary field-label-hidden\"><div class=\"field-items\"><div class=\"field-item even\"><p>Liikkeelle, sanoi Kekkonen -n\u00e4yttelyn mobiilioppaasta l\u00f6yd\u00e4t hauskan liikenneturvallisuuden historiasta kertovan kilpailun, ennen julkaisemattomia kuvia Suomen ensimm\u00e4isen moottoritien Tarvontien rakentamisesta, El\u00e4v\u00e4n arkiston helmi\u00e4 sek\u00e4 kuvia n\u00e4yttelyss\u00e4 esill\u00e4 olevan Ty\u00f6terveyslaitoksen Klinikkabussin entis\u00f6innist\u00e4.<\/p><p>Autot &amp; Helsinki -n\u00e4yttelyn mobiilioppaasta voit kuunnella edesmenneen elokuvatutkijan Peter von Baghin esipuheen n\u00e4yttelyyn.<\/p><p>L\u00e4hde matkalle Mobilian Sein\u00e4tt\u00f6m\u00e4\u00e4n museoon klikkaamalla itsesi Tarinasoittimeen alla olevasta linkist\u00e4!<\/p><h3><a href=\"http:\/\/www.tarinasoitin.fi\/mobilia\" target=\"_blank\" rel=\"noopener\">www.tarinasoitin.fi\/mobilia<\/a><\/h3><\/div><\/div><\/div><\/div><\/article><\/div><\/div><\/div><\/div><\/div><\/div><\/div><\/section>\t\t\t\t\t\t\t\t<\/div>\n\t\t\t\t<\/div>\n\t\t\t\t\t<\/div>\n\t\t<\/div>\n\t\t\t\t<div class=\"elementor-column elementor-col-50 elementor-inner-column elementor-element elementor-element-e6c7d8f\" data-id=\"e6c7d8f\" data-element_type=\"column\" data-e-type=\"column\">\n\t\t\t<div class=\"elementor-widget-wrap elementor-element-populated\">\n\t\t\t\t\t\t<div class=\"elementor-element elementor-element-69be1c6 elementor-widget elementor-widget-image\" data-id=\"69be1c6\" data-element_type=\"widget\" data-e-type=\"widget\" data-widget_type=\"image.default\">\n\t\t\t\t<div class=\"elementor-widget-container\">\n\t\t\t\t\t\t\t\t\t\t\t\t\t\t\t<img loading=\"lazy\" decoding=\"async\" width=\"1593\" height=\"822\" src=\"https:\/\/mobilia.fi\/wp-content\/uploads\/2020\/09\/seinaton_museo_vaaka4v.jpg\" class=\"attachment-full size-full wp-image-1298\" alt=\"Sein\u00e4t\u00f6n museo -palvelun logo on punainen paikkamerkki jossa on valkoinen m-kirjain.\" srcset=\"https:\/\/mobilia.fi\/wp-content\/uploads\/2020\/09\/seinaton_museo_vaaka4v.jpg 1593w, https:\/\/mobilia.fi\/wp-content\/uploads\/2020\/09\/seinaton_museo_vaaka4v-300x155.jpg 300w, https:\/\/mobilia.fi\/wp-content\/uploads\/2020\/09\/seinaton_museo_vaaka4v-1024x528.jpg 1024w, https:\/\/mobilia.fi\/wp-content\/uploads\/2020\/09\/seinaton_museo_vaaka4v-768x396.jpg 768w, https:\/\/mobilia.fi\/wp-content\/uploads\/2020\/09\/seinaton_museo_vaaka4v-1536x793.jpg 1536w\" sizes=\"(max-width: 1593px) 100vw, 1593px\" \/>\t\t\t\t\t\t\t\t\t\t\t\t\t\t\t<\/div>\n\t\t\t\t<\/div>\n\t\t\t\t\t<\/div>\n\t\t<\/div>\n\t\t\t\t\t<\/div>\n\t\t<\/section>\n\t\t\t\t\t<\/div>\n\t\t<\/div>\n\t\t\t\t\t<\/div>\n\t\t<\/section>\n\t\t\t\t<\/div>\n\t\t","protected":false},"excerpt":{"rendered":"<p>Opastukset Tarinoita esineiden takaa Yleis\u00f6opastukset Syyskaudella 2026 yleis\u00f6opastuksia j\u00e4rjestet\u00e4\u00e4n torstai-iltoina klo 17.30. Opastuksille osallistuminen edellyttyy voimassa olevaa museolippua. Lippujen hinnat l\u00f6yd\u00e4t t\u00e4\u00e4lt\u00e4. Torstai-iltojen opastusten teemat vaihtelevat:3.9. Tarinoita siirtoty\u00f6mailta (ei esteet\u00f6n)10.9. Tarinoita siirtoty\u00f6mailta (ei esteet\u00f6n)17.9. Retki museon uumeniin (ei esteet\u00f6n, mahdollisuus ennakkovaraukseen)24.9. Retki museon uumeniin (ei esteet\u00f6n, mahdollisuus ennakkovaraukseen) Retkelle museon uumeniin mahtuu vain rajallinen m\u00e4\u00e4r\u00e4 [&hellip;]<\/p>\n","protected":false},"author":1,"featured_media":1229,"parent":29,"menu_order":5,"comment_status":"closed","ping_status":"closed","template":"","meta":{"_acf_changed":false,"inline_featured_image":false,"footnotes":""},"class_list":["post-725","page","type-page","status-publish","has-post-thumbnail","hentry"],"acf":[],"_links":{"self":[{"href":"https:\/\/mobilia.fi\/fi\/wp-json\/wp\/v2\/pages\/725","targetHints":{"allow":["GET"]}}],"collection":[{"href":"https:\/\/mobilia.fi\/fi\/wp-json\/wp\/v2\/pages"}],"about":[{"href":"https:\/\/mobilia.fi\/fi\/wp-json\/wp\/v2\/types\/page"}],"author":[{"embeddable":true,"href":"https:\/\/mobilia.fi\/fi\/wp-json\/wp\/v2\/users\/1"}],"replies":[{"embeddable":true,"href":"https:\/\/mobilia.fi\/fi\/wp-json\/wp\/v2\/comments?post=725"}],"version-history":[{"count":120,"href":"https:\/\/mobilia.fi\/fi\/wp-json\/wp\/v2\/pages\/725\/revisions"}],"predecessor-version":[{"id":17438,"href":"https:\/\/mobilia.fi\/fi\/wp-json\/wp\/v2\/pages\/725\/revisions\/17438"}],"up":[{"embeddable":true,"href":"https:\/\/mobilia.fi\/fi\/wp-json\/wp\/v2\/pages\/29"}],"wp:featuredmedia":[{"embeddable":true,"href":"https:\/\/mobilia.fi\/fi\/wp-json\/wp\/v2\/media\/1229"}],"wp:attachment":[{"href":"https:\/\/mobilia.fi\/fi\/wp-json\/wp\/v2\/media?parent=725"}],"curies":[{"name":"wp","href":"https:\/\/api.w.org\/{rel}","templated":true}]}}