{"id":9119,"date":"2020-03-26T12:08:44","date_gmt":"2023-02-10T06:55:44","guid":{"rendered":"https:\/\/mobilia.fi\/?page_id=9119"},"modified":"2025-11-28T12:58:31","modified_gmt":"2025-11-28T10:58:31","slug":"vastuullisuus","status":"publish","type":"page","link":"https:\/\/mobilia.fi\/fi\/vieraile\/vastuullisuus\/","title":{"rendered":"Vastuullisuus"},"content":{"rendered":"\t\t<div data-elementor-type=\"wp-page\" data-elementor-id=\"9119\" class=\"elementor elementor-9119\" data-elementor-post-type=\"page\">\n\t\t\t\t\t\t<section class=\"elementor-section elementor-top-section elementor-element elementor-element-c63a3f8 elementor-section-height-min-height elementor-section-boxed elementor-section-height-default elementor-section-items-middle\" data-id=\"c63a3f8\" data-element_type=\"section\" data-e-type=\"section\" data-settings=\"{&quot;background_background&quot;:&quot;classic&quot;}\">\n\t\t\t\t\t\t\t<div class=\"elementor-background-overlay\"><\/div>\n\t\t\t\t\t\t\t<div class=\"elementor-container elementor-column-gap-default\">\n\t\t\t\t\t<div class=\"elementor-column elementor-col-100 elementor-top-column elementor-element elementor-element-d69f88a\" data-id=\"d69f88a\" data-element_type=\"column\" data-e-type=\"column\">\n\t\t\t<div class=\"elementor-widget-wrap elementor-element-populated\">\n\t\t\t\t\t\t<div class=\"elementor-element elementor-element-6ba8e8f elementor-widget elementor-widget-text-editor\" data-id=\"6ba8e8f\" data-element_type=\"widget\" data-e-type=\"widget\" data-widget_type=\"text-editor.default\">\n\t\t\t\t<div class=\"elementor-widget-container\">\n\t\t\t\t\t\t\t\t\t<h1>Vastuullisuus<\/h1><p>Yhdess\u00e4 kohti kest\u00e4v\u00e4mp\u00e4\u00e4 tulevaisuutta<\/p>\t\t\t\t\t\t\t\t<\/div>\n\t\t\t\t<\/div>\n\t\t\t\t\t<\/div>\n\t\t<\/div>\n\t\t\t\t\t<\/div>\n\t\t<\/section>\n\t\t\t\t<section class=\"elementor-section elementor-top-section elementor-element elementor-element-bbc9600 elementor-section-boxed elementor-section-height-default elementor-section-height-default\" data-id=\"bbc9600\" data-element_type=\"section\" data-e-type=\"section\">\n\t\t\t\t\t\t<div class=\"elementor-container elementor-column-gap-default\">\n\t\t\t\t\t<div class=\"elementor-column elementor-col-100 elementor-top-column elementor-element elementor-element-1b7ee4e\" data-id=\"1b7ee4e\" data-element_type=\"column\" data-e-type=\"column\">\n\t\t\t<div class=\"elementor-widget-wrap elementor-element-populated\">\n\t\t\t\t\t\t<div class=\"elementor-element elementor-element-3f33833 elementor-widget elementor-widget-text-editor\" data-id=\"3f33833\" data-element_type=\"widget\" data-e-type=\"widget\" data-widget_type=\"text-editor.default\">\n\t\t\t\t<div class=\"elementor-widget-container\">\n\t\t\t\t\t\t\t\t\t<p>Mobilia on strategiassaan sitoutunut hiilidioksidip\u00e4\u00e4st\u00f6jen v\u00e4hent\u00e4mistavoitteeseen. Henkil\u00f6kunta perehdytet\u00e4\u00e4n toimimaan Mobilian arvojen ja Ekokompassi-ymp\u00e4rist\u00f6j\u00e4rjestelm\u00e4n lupausten mukaisesti. Toimintaa arvioidaan ja parannetaan jatkuvasti vastuullisuustavoitteiden saavuttamiseksi.\u00a0<\/p>\t\t\t\t\t\t\t\t<\/div>\n\t\t\t\t<\/div>\n\t\t\t\t\t<\/div>\n\t\t<\/div>\n\t\t\t\t\t<\/div>\n\t\t<\/section>\n\t\t\t\t<section class=\"elementor-section elementor-top-section elementor-element elementor-element-18af14e elementor-section-boxed elementor-section-height-default elementor-section-height-default\" data-id=\"18af14e\" data-element_type=\"section\" data-e-type=\"section\">\n\t\t\t\t\t\t<div class=\"elementor-container elementor-column-gap-default\">\n\t\t\t\t\t<div class=\"elementor-column elementor-col-50 elementor-top-column elementor-element elementor-element-2364a7b\" data-id=\"2364a7b\" data-element_type=\"column\" data-e-type=\"column\">\n\t\t\t<div class=\"elementor-widget-wrap elementor-element-populated\">\n\t\t\t\t\t\t<div class=\"elementor-element elementor-element-ebda6bb elementor-widget elementor-widget-text-editor\" data-id=\"ebda6bb\" data-element_type=\"widget\" data-e-type=\"widget\" data-widget_type=\"text-editor.default\">\n\t\t\t\t<div class=\"elementor-widget-container\">\n\t\t\t\t\t\t\t\t\t<h3><span style=\"color: #009cdf;\">Vastuullisen matkailun merkki<\/span><\/h3><p>Syksyll\u00e4 2023 Mobilialle my\u00f6nnettiin kest\u00e4v\u00e4n matkailun\u00a0 <a href=\"https:\/\/www.businessfinland.fi\/suomalaisille-asiakkaille\/palvelut\/matkailun-edistaminen\/vastuullisuus\/sustainable-travel-finland\" target=\"_blank\" rel=\"noopener\">Sustainable Travel Finland<\/a> -merkin k\u00e4ytt\u00f6oikeus osoituksena arvokkaasta ja pitk\u00e4j\u00e4nteisest\u00e4 ty\u00f6st\u00e4 kest\u00e4v\u00e4n matkailun eteen. STF-merkin my\u00f6nt\u00e4\u00e4 Visit Finland, ja sen saaneita matkailukohteita on Suomessa reilut 350 kappaletta. Pirkanmaalla kohteita on vasta 14.<\/p><p>\u2013 Kest\u00e4v\u00e4 matkailu tuo l\u00e4hiymp\u00e4rist\u00f6\u00f6n ty\u00f6t\u00e4 ja hyvinvointia sek\u00e4 vet\u00e4\u00e4 puoleensa matkailijoita, jotka haluavat kunnioittaa paikallista kulttuuria ja ymp\u00e4rist\u00f6\u00e4 sek\u00e4 tukea alueen taloutta. Sustainable Travel Finland -merkki on konkreettinen osoitus siit\u00e4, ett\u00e4 Mobilia on sitoutunut vastuulliseen toimintaan ja tekee konkreettisia kest\u00e4v\u00e4n kehityksen mukaisia toimenpiteit\u00e4, Visit Finlandin kest\u00e4v\u00e4n matkailun asiantuntija Liisa Kokkarinen kiitt\u00e4\u00e4.<\/p>\t\t\t\t\t\t\t\t<\/div>\n\t\t\t\t<\/div>\n\t\t\t\t\t<\/div>\n\t\t<\/div>\n\t\t\t\t<div class=\"elementor-column elementor-col-50 elementor-top-column elementor-element elementor-element-9db4a70\" data-id=\"9db4a70\" data-element_type=\"column\" data-e-type=\"column\">\n\t\t\t<div class=\"elementor-widget-wrap elementor-element-populated\">\n\t\t\t\t\t\t<div class=\"elementor-element elementor-element-5945ba9 elementor-widget elementor-widget-image\" data-id=\"5945ba9\" data-element_type=\"widget\" data-e-type=\"widget\" data-widget_type=\"image.default\">\n\t\t\t\t<div class=\"elementor-widget-container\">\n\t\t\t\t\t\t\t\t\t\t\t\t\t\t\t<img fetchpriority=\"high\" decoding=\"async\" width=\"800\" height=\"403\" src=\"https:\/\/mobilia.fi\/wp-content\/uploads\/2023\/10\/Sustainable_Finland_Label_jpg-1024x516.jpg\" class=\"attachment-large size-large wp-image-11176\" alt=\"Vastuullisen matkailun Sustainable Travel Finland logo, jossa on tekstin vieress\u00e4 ympyr\u00e4ss\u00e4 tyylitelty, vihre\u00e4 lehti.\" srcset=\"https:\/\/mobilia.fi\/wp-content\/uploads\/2023\/10\/Sustainable_Finland_Label_jpg-1024x516.jpg 1024w, https:\/\/mobilia.fi\/wp-content\/uploads\/2023\/10\/Sustainable_Finland_Label_jpg-300x151.jpg 300w, https:\/\/mobilia.fi\/wp-content\/uploads\/2023\/10\/Sustainable_Finland_Label_jpg-768x387.jpg 768w, https:\/\/mobilia.fi\/wp-content\/uploads\/2023\/10\/Sustainable_Finland_Label_jpg-1536x775.jpg 1536w, https:\/\/mobilia.fi\/wp-content\/uploads\/2023\/10\/Sustainable_Finland_Label_jpg-2048x1033.jpg 2048w\" sizes=\"(max-width: 800px) 100vw, 800px\" \/>\t\t\t\t\t\t\t\t\t\t\t\t\t\t\t<\/div>\n\t\t\t\t<\/div>\n\t\t\t\t\t<\/div>\n\t\t<\/div>\n\t\t\t\t\t<\/div>\n\t\t<\/section>\n\t\t\t\t<section class=\"elementor-section elementor-top-section elementor-element elementor-element-0aebdf5 elementor-section-boxed elementor-section-height-default elementor-section-height-default\" data-id=\"0aebdf5\" data-element_type=\"section\" data-e-type=\"section\">\n\t\t\t\t\t\t<div class=\"elementor-container elementor-column-gap-default\">\n\t\t\t\t\t<div class=\"elementor-column elementor-col-66 elementor-top-column elementor-element elementor-element-6dfff67\" data-id=\"6dfff67\" data-element_type=\"column\" data-e-type=\"column\">\n\t\t\t<div class=\"elementor-widget-wrap elementor-element-populated\">\n\t\t\t\t\t\t<div class=\"elementor-element elementor-element-260af53 elementor-widget elementor-widget-text-editor\" data-id=\"260af53\" data-element_type=\"widget\" data-e-type=\"widget\" data-widget_type=\"text-editor.default\">\n\t\t\t\t<div class=\"elementor-widget-container\">\n\t\t\t\t\t\t\t\t\t<h3><span style=\"color: #009cdf;\">Ekokompassi<\/span><\/h3><p>Mobilian ymp\u00e4rist\u00f6ty\u00f6t\u00e4 ohjaa <a href=\"https:\/\/ekokompassi.fi\/\" target=\"_blank\" rel=\"noopener\">Ekokompassi<\/a>-ymp\u00e4rist\u00f6j\u00e4rjestelm\u00e4, jossa organisaation toiminnan ymp\u00e4rist\u00f6vaikutukset arvioidaan kokonaisvaltaisesti. Ymp\u00e4rist\u00f6vastuun osa-alueet ovat j\u00e4tehuolto, energiank\u00e4ytt\u00f6, hankinnat, materiaalink\u00e4ytt\u00f6, kemikaalit, melu, logistiikka ja liikkuminen, viestint\u00e4, vaikuttaminen ja luonnon monimuotoisuus. J\u00e4rjestelm\u00e4 pohjautuu kansainv\u00e4liseen ISO 14001 -standardiin.<\/p><p>Mobilia sai Ekokompassi-sertifikaatin alkuvuodesta 2023. Mobilian ensimm\u00e4isen kolmevuotisen ymp\u00e4rist\u00f6ohjelmakauden tavoitteet liittyv\u00e4t j\u00e4tteen m\u00e4\u00e4r\u00e4n v\u00e4hent\u00e4miseen, lajitteluun sek\u00e4 kierr\u00e4tt\u00e4miseen, energiatehokkuuteen ja uusiutuvaan energiaan, logistiikkaan ja liikkumiseen sek\u00e4 vastuullisuudesta viestimiseen.<\/p><p>Tavoitteisiin edet\u00e4\u00e4n muun muassa j\u00e4tteiden lajittelulla, n\u00e4yttelyrakennus- sek\u00e4 pakkausmateriaalien uusiok\u00e4yt\u00f6ll\u00e4, et\u00e4ty\u00f6n mahdollistamisella ja et\u00e4kokouksien suosimisella, s\u00e4hk\u00f6auton latausmahdollisuudella\u00a0 ja matkustamistarpeiden tarkalla harkinnalla sek\u00e4 kannustamalla asiakkaita hy\u00f6dynt\u00e4m\u00e4\u00e4n julkista liikennett\u00e4 ja py\u00f6r\u00e4ilem\u00e4\u00e4n yksityisautoilun sijaan. Vastuullisuudesta viestit\u00e4\u00e4n kotisivuilla sek\u00e4 aktiivisesti muussa viestinn\u00e4ss\u00e4 niin asiakkaille kuin yhteisty\u00f6kumppaneille.<\/p>\t\t\t\t\t\t\t\t<\/div>\n\t\t\t\t<\/div>\n\t\t\t\t\t<\/div>\n\t\t<\/div>\n\t\t\t\t<div class=\"elementor-column elementor-col-33 elementor-top-column elementor-element elementor-element-343c7c6\" data-id=\"343c7c6\" data-element_type=\"column\" data-e-type=\"column\">\n\t\t\t<div class=\"elementor-widget-wrap elementor-element-populated\">\n\t\t\t\t\t\t<div class=\"elementor-element elementor-element-ba3b70b elementor-widget elementor-widget-image\" data-id=\"ba3b70b\" data-element_type=\"widget\" data-e-type=\"widget\" data-widget_type=\"image.default\">\n\t\t\t\t<div class=\"elementor-widget-container\">\n\t\t\t\t\t\t\t\t\t\t\t\t\t\t\t<img decoding=\"async\" width=\"800\" height=\"334\" src=\"https:\/\/mobilia.fi\/wp-content\/uploads\/2023\/02\/Ekokompassi_logo_RGB-1024x427.png\" class=\"attachment-large size-large wp-image-9148\" alt=\"Ekokompassin logo. Kuva on valkoinen, mutta eko-teksti on vihre\u00e4ll\u00e4\" srcset=\"https:\/\/mobilia.fi\/wp-content\/uploads\/2023\/02\/Ekokompassi_logo_RGB-1024x427.png 1024w, https:\/\/mobilia.fi\/wp-content\/uploads\/2023\/02\/Ekokompassi_logo_RGB-300x125.png 300w, https:\/\/mobilia.fi\/wp-content\/uploads\/2023\/02\/Ekokompassi_logo_RGB-768x320.png 768w, https:\/\/mobilia.fi\/wp-content\/uploads\/2023\/02\/Ekokompassi_logo_RGB.png 1200w\" sizes=\"(max-width: 800px) 100vw, 800px\" \/>\t\t\t\t\t\t\t\t\t\t\t\t\t\t\t<\/div>\n\t\t\t\t<\/div>\n\t\t\t\t\t<\/div>\n\t\t<\/div>\n\t\t\t\t\t<\/div>\n\t\t<\/section>\n\t\t\t\t<section class=\"elementor-section elementor-top-section elementor-element elementor-element-94f62a7 elementor-section-boxed elementor-section-height-default elementor-section-height-default\" data-id=\"94f62a7\" data-element_type=\"section\" data-e-type=\"section\">\n\t\t\t\t\t\t<div class=\"elementor-container elementor-column-gap-default\">\n\t\t\t\t\t<div class=\"elementor-column elementor-col-50 elementor-top-column elementor-element elementor-element-1e8fa8c\" data-id=\"1e8fa8c\" data-element_type=\"column\" data-e-type=\"column\">\n\t\t\t<div class=\"elementor-widget-wrap elementor-element-populated\">\n\t\t\t\t\t\t<div class=\"elementor-element elementor-element-bdbad21 elementor-widget elementor-widget-text-editor\" data-id=\"bdbad21\" data-element_type=\"widget\" data-e-type=\"widget\" data-widget_type=\"text-editor.default\">\n\t\t\t\t<div class=\"elementor-widget-container\">\n\t\t\t\t\t\t\t\t\t<h3><span style=\"color: #009cdf;\">Toimia kest\u00e4v\u00e4mm\u00e4n tulevaisuuden eteen<\/span><\/h3><p>Mobilian toimitilojen ymp\u00e4rist\u00f6kuorman pienent\u00e4miseksi on jo tehty toimenpiteit\u00e4.<\/p><p>Vuonna 2014 Kiinteist\u00f6osakeyhti\u00f6 Tieliikennemuseo aloitti siirtymisen ekologiseen energiatalouteen, kun Mobilian alueelle rakennettiin hakevoimalaitos, ja Mobilia siirtyi \u00f6ljyst\u00e4 hakel\u00e4mmitykseen.<\/p><p>Vuonna 2019 kiinteist\u00f6osakeyhti\u00f6 investoi aurinkoenergiaan, kun Mobilian rakennusten katoille asennettiin yhteens\u00e4 450 aurinkopaneelia, yhteispinta-alaltaan 1 152 m\u00b2. Mobilian vuosittaisesta energiantarpeesta aurinkopaneeleilla saadaan katettua noin 16 %. Vuosittain aurinkos\u00e4hk\u00f6 korvaa ostoenergiaa noin 107 000 kWh eli reilun viiden s\u00e4hk\u00f6l\u00e4mmitteisen omakotitalon vuosikulutuksen verran. Aurinkoenergian k\u00e4ytt\u00f6\u00f6notolla v\u00e4hennet\u00e4\u00e4n Mobilian hiilidioksidip\u00e4\u00e4st\u00f6j\u00e4 vuosittain arviolta 27 600 kg.<\/p><p>Lis\u00e4ksi toimitiloissa on otettu k\u00e4ytt\u00f6\u00f6n led-valaistus ja uusittu ilmanvaihtokoneisto 2021. Kiinteist\u00f6jen energiatehokkuuden seuraamista jatketaan, ja Mobilia etsii yhdess\u00e4 kiinteist\u00f6yhti\u00f6n kanssa uusia tapoja parantaa energiatehokkuutta. Seuraavaksi selvitett\u00e4v\u00e4n\u00e4 on p\u00e4\u00e4rakennuksen ikkunoiden uusimistarve.<\/p><p>Mobiliassa on tehty t\u00f6it\u00e4 monipuolisen saapumisen helpottamiseksi alueelle. Valitettavasti joukkoliikenne ei palvele Mobiliaa, mutta polkupy\u00f6ri\u00e4 varten on polkupy\u00f6r\u00e4telineet sek\u00e4 polkupy\u00f6rien huoltopylv\u00e4s. Mobilialla on <a href=\"https:\/\/www.bikeland.fi\/welcome-cyclist\/\" target=\"_blank\" rel=\"noopener\">Welcome Cyclists<\/a> -sertifikaatti, joka takaa py\u00f6r\u00e4ilij\u00e4yst\u00e4v\u00e4llist\u00e4 palvelua.<\/p><p>Vesiteitse L\u00e4ngelm\u00e4vedelt\u00e4 rantaan saapuville on tarjolla vierasvenesatama. Satamapalveluita yll\u00e4pit\u00e4\u00e4 <a href=\"https:\/\/kesapaivanpursiseura.nettisivut.fi\/\" target=\"_blank\" rel=\"noopener\">Kes\u00e4p\u00e4iv\u00e4n Pursiseura<\/a>.<\/p><p>Mobiliassa on sijainnut vuodesta 2023 Autoliiton latauspiste s\u00e4hk\u00f6autoille.<\/p>\t\t\t\t\t\t\t\t<\/div>\n\t\t\t\t<\/div>\n\t\t\t\t\t<\/div>\n\t\t<\/div>\n\t\t\t\t<div class=\"elementor-column elementor-col-50 elementor-top-column elementor-element elementor-element-400239c\" data-id=\"400239c\" data-element_type=\"column\" data-e-type=\"column\">\n\t\t\t<div class=\"elementor-widget-wrap elementor-element-populated\">\n\t\t\t\t\t\t<div class=\"elementor-element elementor-element-ff56b16 elementor-widget elementor-widget-image\" data-id=\"ff56b16\" data-element_type=\"widget\" data-e-type=\"widget\" data-widget_type=\"image.default\">\n\t\t\t\t<div class=\"elementor-widget-container\">\n\t\t\t\t\t\t\t\t\t\t\t\t\t\t\t<img decoding=\"async\" width=\"800\" height=\"450\" src=\"https:\/\/mobilia.fi\/wp-content\/uploads\/2023\/02\/aurinkopaneelit-1024x576.jpg\" class=\"attachment-large size-large wp-image-9140\" alt=\"Vihre\u00e4ss\u00e4 maisemassa sininen museorakennus, jonka aurinkoisimman osan katolla paljon aurinkopaneeleja.\" srcset=\"https:\/\/mobilia.fi\/wp-content\/uploads\/2023\/02\/aurinkopaneelit-1024x576.jpg 1024w, https:\/\/mobilia.fi\/wp-content\/uploads\/2023\/02\/aurinkopaneelit-300x169.jpg 300w, https:\/\/mobilia.fi\/wp-content\/uploads\/2023\/02\/aurinkopaneelit-768x432.jpg 768w, https:\/\/mobilia.fi\/wp-content\/uploads\/2023\/02\/aurinkopaneelit-1536x863.jpg 1536w, https:\/\/mobilia.fi\/wp-content\/uploads\/2023\/02\/aurinkopaneelit.jpg 1626w\" sizes=\"(max-width: 800px) 100vw, 800px\" \/>\t\t\t\t\t\t\t\t\t\t\t\t\t\t\t<\/div>\n\t\t\t\t<\/div>\n\t\t\t\t\t<\/div>\n\t\t<\/div>\n\t\t\t\t\t<\/div>\n\t\t<\/section>\n\t\t\t\t<\/div>\n\t\t","protected":false},"excerpt":{"rendered":"<p>Vastuullisuus Yhdess\u00e4 kohti kest\u00e4v\u00e4mp\u00e4\u00e4 tulevaisuutta Mobilia on strategiassaan sitoutunut hiilidioksidip\u00e4\u00e4st\u00f6jen v\u00e4hent\u00e4mistavoitteeseen. Henkil\u00f6kunta perehdytet\u00e4\u00e4n toimimaan Mobilian arvojen ja Ekokompassi-ymp\u00e4rist\u00f6j\u00e4rjestelm\u00e4n lupausten mukaisesti. Toimintaa arvioidaan ja parannetaan jatkuvasti vastuullisuustavoitteiden saavuttamiseksi.\u00a0 Vastuullisen matkailun merkki Syksyll\u00e4 2023 Mobilialle my\u00f6nnettiin kest\u00e4v\u00e4n matkailun\u00a0 Sustainable Travel Finland -merkin k\u00e4ytt\u00f6oikeus osoituksena arvokkaasta ja pitk\u00e4j\u00e4nteisest\u00e4 ty\u00f6st\u00e4 kest\u00e4v\u00e4n matkailun eteen. STF-merkin my\u00f6nt\u00e4\u00e4 Visit Finland, ja sen [&hellip;]<\/p>\n","protected":false},"author":2,"featured_media":416,"parent":29,"menu_order":1,"comment_status":"closed","ping_status":"closed","template":"","meta":{"_acf_changed":false,"inline_featured_image":false,"footnotes":""},"class_list":["post-9119","page","type-page","status-publish","has-post-thumbnail","hentry"],"acf":[],"_links":{"self":[{"href":"https:\/\/mobilia.fi\/fi\/wp-json\/wp\/v2\/pages\/9119","targetHints":{"allow":["GET"]}}],"collection":[{"href":"https:\/\/mobilia.fi\/fi\/wp-json\/wp\/v2\/pages"}],"about":[{"href":"https:\/\/mobilia.fi\/fi\/wp-json\/wp\/v2\/types\/page"}],"author":[{"embeddable":true,"href":"https:\/\/mobilia.fi\/fi\/wp-json\/wp\/v2\/users\/2"}],"replies":[{"embeddable":true,"href":"https:\/\/mobilia.fi\/fi\/wp-json\/wp\/v2\/comments?post=9119"}],"version-history":[{"count":9,"href":"https:\/\/mobilia.fi\/fi\/wp-json\/wp\/v2\/pages\/9119\/revisions"}],"predecessor-version":[{"id":16108,"href":"https:\/\/mobilia.fi\/fi\/wp-json\/wp\/v2\/pages\/9119\/revisions\/16108"}],"up":[{"embeddable":true,"href":"https:\/\/mobilia.fi\/fi\/wp-json\/wp\/v2\/pages\/29"}],"wp:featuredmedia":[{"embeddable":true,"href":"https:\/\/mobilia.fi\/fi\/wp-json\/wp\/v2\/media\/416"}],"wp:attachment":[{"href":"https:\/\/mobilia.fi\/fi\/wp-json\/wp\/v2\/media?parent=9119"}],"curies":[{"name":"wp","href":"https:\/\/api.w.org\/{rel}","templated":true}]}}